{"id":10608,"date":"2024-10-29T21:56:58","date_gmt":"2024-10-29T21:56:58","guid":{"rendered":"https:\/\/eventoscicloderiesgo.com\/?page_id=10608"},"modified":"2024-11-05T14:47:52","modified_gmt":"2024-11-05T14:47:52","slug":"memorias-business-coffe-guatemala","status":"publish","type":"page","link":"https:\/\/eventoscicloderiesgo.com\/old\/memorias-business-coffe-guatemala\/","title":{"rendered":"Memorias Business Coffe Guatemala"},"content":{"rendered":"<p>[et_pb_section fb_built=\u00bb1&#8243; _builder_version=\u00bb4.16&#8243; use_background_color_gradient=\u00bbon\u00bb background_color_gradient_stops=\u00bb#ffffff 15%|#e2e2e2 31%\u00bb background_color_gradient_start=\u00bb#ffffff\u00bb background_color_gradient_start_position=\u00bb15%\u00bb background_color_gradient_end=\u00bb#e2e2e2&#8243; background_color_gradient_end_position=\u00bb31%\u00bb custom_padding=\u00bb3px|0px|110px|0px|false|false\u00bb da_disable_devices=\u00bboff|off|off\u00bb global_colors_info=\u00bb{}\u00bb da_is_popup=\u00bboff\u00bb da_exit_intent=\u00bboff\u00bb da_has_close=\u00bbon\u00bb da_alt_close=\u00bboff\u00bb da_dark_close=\u00bboff\u00bb da_not_modal=\u00bbon\u00bb da_is_singular=\u00bboff\u00bb da_with_loader=\u00bboff\u00bb da_has_shadow=\u00bbon\u00bb][et_pb_row column_structure=\u00bb3_5,2_5&#8243; _builder_version=\u00bb4.16&#8243; global_colors_info=\u00bb{}\u00bb][et_pb_column type=\u00bb3_5&#8243; _builder_version=\u00bb4.16&#8243; custom_padding=\u00bb|||\u00bb global_colors_info=\u00bb{}\u00bb custom_padding__hover=\u00bb|||\u00bb][et_pb_image src=\u00bbhttps:\/\/eventoscicloderiesgo.com\/old\/wp-content\/uploads\/2024\/10\/Captura-de-pantalla-2024-10-29-a-las-3.58.28\u202fp.-m.png\u00bb title_text=\u00bbCaptura de pantalla 2024-10-29 a la(s) 3.58.28\u202fp. m.\u00bb show_bottom_space=\u00bboff\u00bb align=\u00bbcenter\u00bb align_tablet=\u00bbcenter\u00bb align_phone=\u00bb\u00bb align_last_edited=\u00bbon|desktop\u00bb _builder_version=\u00bb4.27.2&#8243; global_colors_info=\u00bb{}\u00bb][\/et_pb_image][\/et_pb_column][et_pb_column type=\u00bb2_5&#8243; _builder_version=\u00bb4.16&#8243; custom_padding=\u00bb|||\u00bb global_colors_info=\u00bb{}\u00bb custom_padding__hover=\u00bb|||\u00bb][et_pb_text _builder_version=\u00bb4.19.4&#8243; text_font=\u00bb||||||||\u00bb header_font=\u00bb|700||on|||||\u00bb header_font_size=\u00bb56px\u00bb custom_margin=\u00bb68px||\u00bb global_colors_info=\u00bb{}\u00bb]<\/p>\n<h1>Memorias Del Evento<\/h1>\n<p>&nbsp;<\/p>\n<p>[\/et_pb_text][et_pb_divider divider_weight=\u00bb5px\u00bb _builder_version=\u00bb4.16&#8243; global_colors_info=\u00bb{}\u00bb][\/et_pb_divider][\/et_pb_column][\/et_pb_row][et_pb_row column_structure=\u00bb3_4,1_4&#8243; use_custom_gutter=\u00bbon\u00bb gutter_width=\u00bb2&#8243; _builder_version=\u00bb4.16&#8243; module_alignment=\u00bbcenter\u00bb custom_padding=\u00bb|0px|0|0px|false|false\u00bb global_colors_info=\u00bb{}\u00bb][et_pb_column type=\u00bb3_4&#8243; _builder_version=\u00bb4.16&#8243; custom_padding=\u00bb|||\u00bb global_colors_info=\u00bb{}\u00bb custom_padding__hover=\u00bb|||\u00bb][et_pb_blurb use_icon=\u00bbon\u00bb font_icon=\u00bb&#x45;||divi||400&#8243; icon_placement=\u00bbleft\u00bb image_icon_width=\u00bb54px\u00bb _builder_version=\u00bb4.19.4&#8243; header_font_size=\u00bb19px\u00bb body_font_size=\u00bb15px\u00bb custom_padding=\u00bb||30px\u00bb icon_font_size=\u00bb54px\u00bb global_colors_info=\u00bb{}\u00bb]<\/p>\n<div class=\"page\" title=\"Page 1\">\n<div class=\"section\">\n<div class=\"layoutArea\">\n<div class=\"column\">\n<div class=\"page\" title=\"Page 2\">\n<div class=\"section\">\n<div class=\"layoutArea\">\n<div class=\"column\">\n<p><span>CREDIT &amp; DISRUPTIONS: Gestio\u0301n estrate\u0301gica del Riesgo de Cre\u0301dito en el nuevo entorno \u201cPhygital\u201d (DATA &amp; Human &amp; Digital)<\/span><\/p>\n<p><span><\/span><\/p>\n<\/div>\n<\/div>\n<\/div>\n<\/div>\n<p><strong><span style=\"color: #660000;\">&#8211; <\/span><\/strong><span style=\"color: #660000; font-size: 15px;\"><strong>karen Ga\u0301ndara<\/strong>, Vicepresidente de Ciclo de Riesgo del Banco Industrial<\/span><\/p>\n<p><span style=\"color: #660000;\"><strong>&#8211; <\/strong><span style=\"font-size: 15px;\"><strong>Alejandro Flores<\/strong>, <\/span><span style=\"font-size: 15px;\">Vicepresidente de Estrategia en Grupo Financiero G&amp;T Continental<\/span><\/span><\/p>\n<p><span style=\"color: #660000;\"><strong>&#8211; Beatriz \u00a0Villa<\/strong>, Directora de la Revista Ciclo de Riesgo LATAM<span style=\"font-size: 15px;\"><\/span><\/span><\/p>\n<p><span style=\"color: #660000; font-size: 15px;\"><\/span><\/p>\n<\/div>\n<\/div>\n<\/div>\n<\/div>\n<p>[\/et_pb_blurb][et_pb_code _builder_version=\u00bb4.16&#8243; global_colors_info=\u00bb{}\u00bb]<script><!-- [et_pb_line_break_holder] -->jQuery(function(){<!-- [et_pb_line_break_holder] -->  jQuery(\"#inversion\").click(function(){<!-- [et_pb_line_break_holder] -->    jQuery(\"#popup\").css(\"display\", \"block\");<!-- [et_pb_line_break_holder] -->  });<!-- [et_pb_line_break_holder] -->  <!-- [et_pb_line_break_holder] -->  jQuery(\"#close\").click(function(){<!-- [et_pb_line_break_holder] -->    jQuery(\"#popup\").css(\"display\", \"none\");<!-- [et_pb_line_break_holder] -->  });<!-- [et_pb_line_break_holder] -->  <!-- [et_pb_line_break_holder] -->});<!-- [et_pb_line_break_holder] --><\/script>[\/et_pb_code][\/et_pb_column][et_pb_column type=\u00bb1_4&#8243; _builder_version=\u00bb4.16&#8243; custom_padding=\u00bb|||\u00bb global_colors_info=\u00bb{}\u00bb custom_padding__hover=\u00bb|||\u00bb][et_pb_button button_url=\u00bbhttps:\/\/youtu.be\/-CQfjSSCl-8&#8243; url_new_window=\u00bbon\u00bb button_text=\u00bbVideo\u00bb _builder_version=\u00bb4.27.2&#8243; custom_button=\u00bbon\u00bb button_text_size=\u00bb16px\u00bb button_text_color=\u00bb#005794&#8243; button_bg_use_color_gradient=\u00bbon\u00bb button_bg_color_gradient_stops=\u00bbrgba(229,22,0,0) 0%|rgba(221,144,0,0) 100%\u00bb button_bg_color_gradient_start=\u00bbrgba(229,22,0,0)\u00bb button_bg_color_gradient_end=\u00bbrgba(221,144,0,0)\u00bb button_border_radius=\u00bb8px\u00bb button_font=\u00bb||||||||\u00bb button_icon=\u00bb&#x22;||divi||400&#8243; button_on_hover=\u00bboff\u00bb box_shadow_style=\u00bbpreset3&#8243; global_colors_info=\u00bb{}\u00bb][\/et_pb_button][\/et_pb_column][\/et_pb_row][et_pb_row column_structure=\u00bb3_4,1_4&#8243; use_custom_gutter=\u00bbon\u00bb gutter_width=\u00bb2&#8243; _builder_version=\u00bb4.16&#8243; module_alignment=\u00bbcenter\u00bb custom_padding=\u00bb|0px|0|0px|false|false\u00bb global_colors_info=\u00bb{}\u00bb][et_pb_column type=\u00bb3_4&#8243; _builder_version=\u00bb4.16&#8243; custom_padding=\u00bb|||\u00bb global_colors_info=\u00bb{}\u00bb custom_padding__hover=\u00bb|||\u00bb][et_pb_blurb use_icon=\u00bbon\u00bb font_icon=\u00bb&#x45;||divi||400&#8243; icon_placement=\u00bbleft\u00bb image_icon_width=\u00bb54px\u00bb _builder_version=\u00bb4.16&#8243; header_font_size=\u00bb19px\u00bb body_font_size=\u00bb15px\u00bb custom_padding=\u00bb0px||30px|||\u00bb icon_font_size=\u00bb54px\u00bb global_colors_info=\u00bb{}\u00bb]<\/p>\n<div class=\"page\" title=\"Page 1\">\n<div class=\"section\">\n<div class=\"layoutArea\">\n<div class=\"column\">\n<p>Llevando la toma de decisiones a otro nivel en los Modelos de Credito inteligentes &#8211; La DATA como el nuevo ORO: Al final del d\u00eda&#8230; todo se trata de los DATOS<\/p>\n<p><span style=\"color: #660000;\"><strong>&#8211; <span style=\"font-size: 15px;\">Juan Camilo Badel, <\/span><\/strong><span style=\"font-size: 15px;\">Executive Director Central <\/span><span style=\"font-size: 15px;\">America TransUnion<\/span><\/span><\/p>\n<p><span style=\"color: #660000;\"><strong>&#8211;<\/strong><span style=\"font-size: 15px;\"><strong>Omar Contreras<\/strong>, <\/span><span style=\"font-size: 15px;\">Gerente de Analisis de Credito y Cobros de <\/span><span style=\"font-size: 15px;\">Consumo del <\/span><span style=\"font-size: 15px;\">Banco G&amp;T<\/span><\/span><\/p>\n<p><span style=\"color: #660000;\"><strong>&#8211; Sergio Morales<\/strong>, Vicepresidente de Cobranzas en VANA Fintech<\/span><\/p>\n<p><span style=\"font-size: 15px;\"><\/span><\/p>\n<\/div>\n<\/div>\n<\/div>\n<\/div>\n<p><span style=\"color: #993300;\"><\/span><\/p>\n<p>[\/et_pb_blurb][et_pb_code _builder_version=\u00bb4.16&#8243; global_colors_info=\u00bb{}\u00bb]<script><!-- [et_pb_line_break_holder] -->jQuery(function(){<!-- [et_pb_line_break_holder] -->  jQuery(\"#inversion\").click(function(){<!-- [et_pb_line_break_holder] -->    jQuery(\"#popup\").css(\"display\", \"block\");<!-- [et_pb_line_break_holder] -->  });<!-- [et_pb_line_break_holder] -->  <!-- [et_pb_line_break_holder] -->  jQuery(\"#close\").click(function(){<!-- [et_pb_line_break_holder] -->    jQuery(\"#popup\").css(\"display\", \"none\");<!-- [et_pb_line_break_holder] -->  });<!-- [et_pb_line_break_holder] -->  <!-- [et_pb_line_break_holder] -->});<!-- [et_pb_line_break_holder] --><\/script>[\/et_pb_code][\/et_pb_column][et_pb_column type=\u00bb1_4&#8243; _builder_version=\u00bb4.16&#8243; custom_padding=\u00bb|||\u00bb global_colors_info=\u00bb{}\u00bb custom_padding__hover=\u00bb|||\u00bb][et_pb_button button_url=\u00bbhttps:\/\/youtu.be\/-GP111zwzOg\u00bb url_new_window=\u00bbon\u00bb button_text=\u00bbVideo\u00bb _builder_version=\u00bb4.27.2&#8243; custom_button=\u00bbon\u00bb button_text_size=\u00bb16px\u00bb button_text_color=\u00bb#005794&#8243; button_bg_use_color_gradient=\u00bbon\u00bb button_bg_color_gradient_stops=\u00bbrgba(229,22,0,0) 0%|rgba(221,144,0,0) 100%\u00bb button_bg_color_gradient_start=\u00bbrgba(229,22,0,0)\u00bb button_bg_color_gradient_end=\u00bbrgba(221,144,0,0)\u00bb button_border_radius=\u00bb8px\u00bb button_font=\u00bb||||||||\u00bb button_icon=\u00bb&#x22;||divi||400&#8243; button_on_hover=\u00bboff\u00bb box_shadow_style=\u00bbpreset3&#8243; global_colors_info=\u00bb{}\u00bb][\/et_pb_button][\/et_pb_column][\/et_pb_row][et_pb_row column_structure=\u00bb3_4,1_4&#8243; use_custom_gutter=\u00bbon\u00bb gutter_width=\u00bb2&#8243; _builder_version=\u00bb4.16&#8243; module_alignment=\u00bbcenter\u00bb custom_padding=\u00bb|0px|0|0px|false|false\u00bb global_colors_info=\u00bb{}\u00bb][et_pb_column type=\u00bb3_4&#8243; _builder_version=\u00bb4.16&#8243; custom_padding=\u00bb|||\u00bb global_colors_info=\u00bb{}\u00bb custom_padding__hover=\u00bb|||\u00bb][et_pb_blurb use_icon=\u00bbon\u00bb font_icon=\u00bb&#x45;||divi||400&#8243; icon_placement=\u00bbleft\u00bb image_icon_width=\u00bb54px\u00bb _builder_version=\u00bb4.17.4&#8243; header_font_size=\u00bb19px\u00bb body_font_size=\u00bb15px\u00bb custom_padding=\u00bb10px||30px|||\u00bb icon_font_size=\u00bb54px\u00bb global_colors_info=\u00bb{}\u00bb]<\/p>\n<p>Opendata &amp; Future: OpenFinance, Finanzas Embebidas y PayTech- Los tres v\u00e9rtices de la nueva frontera de disrupci\u00f3n<\/p>\n<div class=\"page\" title=\"Page 1\">\n<div class=\"section\">\n<div class=\"layoutArea\">\n<div class=\"column\">\n<p><span style=\"color: #660000;\"><\/span><\/p>\n<p><span style=\"color: #660000;\"><strong>&#8211; Hilario Menendez<\/strong>, CTO &amp; Co-Founder de Paggo<\/span><\/p>\n<p><span style=\"color: #660000;\"><strong><span style=\"font-size: 15px;\">&#8211; <\/span>Enrique Gald\u00e1mez<\/strong>, Director Ejecutivo Asociaci\u00f3n Fintech Guatemala<\/span><\/p>\n<\/div>\n<\/div>\n<\/div>\n<\/div>\n<p>[\/et_pb_blurb][et_pb_code _builder_version=\u00bb4.16&#8243; global_colors_info=\u00bb{}\u00bb]<script><!-- [et_pb_line_break_holder] -->jQuery(function(){<!-- [et_pb_line_break_holder] -->  jQuery(\"#inversion\").click(function(){<!-- [et_pb_line_break_holder] -->    jQuery(\"#popup\").css(\"display\", \"block\");<!-- [et_pb_line_break_holder] -->  });<!-- [et_pb_line_break_holder] -->  <!-- [et_pb_line_break_holder] -->  jQuery(\"#close\").click(function(){<!-- [et_pb_line_break_holder] -->    jQuery(\"#popup\").css(\"display\", \"none\");<!-- [et_pb_line_break_holder] -->  });<!-- [et_pb_line_break_holder] -->  <!-- [et_pb_line_break_holder] -->});<!-- [et_pb_line_break_holder] --><\/script>[\/et_pb_code][\/et_pb_column][et_pb_column type=\u00bb1_4&#8243; _builder_version=\u00bb4.16&#8243; custom_padding=\u00bb|||\u00bb global_colors_info=\u00bb{}\u00bb custom_padding__hover=\u00bb|||\u00bb][et_pb_button button_url=\u00bbhttps:\/\/youtu.be\/F-bDtoxVK00&#8243; url_new_window=\u00bbon\u00bb button_text=\u00bbVideo\u00bb _builder_version=\u00bb4.27.2&#8243; custom_button=\u00bbon\u00bb button_text_size=\u00bb16px\u00bb button_text_color=\u00bb#005794&#8243; button_bg_use_color_gradient=\u00bbon\u00bb button_bg_color_gradient_stops=\u00bbrgba(229,22,0,0) 0%|rgba(221,144,0,0) 100%\u00bb button_bg_color_gradient_start=\u00bbrgba(229,22,0,0)\u00bb button_bg_color_gradient_end=\u00bbrgba(221,144,0,0)\u00bb button_border_radius=\u00bb8px\u00bb button_font=\u00bb||||||||\u00bb button_icon=\u00bb&#x22;||divi||400&#8243; button_on_hover=\u00bboff\u00bb box_shadow_style=\u00bbpreset3&#8243; global_colors_info=\u00bb{}\u00bb][\/et_pb_button][\/et_pb_column][\/et_pb_row][et_pb_row column_structure=\u00bb3_4,1_4&#8243; use_custom_gutter=\u00bbon\u00bb gutter_width=\u00bb2&#8243; _builder_version=\u00bb4.16&#8243; module_alignment=\u00bbcenter\u00bb custom_padding=\u00bb|0px|0|0px|false|false\u00bb global_colors_info=\u00bb{}\u00bb][et_pb_column type=\u00bb3_4&#8243; _builder_version=\u00bb4.16&#8243; custom_padding=\u00bb|||\u00bb global_colors_info=\u00bb{}\u00bb custom_padding__hover=\u00bb|||\u00bb][et_pb_blurb use_icon=\u00bbon\u00bb font_icon=\u00bb&#x45;||divi||400&#8243; icon_placement=\u00bbleft\u00bb image_icon_width=\u00bb54px\u00bb _builder_version=\u00bb4.16&#8243; header_font_size=\u00bb19px\u00bb body_font_size=\u00bb15px\u00bb custom_padding=\u00bb31px||30px|||\u00bb icon_font_size=\u00bb54px\u00bb global_colors_info=\u00bb{}\u00bb]<\/p>\n<div class=\"page\" title=\"Page 2\">\n<div class=\"section\">\n<div class=\"layoutArea\">\n<div class=\"column\">\n<p>Potencializando las capacidades de las \u00e1reas de Cobranza, para afrontar con \u00e9xito un entorno audaz: t\u00e9cnicas, t\u00e1cticas y estrategias<\/p>\n<p><span style=\"color: #660000;\"><strong>&#8211; Deify Mancilla<\/strong>, Gerente de Cr\u00e9dito y Cobro del BAC Credomatic<\/span><\/p>\n<p><span style=\"color: #660000;\"><\/span><\/p>\n<\/div>\n<\/div>\n<\/div>\n<\/div>\n<p><span style=\"color: #660000;\"><strong>&#8211; Sergio Morales,<\/strong> Vicepresidente de Cobranzas en VANA Fintech<\/span><\/p>\n<p><span style=\"color: #660000;\"><strong>&#8211; Diego Romero<\/strong>, Director de Proyectos en Adminfo Solati Collections Tech<\/span><\/p>\n<p>&nbsp;<\/p>\n<p>[\/et_pb_blurb][et_pb_code _builder_version=\u00bb4.16&#8243; global_colors_info=\u00bb{}\u00bb]<script><!-- [et_pb_line_break_holder] -->jQuery(function(){<!-- [et_pb_line_break_holder] -->  jQuery(\"#inversion\").click(function(){<!-- [et_pb_line_break_holder] -->    jQuery(\"#popup\").css(\"display\", \"block\");<!-- [et_pb_line_break_holder] -->  });<!-- [et_pb_line_break_holder] -->  <!-- [et_pb_line_break_holder] -->  jQuery(\"#close\").click(function(){<!-- [et_pb_line_break_holder] -->    jQuery(\"#popup\").css(\"display\", \"none\");<!-- [et_pb_line_break_holder] -->  });<!-- [et_pb_line_break_holder] -->  <!-- [et_pb_line_break_holder] -->});<!-- [et_pb_line_break_holder] --><\/script>[\/et_pb_code][\/et_pb_column][et_pb_column type=\u00bb1_4&#8243; _builder_version=\u00bb4.16&#8243; custom_padding=\u00bb|||\u00bb global_colors_info=\u00bb{}\u00bb custom_padding__hover=\u00bb|||\u00bb][et_pb_button button_url=\u00bbhttps:\/\/youtu.be\/F-_7pHTJIdo\u00bb url_new_window=\u00bbon\u00bb button_text=\u00bbVideo\u00bb _builder_version=\u00bb4.27.2&#8243; custom_button=\u00bbon\u00bb button_text_size=\u00bb16px\u00bb button_text_color=\u00bb#005794&#8243; button_bg_use_color_gradient=\u00bbon\u00bb button_bg_color_gradient_stops=\u00bbrgba(229,22,0,0) 0%|rgba(221,144,0,0) 100%\u00bb button_bg_color_gradient_start=\u00bbrgba(229,22,0,0)\u00bb button_bg_color_gradient_end=\u00bbrgba(221,144,0,0)\u00bb button_border_radius=\u00bb8px\u00bb button_font=\u00bb||||||||\u00bb button_icon=\u00bb&#x22;||divi||400&#8243; button_on_hover=\u00bboff\u00bb box_shadow_style=\u00bbpreset3&#8243; global_colors_info=\u00bb{}\u00bb][\/et_pb_button][\/et_pb_column][\/et_pb_row][et_pb_row column_structure=\u00bb3_4,1_4&#8243; use_custom_gutter=\u00bbon\u00bb gutter_width=\u00bb2&#8243; _builder_version=\u00bb4.16&#8243; module_alignment=\u00bbcenter\u00bb custom_padding=\u00bb|0px|0|0px|false|false\u00bb global_colors_info=\u00bb{}\u00bb][et_pb_column type=\u00bb3_4&#8243; _builder_version=\u00bb4.16&#8243; custom_padding=\u00bb|||\u00bb global_colors_info=\u00bb{}\u00bb custom_padding__hover=\u00bb|||\u00bb][et_pb_blurb use_icon=\u00bbon\u00bb font_icon=\u00bb&#x45;||divi||400&#8243; icon_placement=\u00bbleft\u00bb image_icon_width=\u00bb54px\u00bb _builder_version=\u00bb4.16&#8243; header_font_size=\u00bb19px\u00bb body_font_size=\u00bb15px\u00bb custom_padding=\u00bb||30px\u00bb icon_font_size=\u00bb54px\u00bb global_colors_info=\u00bb{}\u00bb]<\/p>\n<p>Mora Avanzada y Cartera Castigada &#8211; El Desaf\u00edo de darle liquidez al activo improductivo: Estrategia, Especializaci\u00f3n y Productividad<\/p>\n<div class=\"page\" title=\"Page 2\">\n<div class=\"section\">\n<div class=\"layoutArea\">\n<div class=\"column\"><\/div>\n<\/div>\n<div class=\"layoutArea\">\n<div class=\"column\">\n<p><span style=\"color: #660000;\"><strong>&#8211; Otto Brenner<\/strong>, Gerente de Cobranza para Centroam\u00e9rica de Multimoney<\/span><\/p>\n<p><span style=\"color: #660000;\"><strong>&#8211; Stuardo \u00c1lvarez<\/strong>, Gerente General Sicobra<\/span><\/p>\n<p><span style=\"color: #660000;\"><strong>&#8211; Vinicio Rodas<\/strong>, Country Manager de ARS Internacional<\/span><\/p>\n<p><span style=\"color: #660000;\"><strong>\u00a0<\/strong><\/span><\/p>\n<\/div>\n<\/div>\n<\/div>\n<\/div>\n<p><span style=\"color: #993300;\"><\/span><\/p>\n<p>[\/et_pb_blurb][et_pb_code _builder_version=\u00bb4.16&#8243; global_colors_info=\u00bb{}\u00bb]<script><!-- [et_pb_line_break_holder] -->jQuery(function(){<!-- [et_pb_line_break_holder] -->  jQuery(\"#inversion\").click(function(){<!-- [et_pb_line_break_holder] -->    jQuery(\"#popup\").css(\"display\", \"block\");<!-- [et_pb_line_break_holder] -->  });<!-- [et_pb_line_break_holder] -->  <!-- [et_pb_line_break_holder] -->  jQuery(\"#close\").click(function(){<!-- [et_pb_line_break_holder] -->    jQuery(\"#popup\").css(\"display\", \"none\");<!-- [et_pb_line_break_holder] -->  });<!-- [et_pb_line_break_holder] -->  <!-- [et_pb_line_break_holder] -->});<!-- [et_pb_line_break_holder] --><\/script>[\/et_pb_code][\/et_pb_column][et_pb_column type=\u00bb1_4&#8243; _builder_version=\u00bb4.16&#8243; custom_padding=\u00bb|||\u00bb global_colors_info=\u00bb{}\u00bb custom_padding__hover=\u00bb|||\u00bb][et_pb_button button_url=\u00bbhttps:\/\/youtu.be\/Lr4erF6jwl8&#8243; url_new_window=\u00bbon\u00bb button_text=\u00bbVideo\u00bb _builder_version=\u00bb4.27.2&#8243; custom_button=\u00bbon\u00bb button_text_size=\u00bb16px\u00bb button_text_color=\u00bb#005794&#8243; button_bg_use_color_gradient=\u00bbon\u00bb button_bg_color_gradient_stops=\u00bbrgba(229,22,0,0) 0%|rgba(221,144,0,0) 100%\u00bb button_bg_color_gradient_start=\u00bbrgba(229,22,0,0)\u00bb button_bg_color_gradient_end=\u00bbrgba(221,144,0,0)\u00bb button_border_radius=\u00bb8px\u00bb button_font=\u00bb||||||||\u00bb button_icon=\u00bb&#x22;||divi||400&#8243; button_on_hover=\u00bboff\u00bb box_shadow_style=\u00bbpreset3&#8243; global_colors_info=\u00bb{}\u00bb][\/et_pb_button][\/et_pb_column][\/et_pb_row][et_pb_row column_structure=\u00bb3_4,1_4&#8243; use_custom_gutter=\u00bbon\u00bb gutter_width=\u00bb2&#8243; _builder_version=\u00bb4.16&#8243; module_alignment=\u00bbcenter\u00bb custom_padding=\u00bb|0px|0|0px|false|false\u00bb global_colors_info=\u00bb{}\u00bb][et_pb_column type=\u00bb3_4&#8243; _builder_version=\u00bb4.16&#8243; custom_padding=\u00bb|||\u00bb global_colors_info=\u00bb{}\u00bb custom_padding__hover=\u00bb|||\u00bb][et_pb_code _builder_version=\u00bb4.16&#8243; global_colors_info=\u00bb{}\u00bb]<script><!-- [et_pb_line_break_holder] -->jQuery(function(){<!-- [et_pb_line_break_holder] -->  jQuery(\"#inversion\").click(function(){<!-- [et_pb_line_break_holder] -->    jQuery(\"#popup\").css(\"display\", \"block\");<!-- [et_pb_line_break_holder] -->  });<!-- [et_pb_line_break_holder] -->  <!-- [et_pb_line_break_holder] -->  jQuery(\"#close\").click(function(){<!-- [et_pb_line_break_holder] -->    jQuery(\"#popup\").css(\"display\", \"none\");<!-- [et_pb_line_break_holder] -->  });<!-- [et_pb_line_break_holder] -->  <!-- [et_pb_line_break_holder] -->});<!-- [et_pb_line_break_holder] --><\/script>[\/et_pb_code][et_pb_blurb use_icon=\u00bbon\u00bb font_icon=\u00bb&#x45;||divi||400&#8243; icon_placement=\u00bbleft\u00bb image_icon_width=\u00bb54px\u00bb _builder_version=\u00bb4.19.4&#8243; header_font_size=\u00bb19px\u00bb body_font_size=\u00bb15px\u00bb custom_padding=\u00bb||30px\u00bb icon_font_size=\u00bb54px\u00bb global_colors_info=\u00bb{}\u00bb]<\/p>\n<p><span style=\"color: #006ac1;\"><strong>FOTOGRAFIAS CREDIT &amp; COLLECTION BUSINESS COFFEE VIVA LA REVISTA EN VIVO GUATEMALA\u00a0<\/strong><\/span><br \/><span style=\"color: #660000;\"><\/span><\/p>\n<p><span style=\"color: #993300;\"><\/span><\/p>\n<p>[\/et_pb_blurb][\/et_pb_column][et_pb_column type=\u00bb1_4&#8243; _builder_version=\u00bb4.16&#8243; custom_padding=\u00bb|||\u00bb global_colors_info=\u00bb{}\u00bb custom_padding__hover=\u00bb|||\u00bb][et_pb_button button_url=\u00bbhttps:\/\/drive.google.com\/drive\/folders\/1DYWfH11BRLW_UZj1FP0JetSzfYHfDTrS?usp=sharing\u00bb url_new_window=\u00bbon\u00bb button_text=\u00bbFotos\u00bb _builder_version=\u00bb4.27.2&#8243; custom_button=\u00bbon\u00bb button_text_size=\u00bb16px\u00bb button_text_color=\u00bb#005794&#8243; button_bg_use_color_gradient=\u00bbon\u00bb button_bg_color_gradient_stops=\u00bbrgba(229,22,0,0) 0%|rgba(221,144,0,0) 100%\u00bb button_bg_color_gradient_start=\u00bbrgba(229,22,0,0)\u00bb button_bg_color_gradient_end=\u00bbrgba(221,144,0,0)\u00bb button_border_radius=\u00bb8px\u00bb button_font=\u00bb||||||||\u00bb button_icon=\u00bb&#x22;||divi||400&#8243; button_on_hover=\u00bboff\u00bb box_shadow_style=\u00bbpreset3&#8243; global_colors_info=\u00bb{}\u00bb][\/et_pb_button][\/et_pb_column][\/et_pb_row][\/et_pb_section]<\/p>\n","protected":false},"excerpt":{"rendered":"<p>Memorias Del Evento &nbsp; CREDIT &amp; DISRUPTIONS: Gestio\u0301n estrate\u0301gica del Riesgo de Cre\u0301dito en el nuevo entorno \u201cPhygital\u201d (DATA &amp; Human &amp; Digital) &#8211; karen Ga\u0301ndara, Vicepresidente de Ciclo de Riesgo del Banco Industrial &#8211; Alejandro Flores, Vicepresidente de Estrategia en Grupo Financiero G&amp;T Continental &#8211; Beatriz \u00a0Villa, Directora de la Revista Ciclo de Riesgo [&hellip;]<\/p>\n","protected":false},"author":4,"featured_media":0,"parent":0,"menu_order":0,"comment_status":"closed","ping_status":"closed","template":"","meta":{"_et_pb_use_builder":"on","_et_pb_old_content":"","_et_gb_content_width":"","footnotes":""},"class_list":["post-10608","page","type-page","status-publish","hentry"],"_links":{"self":[{"href":"https:\/\/eventoscicloderiesgo.com\/old\/wp-json\/wp\/v2\/pages\/10608","targetHints":{"allow":["GET"]}}],"collection":[{"href":"https:\/\/eventoscicloderiesgo.com\/old\/wp-json\/wp\/v2\/pages"}],"about":[{"href":"https:\/\/eventoscicloderiesgo.com\/old\/wp-json\/wp\/v2\/types\/page"}],"author":[{"embeddable":true,"href":"https:\/\/eventoscicloderiesgo.com\/old\/wp-json\/wp\/v2\/users\/4"}],"replies":[{"embeddable":true,"href":"https:\/\/eventoscicloderiesgo.com\/old\/wp-json\/wp\/v2\/comments?post=10608"}],"version-history":[{"count":0,"href":"https:\/\/eventoscicloderiesgo.com\/old\/wp-json\/wp\/v2\/pages\/10608\/revisions"}],"wp:attachment":[{"href":"https:\/\/eventoscicloderiesgo.com\/old\/wp-json\/wp\/v2\/media?parent=10608"}],"curies":[{"name":"wp","href":"https:\/\/api.w.org\/{rel}","templated":true}]}}