{"id":1284,"date":"2019-07-03T04:19:51","date_gmt":"2019-07-03T04:19:51","guid":{"rendered":"https:\/\/eventoscicloderiesgo.com\/?page_id=1284"},"modified":"2020-01-15T23:14:23","modified_gmt":"2020-01-15T23:14:23","slug":"taller-de-cobranza-alto-impacto-agosto","status":"publish","type":"page","link":"https:\/\/eventoscicloderiesgo.com\/old\/taller-de-cobranza-alto-impacto-agosto\/","title":{"rendered":"Taller de Cobranza Alto Impacto Agosto"},"content":{"rendered":"\n[et_pb_section fb_built=\u00bb1&#8243; _builder_version=\u00bb3.22.3&#8243; custom_padding=\u00bb3px|0px|54px|0px|false|false\u00bb][et_pb_row column_structure=\u00bb2_5,3_5&#8243; use_custom_gutter=\u00bbon\u00bb gutter_width=\u00bb2&#8243; module_class=\u00bb et_pb_row_fullwidth\u00bb _builder_version=\u00bb3.25&#8243; width=\u00bb94%\u00bb width_tablet=\u00bb80%\u00bb width_phone=\u00bb\u00bb width_last_edited=\u00bbon|desktop\u00bb max_width=\u00bb94%\u00bb max_width_tablet=\u00bb80%\u00bb max_width_phone=\u00bb\u00bb max_width_last_edited=\u00bbon|desktop\u00bb custom_padding=\u00bb52px|0px|27px|0px|false|false\u00bb make_fullwidth=\u00bbon\u00bb][et_pb_column type=\u00bb2_5&#8243; _builder_version=\u00bb3.25&#8243; custom_padding=\u00bb|||\u00bb custom_padding__hover=\u00bb|||\u00bb][et_pb_image src=\u00bbhttps:\/\/eventoscicloderiesgo.com\/old\/wp-content\/uploads\/2019\/01\/Taller_Tecnicas-y-tacticas-cobranza-jpg.jpg\u00bb align_tablet=\u00bbcenter\u00bb align_phone=\u00bb\u00bb align_last_edited=\u00bbon|desktop\u00bb _builder_version=\u00bb3.23&#8243;][\/et_pb_image][et_pb_image src=\u00bbhttps:\/\/eventoscicloderiesgo.com\/old\/wp-content\/uploads\/2019\/01\/afiche_TallerCobranzaAltoImpacto.jpg\u00bb align_tablet=\u00bbcenter\u00bb align_phone=\u00bb\u00bb align_last_edited=\u00bbon|desktop\u00bb disabled_on=\u00bboff|on|on\u00bb _builder_version=\u00bb3.23&#8243; border_radii=\u00bbon|10px|10px|10px|10px\u00bb][\/et_pb_image][et_pb_blurb title=\u00bbBrochure Completo\u00bb use_icon=\u00bbon\u00bb font_icon=\u00bb%%124%%\u00bb icon_color=\u00bb#aa1b1f\u00bb icon_placement=\u00bbleft\u00bb use_icon_font_size=\u00bbon\u00bb icon_font_size=\u00bb60px\u00bb _builder_version=\u00bb3.26.6&#8243; header_font=\u00bb||||||||\u00bb header_font_size=\u00bb22px\u00bb body_font=\u00bb||||||||\u00bb body_font_size=\u00bb18px\u00bb background_color=\u00bb#efefef\u00bb custom_padding=\u00bb20px|8px|20px|8px|true|true\u00bb link_option_url=\u00bbhttps:\/\/eventoscicloderiesgo.com\/old\/wp-content\/uploads\/2019\/Collection-week-agosto\/Taller-Capacitacion-Agosto-13-de-2019-Bogota.pdf\u00bb border_radii=\u00bbon|10px|10px|10px|10px\u00bb]<p>Descargue el PDF del <span style=\"text-decoration: underline;\"><a class=\"foobox\" href=\"https:\/\/eventoscicloderiesgo.com\/old\/wp-content\/uploads\/2019\/Collection-week-agosto\/Taller-Capacitacion-Agosto-13-de-2019-Bogota.pdf\" target=\"_blank\" rel=\"noopener noreferrer\">Brochure Completo <\/a><\/span>.<\/p>[\/et_pb_blurb][et_pb_blurb title=\u00bbAgenda Acad\u00e9mica y Metodolog\u00eda\u00bb use_icon=\u00bbon\u00bb font_icon=\u00bb%%128%%\u00bb icon_color=\u00bb#aa1b1f\u00bb icon_placement=\u00bbleft\u00bb use_icon_font_size=\u00bbon\u00bb icon_font_size=\u00bb60px\u00bb _builder_version=\u00bb3.19.9&#8243; header_font=\u00bb||||||||\u00bb header_font_size=\u00bb22px\u00bb body_font=\u00bb||||||||\u00bb body_font_size=\u00bb18px\u00bb background_color=\u00bb#efefef\u00bb custom_padding=\u00bb20px|8px|20px|8px|true|true\u00bb border_radii=\u00bbon|10px|10px|10px|10px\u00bb]<p>Descargue el PDF de <span style=\"text-decoration: underline;\"><a href=\"https:\/\/eventoscicloderiesgo.com\/old\/wp-content\/uploads\/2019\/01\/agenda_academica_y_metodologi\u0301a.pdf\" target=\"_blank\" rel=\"noopener noreferrer\">agenda acad\u00e9mica y metodolog\u00eda<\/a><\/span><\/p>[\/et_pb_blurb][et_pb_blurb title=\u00bbValor de la Inversi\u00f3n\u00bb use_icon=\u00bbon\u00bb font_icon=\u00bb%%155%%\u00bb icon_color=\u00bb#aa1b1f\u00bb icon_placement=\u00bbleft\u00bb use_icon_font_size=\u00bbon\u00bb icon_font_size=\u00bb60px\u00bb _builder_version=\u00bb3.26.6&#8243; header_font=\u00bb||||||||\u00bb header_font_size=\u00bb22px\u00bb body_font=\u00bb||||||||\u00bb body_font_size=\u00bb18px\u00bb background_color=\u00bb#efefef\u00bb custom_padding=\u00bb20px|8px|20px|8px|true|true\u00bb link_option_url=\u00bbhttps:\/\/eventoscicloderiesgo.com\/old\/wp-content\/uploads\/2019\/Collection-week-agosto\/tabla-precios-taller.jpg\u00bb border_radii=\u00bbon|10px|10px|10px|10px\u00bb]<p>Detalles del <span style=\"text-decoration: underline;\"><a class=\"foobox\" href=\"https:\/\/eventoscicloderiesgo.com\/old\/wp-content\/uploads\/2019\/Collection-week-agosto\/tabla-precios-taller.jpg\">valor de la inversi\u00f3n<\/a><\/span> <\/p>[\/et_pb_blurb][et_pb_blurb title=\u00bbInstructores\u00bb use_icon=\u00bbon\u00bb font_icon=\u00bb%%259%%\u00bb icon_color=\u00bb#aa1b1f\u00bb icon_placement=\u00bbleft\u00bb use_icon_font_size=\u00bbon\u00bb icon_font_size=\u00bb60px\u00bb _builder_version=\u00bb3.26.6&#8243; header_font=\u00bb||||||||\u00bb header_font_size=\u00bb22px\u00bb body_font=\u00bb||||||||\u00bb body_font_size=\u00bb18px\u00bb background_color=\u00bb#efefef\u00bb custom_padding=\u00bb20px|8px|20px|8px|true|true\u00bb link_option_url=\u00bbhttps:\/\/eventoscicloderiesgo.com\/old\/wp-content\/uploads\/2019\/Collection-week-agosto\/Taller-Capacitacion-Agosto-13-de-2019-Bogota.pdf\u00bb border_radii=\u00bbon|10px|10px|10px|10px\u00bb]Perfiles de los <span style=\"text-decoration: underline;\"><a href=\"https:\/\/eventoscicloderiesgo.com\/old\/wp-content\/uploads\/2019\/Collection-week-agosto\/Taller-Capacitacion-Agosto-13-de-2019-Bogota.pdf\" target=\"_blank\" rel=\"noopener noreferrer\">consultores e Instructores<\/a><\/span> a cargo del taller[\/et_pb_blurb][et_pb_blurb title=\u00bbFormulario de Inscripci\u00f3n\u00bb use_icon=\u00bbon\u00bb font_icon=\u00bb%%75%%\u00bb icon_color=\u00bb#aa1b1f\u00bb icon_placement=\u00bbleft\u00bb use_icon_font_size=\u00bbon\u00bb icon_font_size=\u00bb60px\u00bb _builder_version=\u00bb3.26.6&#8243; header_font=\u00bb||||||||\u00bb header_font_size=\u00bb22px\u00bb body_font=\u00bb||||||||\u00bb body_font_size=\u00bb18px\u00bb background_color=\u00bb#efefef\u00bb custom_padding=\u00bb20px|8px|20px|8px|true|true\u00bb link_option_url=\u00bbhttps:\/\/eventoscicloderiesgo.com\/old\/wp-content\/uploads\/2019\/Collection-week-agosto\/CollectionWeek-Formato-Inscripcion-Participantes.xlsx\u00bb border_radii=\u00bbon|10px|10px|10px|10px\u00bb]<p>Descargue el PDF de la agenda acad\u00e9mica completa <a href=\"https:\/\/eventoscicloderiesgo.com\/old\/wp-content\/uploads\/2019\/Collection-week-agosto\/CollectionWeek-Formato-Inscripcion-Participantes.xlsx\" target=\"_blank\" rel=\"noopener noreferrer\">aqu\u00ed<\/a>.<\/p>[\/et_pb_blurb][et_pb_blurb title=\u00bbMemorias\u00bb use_icon=\u00bbon\u00bb font_icon=\u00bb%%72%%\u00bb icon_color=\u00bb#aa1b1f\u00bb icon_placement=\u00bbleft\u00bb use_icon_font_size=\u00bbon\u00bb icon_font_size=\u00bb60px\u00bb _builder_version=\u00bb3.21.1&#8243; header_font=\u00bb||||||||\u00bb header_font_size=\u00bb22px\u00bb body_font=\u00bb||||||||\u00bb body_font_size=\u00bb18px\u00bb background_color=\u00bb#efefef\u00bb custom_padding=\u00bb20px|8px|20px|8px|true|true\u00bb link_option_url=\u00bbhttps:\/\/eventoscicloderiesgo.com\/old\/taller-de-cobranza-alto-impacto-memorias\/\u00bb border_radii=\u00bbon|10px|10px|10px|10px\u00bb]<p><a href=\"https:\/\/eventoscicloderiesgo.com\/old\/taller-de-cobranza-alto-impacto-memorias\/\" rel=\"noopener noreferrer\"><span style=\"text-decoration: underline;\">Descargue las presentaciones<\/span><\/a> de los expositores en el evento aqu\u00ed.<\/p>[\/et_pb_blurb][et_pb_blurb title=\u00bbGaler\u00eda Fotogr\u00e1fica\u00bb use_icon=\u00bbon\u00bb font_icon=\u00bb%%108%%\u00bb icon_color=\u00bb#aa1b1f\u00bb icon_placement=\u00bbleft\u00bb use_icon_font_size=\u00bbon\u00bb icon_font_size=\u00bb60px\u00bb disabled_on=\u00bboff|off|off\u00bb _builder_version=\u00bb3.26.6&#8243; header_font=\u00bb||||||||\u00bb header_font_size=\u00bb22px\u00bb body_font=\u00bb||||||||\u00bb body_font_size=\u00bb18px\u00bb background_color=\u00bb#efefef\u00bb custom_padding=\u00bb20px|8px|20px|8px|true|true\u00bb link_option_url=\u00bbhttps:\/\/eventoscicloderiesgo.com\/old\/galeria-taller-agosto\/\u00bb border_radii=\u00bbon|10px|10px|10px|10px\u00bb locked=\u00bboff\u00bb]<p>D\u00e9se una pasada por el registro fotogr\u00e1fico de este evento<\/p>[\/et_pb_blurb][et_pb_code _builder_version=\u00bb3.19.9&#8243;]<script><!-- [et_pb_line_break_holder] -->jQuery(function(){<!-- [et_pb_line_break_holder] -->  jQuery(\"#inversion\").click(function(){<!-- [et_pb_line_break_holder] -->    jQuery(\"#popup\").css(\"display\", \"block\");<!-- [et_pb_line_break_holder] -->  });<!-- [et_pb_line_break_holder] -->  <!-- [et_pb_line_break_holder] -->  jQuery(\"#close\").click(function(){<!-- [et_pb_line_break_holder] -->    jQuery(\"#popup\").css(\"display\", \"none\");<!-- [et_pb_line_break_holder] -->  });<!-- [et_pb_line_break_holder] -->  <!-- [et_pb_line_break_holder] -->});<!-- [et_pb_line_break_holder] --><\/script>[\/et_pb_code][\/et_pb_column][et_pb_column type=\u00bb3_5&#8243; _builder_version=\u00bb3.25&#8243; custom_padding=\u00bb|||\u00bb custom_padding__hover=\u00bb|||\u00bb][et_pb_divider show_divider=\u00bboff\u00bb _builder_version=\u00bb3.19.9&#8243; height=\u00bb57px\u00bb][\/et_pb_divider][et_pb_text _builder_version=\u00bb3.27.4&#8243;]Martes 13 de Agosto\nBogot\u00e1\nHotel Embassy Park Corferias[\/et_pb_text][\/et_pb_column][\/et_pb_row][\/et_pb_section]\n","protected":false},"excerpt":{"rendered":"<p>Descargue el PDF del Brochure Completo .Descargue el PDF de agenda acad\u00e9mica y metodolog\u00edaDetalles del valor de la inversi\u00f3n Perfiles de los consultores e Instructores a cargo del tallerDescargue el PDF de la agenda acad\u00e9mica completa aqu\u00ed.Descargue las presentaciones de los expositores en el evento aqu\u00ed.D\u00e9se una pasada por el registro fotogr\u00e1fico de este eventoMartes [&hellip;]<\/p>\n","protected":false},"author":1,"featured_media":0,"parent":0,"menu_order":0,"comment_status":"closed","ping_status":"closed","template":"","meta":{"_et_pb_use_builder":"on","_et_pb_old_content":"","_et_gb_content_width":"","footnotes":""},"class_list":["post-1284","page","type-page","status-publish","hentry"],"_links":{"self":[{"href":"https:\/\/eventoscicloderiesgo.com\/old\/wp-json\/wp\/v2\/pages\/1284","targetHints":{"allow":["GET"]}}],"collection":[{"href":"https:\/\/eventoscicloderiesgo.com\/old\/wp-json\/wp\/v2\/pages"}],"about":[{"href":"https:\/\/eventoscicloderiesgo.com\/old\/wp-json\/wp\/v2\/types\/page"}],"author":[{"embeddable":true,"href":"https:\/\/eventoscicloderiesgo.com\/old\/wp-json\/wp\/v2\/users\/1"}],"replies":[{"embeddable":true,"href":"https:\/\/eventoscicloderiesgo.com\/old\/wp-json\/wp\/v2\/comments?post=1284"}],"version-history":[{"count":0,"href":"https:\/\/eventoscicloderiesgo.com\/old\/wp-json\/wp\/v2\/pages\/1284\/revisions"}],"wp:attachment":[{"href":"https:\/\/eventoscicloderiesgo.com\/old\/wp-json\/wp\/v2\/media?parent=1284"}],"curies":[{"name":"wp","href":"https:\/\/api.w.org\/{rel}","templated":true}]}}