{"id":1588,"date":"2019-08-30T19:51:39","date_gmt":"2019-08-30T19:51:39","guid":{"rendered":"https:\/\/eventoscicloderiesgo.com\/?page_id=1588"},"modified":"2020-01-15T01:55:14","modified_gmt":"2020-01-15T01:55:14","slug":"memorias-collection-week","status":"publish","type":"page","link":"https:\/\/eventoscicloderiesgo.com\/old\/memorias-collection-week\/","title":{"rendered":"Memorias Collection Week"},"content":{"rendered":"\n[et_pb_section fb_built=\u00bb1&#8243; admin_label=\u00bbSecci\u00f3n\u00bb _builder_version=\u00bb3.22&#8243; use_background_color_gradient=\u00bbon\u00bb background_color_gradient_start=\u00bb#ffffff\u00bb background_color_gradient_end=\u00bb#e2e2e2&#8243; background_color_gradient_start_position=\u00bb15%\u00bb background_color_gradient_end_position=\u00bb31%\u00bb custom_padding=\u00bb3px|0px|110px|0px|false|false\u00bb][et_pb_row column_structure=\u00bb3_5,2_5&#8243; _builder_version=\u00bb3.25&#8243;][et_pb_column type=\u00bb3_5&#8243; _builder_version=\u00bb3.25&#8243; custom_padding=\u00bb|||\u00bb custom_padding__hover=\u00bb|||\u00bb][et_pb_image src=\u00bbhttps:\/\/eventoscicloderiesgo.com\/old\/wp-content\/uploads\/2019\/05\/Collection_Week.jpg\u00bb show_bottom_space=\u00bboff\u00bb align=\u00bbcenter\u00bb align_tablet=\u00bbcenter\u00bb align_phone=\u00bb\u00bb align_last_edited=\u00bbon|desktop\u00bb _builder_version=\u00bb3.26.6&#8243;][\/et_pb_image][\/et_pb_column][et_pb_column type=\u00bb2_5&#8243; _builder_version=\u00bb3.25&#8243; custom_padding=\u00bb|||\u00bb custom_padding__hover=\u00bb|||\u00bb][et_pb_text _builder_version=\u00bb3.27.4&#8243; text_font=\u00bb||||||||\u00bb header_font=\u00bb|700||on|||||\u00bb header_font_size=\u00bb56px\u00bb custom_margin=\u00bb68px||\u00bb]<h1>Memorias Del Evento<\/h1>[\/et_pb_text][et_pb_divider divider_weight=\u00bb5px\u00bb _builder_version=\u00bb3.21.1&#8243;][\/et_pb_divider][\/et_pb_column][\/et_pb_row][et_pb_row column_structure=\u00bb3_4,1_4&#8243; use_custom_gutter=\u00bbon\u00bb gutter_width=\u00bb2&#8243; _builder_version=\u00bb3.25&#8243; module_alignment=\u00bbcenter\u00bb custom_padding=\u00bb|0px|0|0px|false|false\u00bb][et_pb_column type=\u00bb3_4&#8243; _builder_version=\u00bb3.25&#8243; custom_padding=\u00bb|||\u00bb custom_padding__hover=\u00bb|||\u00bb][et_pb_blurb use_icon=\u00bbon\u00bb font_icon=\u00bb%%36%%\u00bb icon_placement=\u00bbleft\u00bb _builder_version=\u00bb3.26.6&#8243; header_font_size=\u00bb19px\u00bb body_font_size=\u00bb15px\u00bb custom_padding=\u00bb||30px\u00bb]<p>Sistema Directivo en la Cobranza y sus KPI fundamentales &#8211; llevando la Gesti\u00f3n a la 13ava potencia<\/p>\n<p><span style=\"color: #993300;\"><strong>Joaqu\u00edn Pe\u00f1a<\/strong>\u00a0Director de Consultoria ICM M\u00e9xico<\/span><\/p>[\/et_pb_blurb][et_pb_code _builder_version=\u00bb3.19.9&#8243;]<script><!-- [et_pb_line_break_holder] -->jQuery(function(){<!-- [et_pb_line_break_holder] -->  jQuery(\"#inversion\").click(function(){<!-- [et_pb_line_break_holder] -->    jQuery(\"#popup\").css(\"display\", \"block\");<!-- [et_pb_line_break_holder] -->  });<!-- [et_pb_line_break_holder] -->  <!-- [et_pb_line_break_holder] -->  jQuery(\"#close\").click(function(){<!-- [et_pb_line_break_holder] -->    jQuery(\"#popup\").css(\"display\", \"none\");<!-- [et_pb_line_break_holder] -->  });<!-- [et_pb_line_break_holder] -->  <!-- [et_pb_line_break_holder] -->});<!-- [et_pb_line_break_holder] --><\/script>[\/et_pb_code][\/et_pb_column][et_pb_column type=\u00bb1_4&#8243; _builder_version=\u00bb3.25&#8243; custom_padding=\u00bb|||\u00bb custom_padding__hover=\u00bb|||\u00bb][et_pb_button button_url=\u00bbhttps:\/\/eventoscicloderiesgo.com\/old\/wp-content\/uploads\/2019\/Collection-week-agosto\/Memorias-collection-week\/1-Joaqu\u00edn-Pe\u00f1a-Sistema-Directivo-en-la-Cobranza-y-sus-KPI-.pdf\u00bb url_new_window=\u00bbon\u00bb button_text=\u00bbDescargar\u00bb button_alignment=\u00bbcenter\u00bb _builder_version=\u00bb3.26.6&#8243; custom_button=\u00bbon\u00bb button_text_size=\u00bb16px\u00bb button_text_color=\u00bb#005794&#8243; button_bg_use_color_gradient=\u00bbon\u00bb button_bg_color_gradient_start=\u00bbrgba(229,22,0,0)\u00bb button_bg_color_gradient_end=\u00bbrgba(221,144,0,0)\u00bb button_border_radius=\u00bb8px\u00bb button_font=\u00bb||||||||\u00bb button_icon=\u00bb%%1%%\u00bb button_on_hover=\u00bboff\u00bb box_shadow_style=\u00bbpreset3&#8243;][\/et_pb_button][\/et_pb_column][\/et_pb_row][et_pb_row column_structure=\u00bb3_4,1_4&#8243; use_custom_gutter=\u00bbon\u00bb gutter_width=\u00bb2&#8243; _builder_version=\u00bb3.25&#8243; module_alignment=\u00bbcenter\u00bb custom_padding=\u00bb|0px|0|0px|false|false\u00bb][et_pb_column type=\u00bb3_4&#8243; _builder_version=\u00bb3.25&#8243; custom_padding=\u00bb|||\u00bb custom_padding__hover=\u00bb|||\u00bb][et_pb_blurb use_icon=\u00bbon\u00bb font_icon=\u00bb%%36%%\u00bb icon_placement=\u00bbleft\u00bb _builder_version=\u00bb3.26.6&#8243; header_font_size=\u00bb19px\u00bb body_font_size=\u00bb15px\u00bb custom_padding=\u00bb||30px\u00bb]<p>\u00a0Variables cr\u00edticas de segmentaci\u00f3n para gesti\u00f3n y planes de choque\u00a0<\/p>\n<p><span style=\"color: #993300;\"><strong>Carlos Guzm\u00e1n <\/strong>\u00a0Consultor Especializado en Cobranza<\/span><\/p>[\/et_pb_blurb][et_pb_code _builder_version=\u00bb3.19.9&#8243;]<script><!-- [et_pb_line_break_holder] -->jQuery(function(){<!-- [et_pb_line_break_holder] -->  jQuery(\"#inversion\").click(function(){<!-- [et_pb_line_break_holder] -->    jQuery(\"#popup\").css(\"display\", \"block\");<!-- [et_pb_line_break_holder] -->  });<!-- [et_pb_line_break_holder] -->  <!-- [et_pb_line_break_holder] -->  jQuery(\"#close\").click(function(){<!-- [et_pb_line_break_holder] -->    jQuery(\"#popup\").css(\"display\", \"none\");<!-- [et_pb_line_break_holder] -->  });<!-- [et_pb_line_break_holder] -->  <!-- [et_pb_line_break_holder] -->});<!-- [et_pb_line_break_holder] --><\/script>[\/et_pb_code][\/et_pb_column][et_pb_column type=\u00bb1_4&#8243; _builder_version=\u00bb3.25&#8243; custom_padding=\u00bb|||\u00bb custom_padding__hover=\u00bb|||\u00bb][et_pb_button button_url=\u00bbhttps:\/\/eventoscicloderiesgo.com\/old\/wp-content\/uploads\/2019\/Collection-week-agosto\/Memorias-collection-week\/2-Carlos-Guzman-Variables-Cr\u00edticas-de-Segmentaci\u00f3n-.pdf\u00bb url_new_window=\u00bbon\u00bb button_text=\u00bbDescargar\u00bb button_alignment=\u00bbcenter\u00bb _builder_version=\u00bb3.26.6&#8243; custom_button=\u00bbon\u00bb button_text_size=\u00bb16px\u00bb button_text_color=\u00bb#005794&#8243; button_bg_use_color_gradient=\u00bbon\u00bb button_bg_color_gradient_start=\u00bbrgba(229,22,0,0)\u00bb button_bg_color_gradient_end=\u00bbrgba(221,144,0,0)\u00bb button_border_radius=\u00bb8px\u00bb button_font=\u00bb||||||||\u00bb button_icon=\u00bb%%1%%\u00bb button_on_hover=\u00bboff\u00bb box_shadow_style=\u00bbpreset3&#8243;][\/et_pb_button][\/et_pb_column][\/et_pb_row][et_pb_row column_structure=\u00bb3_4,1_4&#8243; use_custom_gutter=\u00bbon\u00bb gutter_width=\u00bb2&#8243; _builder_version=\u00bb3.25&#8243; module_alignment=\u00bbcenter\u00bb custom_padding=\u00bb|0px|0|0px|false|false\u00bb][et_pb_column type=\u00bb3_4&#8243; _builder_version=\u00bb3.25&#8243; custom_padding=\u00bb|||\u00bb custom_padding__hover=\u00bb|||\u00bb][et_pb_blurb use_icon=\u00bbon\u00bb font_icon=\u00bb%%36%%\u00bb icon_placement=\u00bbleft\u00bb _builder_version=\u00bb3.26.6&#8243; header_font_size=\u00bb19px\u00bb body_font_size=\u00bb15px\u00bb custom_padding=\u00bb||30px\u00bb]<p>La transformaci\u00f3n digital en el cr\u00e9dito y la cobranza<\/p>\n<p><span style=\"color: #993300;\"><strong>Antonio Castillo<\/strong>\u00a0Director de Ventas LATAM de Equifax<\/span><\/p>[\/et_pb_blurb][et_pb_code _builder_version=\u00bb3.19.9&#8243;]<script><!-- [et_pb_line_break_holder] -->jQuery(function(){<!-- [et_pb_line_break_holder] -->  jQuery(\"#inversion\").click(function(){<!-- [et_pb_line_break_holder] -->    jQuery(\"#popup\").css(\"display\", \"block\");<!-- [et_pb_line_break_holder] -->  });<!-- [et_pb_line_break_holder] -->  <!-- [et_pb_line_break_holder] -->  jQuery(\"#close\").click(function(){<!-- [et_pb_line_break_holder] -->    jQuery(\"#popup\").css(\"display\", \"none\");<!-- [et_pb_line_break_holder] -->  });<!-- [et_pb_line_break_holder] -->  <!-- [et_pb_line_break_holder] -->});<!-- [et_pb_line_break_holder] --><\/script>[\/et_pb_code][\/et_pb_column][et_pb_column type=\u00bb1_4&#8243; _builder_version=\u00bb3.25&#8243; custom_padding=\u00bb|||\u00bb custom_padding__hover=\u00bb|||\u00bb][et_pb_button button_url=\u00bbhttps:\/\/eventoscicloderiesgo.com\/old\/wp-content\/uploads\/2019\/Collection-week-agosto\/Memorias-collection-week\/3-Antonio-Castillo-La-Transformaci\u00f3n-Digital-en-el-cr\u00e9dito-y-la-Cobranza-.pdf\u00bb url_new_window=\u00bbon\u00bb button_text=\u00bbDescargar\u00bb button_alignment=\u00bbcenter\u00bb _builder_version=\u00bb3.26.6&#8243; custom_button=\u00bbon\u00bb button_text_size=\u00bb16px\u00bb button_text_color=\u00bb#005794&#8243; button_bg_use_color_gradient=\u00bbon\u00bb button_bg_color_gradient_start=\u00bbrgba(229,22,0,0)\u00bb button_bg_color_gradient_end=\u00bbrgba(221,144,0,0)\u00bb button_border_radius=\u00bb8px\u00bb button_font=\u00bb||||||||\u00bb button_icon=\u00bb%%1%%\u00bb button_on_hover=\u00bboff\u00bb box_shadow_style=\u00bbpreset3&#8243;][\/et_pb_button][\/et_pb_column][\/et_pb_row][et_pb_row column_structure=\u00bb3_4,1_4&#8243; use_custom_gutter=\u00bbon\u00bb gutter_width=\u00bb2&#8243; _builder_version=\u00bb3.25&#8243; module_alignment=\u00bbcenter\u00bb custom_padding=\u00bb|0px|29px|0px|false|false\u00bb][et_pb_column type=\u00bb3_4&#8243; _builder_version=\u00bb3.25&#8243; custom_padding=\u00bb|||\u00bb custom_padding__hover=\u00bb|||\u00bb][et_pb_blurb use_icon=\u00bbon\u00bb font_icon=\u00bb%%36%%\u00bb icon_placement=\u00bbleft\u00bb _builder_version=\u00bb3.26.6&#8243; header_font_size=\u00bb19px\u00bb body_font_size=\u00bb15px\u00bb min_height=\u00bb58px\u00bb custom_padding=\u00bb||30px\u00bb]<p>Elevando tu Productividad a su M\u00e1ximo nivel<\/p>\n<p><span style=\"color: #993300;\"><strong>Jorge Eduardo Lopez\u00a0<\/strong>Experto en Innovaci\u00f3n y Productividad ; Coach en Metodolog\u00eda GoalBoxes (Espa\u00f1a) Cumple tus metas<\/span><\/p>[\/et_pb_blurb][et_pb_button button_url=\u00bbhttps:\/\/eventoscicloderiesgo.com\/old\/wp-content\/uploads\/2019\/Collection-week-agosto\/Memorias-collection-week\/Material-anexo-Jorge-Lopez\/4.1-material-Anexo-BARRERAS-MENTALES-Manejo-del-Tiempo-Jorge-Lopez.pdf\u00bb url_new_window=\u00bbon\u00bb button_text=\u00bbDescargar anexo 1&#8243; button_alignment=\u00bbleft\u00bb _builder_version=\u00bb3.26.6&#8243; custom_button=\u00bbon\u00bb button_text_size=\u00bb14px\u00bb button_text_color=\u00bb#005794&#8243; button_bg_use_color_gradient=\u00bbon\u00bb button_bg_color_gradient_start=\u00bbrgba(229,22,0,0)\u00bb button_bg_color_gradient_end=\u00bbrgba(221,144,0,0)\u00bb button_border_radius=\u00bb8px\u00bb button_font=\u00bb||||||||\u00bb button_icon=\u00bb%%1%%\u00bb button_on_hover=\u00bboff\u00bb custom_margin=\u00bb-30px|||0px|false|false\u00bb custom_padding=\u00bb5px||5px|13px|false|false\u00bb box_shadow_style=\u00bbpreset3&#8243;][\/et_pb_button][et_pb_button button_url=\u00bbhttps:\/\/eventoscicloderiesgo.com\/old\/wp-content\/uploads\/2019\/Collection-week-agosto\/Memorias-collection-week\/Material-anexo-Jorge-Lopez\/4.2.-material-Anexo-HABITOS-Manejo-del-Tiempo-Jorge-L\u00f3pez.pdf\u00bb url_new_window=\u00bbon\u00bb button_text=\u00bbDescargar anexo 2&#8243; button_alignment=\u00bbcenter\u00bb _builder_version=\u00bb3.26.6&#8243; custom_button=\u00bbon\u00bb button_text_size=\u00bb14px\u00bb button_text_color=\u00bb#005794&#8243; button_bg_use_color_gradient=\u00bbon\u00bb button_bg_color_gradient_start=\u00bbrgba(229,22,0,0)\u00bb button_bg_color_gradient_end=\u00bbrgba(221,144,0,0)\u00bb button_border_radius=\u00bb8px\u00bb button_font=\u00bb||||||||\u00bb button_icon=\u00bb%%1%%\u00bb button_on_hover=\u00bboff\u00bb custom_margin=\u00bb-53px|||-7px|false|false\u00bb custom_padding=\u00bb5px||5px|15px|false|false\u00bb box_shadow_style=\u00bbpreset3&#8243;][\/et_pb_button][et_pb_button button_url=\u00bbhttps:\/\/eventoscicloderiesgo.com\/old\/wp-admin\/post.php?post=1669&#038;action=edit\u00bb url_new_window=\u00bbon\u00bb button_text=\u00bbDescargar anexo 4&#8243; button_alignment=\u00bbleft\u00bb _builder_version=\u00bb3.26.6&#8243; custom_button=\u00bbon\u00bb button_text_size=\u00bb14px\u00bb button_text_color=\u00bb#005794&#8243; button_bg_use_color_gradient=\u00bbon\u00bb button_bg_color_gradient_start=\u00bbrgba(229,22,0,0)\u00bb button_bg_color_gradient_end=\u00bbrgba(221,144,0,0)\u00bb button_border_radius=\u00bb8px\u00bb button_font=\u00bb||||||||\u00bb button_icon=\u00bb%%1%%\u00bb button_on_hover=\u00bboff\u00bb custom_margin=\u00bb||-51px|||\u00bb custom_padding=\u00bb5px|27px|5px|10px|false|false\u00bb box_shadow_style=\u00bbpreset3&#8243;][\/et_pb_button][et_pb_button button_url=\u00bbhttps:\/\/eventoscicloderiesgo.com\/old\/wp-admin\/post.php?post=1669&#038;action=edit\u00bb url_new_window=\u00bbon\u00bb button_text=\u00bbDescargar anexo 6&#8243; button_alignment=\u00bbright\u00bb _builder_version=\u00bb3.26.6&#8243; custom_button=\u00bbon\u00bb button_text_size=\u00bb14px\u00bb button_text_color=\u00bb#005794&#8243; button_bg_use_color_gradient=\u00bbon\u00bb button_bg_color_gradient_start=\u00bbrgba(229,22,0,0)\u00bb button_bg_color_gradient_end=\u00bbrgba(221,144,0,0)\u00bb button_border_radius=\u00bb8px\u00bb button_font=\u00bb||||||||\u00bb button_icon=\u00bb%%1%%\u00bb button_on_hover=\u00bboff\u00bb custom_margin=\u00bb15px|||593px|false|false\u00bb custom_padding=\u00bb5px||5px||false|false\u00bb box_shadow_style=\u00bbpreset3&#8243;][\/et_pb_button][et_pb_button button_url=\u00bbhttps:\/\/eventoscicloderiesgo.com\/old\/wp-admin\/post.php?post=1669&#038;action=edit\u00bb url_new_window=\u00bbon\u00bb button_text=\u00bbDescargar anexo 5&#8243; button_alignment=\u00bbcenter\u00bb _builder_version=\u00bb3.26.6&#8243; custom_button=\u00bbon\u00bb button_text_size=\u00bb14px\u00bb button_text_color=\u00bb#005794&#8243; button_bg_use_color_gradient=\u00bbon\u00bb button_bg_color_gradient_start=\u00bbrgba(229,22,0,0)\u00bb button_bg_color_gradient_end=\u00bbrgba(221,144,0,0)\u00bb button_border_radius=\u00bb8px\u00bb button_font=\u00bb||||||||\u00bb button_icon=\u00bb%%1%%\u00bb button_on_hover=\u00bboff\u00bb custom_margin=\u00bb-51px|||-6px|false|false\u00bb custom_padding=\u00bb5px|24px|5px|19px|false|false\u00bb box_shadow_style=\u00bbpreset3&#8243;][\/et_pb_button][et_pb_button button_url=\u00bbhttps:\/\/eventoscicloderiesgo.com\/old\/wp-content\/uploads\/2019\/Collection-week-agosto\/Memorias-collection-week\/Material-anexo-Jorge-Lopez\/4.3.-material-Anexo-MATERIAL-INTENSIVOS-Manejo-del-Tiempo-Jorge-L\u00f3pez.pdf\u00bb url_new_window=\u00bbon\u00bb button_text=\u00bbDescargar anexo 3&#8243; button_alignment=\u00bbright\u00bb _builder_version=\u00bb3.26.6&#8243; custom_button=\u00bbon\u00bb button_text_size=\u00bb14px\u00bb button_text_color=\u00bb#005794&#8243; button_bg_use_color_gradient=\u00bbon\u00bb button_bg_color_gradient_start=\u00bbrgba(229,22,0,0)\u00bb button_bg_color_gradient_end=\u00bbrgba(221,144,0,0)\u00bb button_border_radius=\u00bb8px\u00bb button_font=\u00bb||||||||\u00bb button_icon=\u00bb%%1%%\u00bb button_on_hover=\u00bboff\u00bb custom_margin=\u00bb-110px||7px|600px|false|false\u00bb custom_padding=\u00bb5px||5px||false|false\u00bb box_shadow_style=\u00bbpreset3&#8243;][\/et_pb_button][\/et_pb_column][et_pb_column type=\u00bb1_4&#8243; _builder_version=\u00bb3.25&#8243; custom_padding=\u00bb|||\u00bb custom_padding__hover=\u00bb|||\u00bb][et_pb_button button_url=\u00bbhttps:\/\/eventoscicloderiesgo.com\/old\/wp-content\/uploads\/2019\/Collection-week-agosto\/Memorias-collection-week\/4-Jorge-Lopez-Como-ser-productivo-y-manejar-el-tiempo-eficientemente.pdf\u00bb url_new_window=\u00bbon\u00bb button_text=\u00bbDescargar\u00bb button_alignment=\u00bbcenter\u00bb _builder_version=\u00bb3.26.6&#8243; custom_button=\u00bbon\u00bb button_text_size=\u00bb16px\u00bb button_text_color=\u00bb#005794&#8243; button_bg_use_color_gradient=\u00bbon\u00bb button_bg_color_gradient_start=\u00bbrgba(229,22,0,0)\u00bb button_bg_color_gradient_end=\u00bbrgba(221,144,0,0)\u00bb button_border_radius=\u00bb8px\u00bb button_font=\u00bb||||||||\u00bb button_icon=\u00bb%%1%%\u00bb button_on_hover=\u00bboff\u00bb box_shadow_style=\u00bbpreset3&#8243;][\/et_pb_button][\/et_pb_column][\/et_pb_row][et_pb_row column_structure=\u00bb3_4,1_4&#8243; use_custom_gutter=\u00bbon\u00bb gutter_width=\u00bb2&#8243; _builder_version=\u00bb3.25&#8243; module_alignment=\u00bbcenter\u00bb min_height=\u00bb288px\u00bb custom_margin=\u00bb49px|auto||auto||\u00bb custom_padding=\u00bb|0px|0|0px|false|false\u00bb][et_pb_column type=\u00bb3_4&#8243; _builder_version=\u00bb3.25&#8243; custom_padding=\u00bb|||\u00bb custom_padding__hover=\u00bb|||\u00bb][et_pb_blurb use_icon=\u00bbon\u00bb font_icon=\u00bb%%36%%\u00bb icon_placement=\u00bbleft\u00bb _builder_version=\u00bb3.26.6&#8243; header_font_size=\u00bb19px\u00bb body_font_size=\u00bb15px\u00bb custom_padding=\u00bb||30px\u00bb]<p>El reto del tiempo real. !Una misi\u00f3n solo para L\u00edderes Org\u00e1nicos como t\u00fa!<\/p>\n<p><span style=\"color: #993300;\"><strong>Carmen Sandoval<\/strong>\u00a0Coach &amp; Head of Business at Lemon Tree Business Consulting\u00a0<\/span><\/p>[\/et_pb_blurb][et_pb_code _builder_version=\u00bb3.19.9&#8243;]<script><!-- [et_pb_line_break_holder] -->jQuery(function(){<!-- [et_pb_line_break_holder] -->  jQuery(\"#inversion\").click(function(){<!-- [et_pb_line_break_holder] -->    jQuery(\"#popup\").css(\"display\", \"block\");<!-- [et_pb_line_break_holder] -->  });<!-- [et_pb_line_break_holder] -->  <!-- [et_pb_line_break_holder] -->  jQuery(\"#close\").click(function(){<!-- [et_pb_line_break_holder] -->    jQuery(\"#popup\").css(\"display\", \"none\");<!-- [et_pb_line_break_holder] -->  });<!-- [et_pb_line_break_holder] -->  <!-- [et_pb_line_break_holder] -->});<!-- [et_pb_line_break_holder] --><\/script>[\/et_pb_code][\/et_pb_column][et_pb_column type=\u00bb1_4&#8243; _builder_version=\u00bb3.25&#8243; custom_padding=\u00bb|||\u00bb custom_padding__hover=\u00bb|||\u00bb][et_pb_button button_url=\u00bbhttps:\/\/eventoscicloderiesgo.com\/old\/wp-content\/uploads\/2019\/Collection-week-agosto\/Memorias-collection-week\/5-Carmen-Sandoval-L\u00edderes-Org\u00e1nicos.pdf\u00bb url_new_window=\u00bbon\u00bb button_text=\u00bbDescargar\u00bb button_alignment=\u00bbcenter\u00bb _builder_version=\u00bb3.26.6&#8243; custom_button=\u00bbon\u00bb button_text_size=\u00bb16px\u00bb button_text_color=\u00bb#005794&#8243; button_bg_use_color_gradient=\u00bbon\u00bb button_bg_color_gradient_start=\u00bbrgba(229,22,0,0)\u00bb button_bg_color_gradient_end=\u00bbrgba(221,144,0,0)\u00bb button_border_radius=\u00bb8px\u00bb button_font=\u00bb||||||||\u00bb button_icon=\u00bb%%1%%\u00bb button_on_hover=\u00bboff\u00bb box_shadow_style=\u00bbpreset3&#8243;][\/et_pb_button][\/et_pb_column][\/et_pb_row][et_pb_row column_structure=\u00bb3_4,1_4&#8243; use_custom_gutter=\u00bbon\u00bb gutter_width=\u00bb2&#8243; _builder_version=\u00bb3.25&#8243; module_alignment=\u00bbcenter\u00bb custom_padding=\u00bb|0px|0|0px|false|false\u00bb][et_pb_column type=\u00bb3_4&#8243; _builder_version=\u00bb3.25&#8243; custom_padding=\u00bb|||\u00bb custom_padding__hover=\u00bb|||\u00bb][et_pb_code _builder_version=\u00bb3.19.9&#8243;]<script><!-- [et_pb_line_break_holder] -->jQuery(function(){<!-- [et_pb_line_break_holder] -->  jQuery(\"#inversion\").click(function(){<!-- [et_pb_line_break_holder] -->    jQuery(\"#popup\").css(\"display\", \"block\");<!-- [et_pb_line_break_holder] -->  });<!-- [et_pb_line_break_holder] -->  <!-- [et_pb_line_break_holder] -->  jQuery(\"#close\").click(function(){<!-- [et_pb_line_break_holder] -->    jQuery(\"#popup\").css(\"display\", \"none\");<!-- [et_pb_line_break_holder] -->  });<!-- [et_pb_line_break_holder] -->  <!-- [et_pb_line_break_holder] -->});<!-- [et_pb_line_break_holder] --><\/script>[\/et_pb_code][\/et_pb_column][et_pb_column type=\u00bb1_4&#8243; _builder_version=\u00bb3.25&#8243; custom_padding=\u00bb|||\u00bb custom_padding__hover=\u00bb|||\u00bb][\/et_pb_column][\/et_pb_row][\/et_pb_section]\n","protected":false},"excerpt":{"rendered":"<p>Memorias Del EventoSistema Directivo en la Cobranza y sus KPI fundamentales &#8211; llevando la Gesti\u00f3n a la 13ava potencia Joaqu\u00edn Pe\u00f1a\u00a0Director de Consultoria ICM M\u00e9xico\u00a0Variables cr\u00edticas de segmentaci\u00f3n para gesti\u00f3n y planes de choque\u00a0 Carlos Guzm\u00e1n \u00a0Consultor Especializado en CobranzaLa transformaci\u00f3n digital en el cr\u00e9dito y la cobranza Antonio Castillo\u00a0Director de Ventas LATAM de EquifaxElevando [&hellip;]<\/p>\n","protected":false},"author":2,"featured_media":0,"parent":0,"menu_order":0,"comment_status":"closed","ping_status":"closed","template":"","meta":{"_et_pb_use_builder":"on","_et_pb_old_content":"","_et_gb_content_width":"","footnotes":""},"class_list":["post-1588","page","type-page","status-publish","hentry"],"_links":{"self":[{"href":"https:\/\/eventoscicloderiesgo.com\/old\/wp-json\/wp\/v2\/pages\/1588","targetHints":{"allow":["GET"]}}],"collection":[{"href":"https:\/\/eventoscicloderiesgo.com\/old\/wp-json\/wp\/v2\/pages"}],"about":[{"href":"https:\/\/eventoscicloderiesgo.com\/old\/wp-json\/wp\/v2\/types\/page"}],"author":[{"embeddable":true,"href":"https:\/\/eventoscicloderiesgo.com\/old\/wp-json\/wp\/v2\/users\/2"}],"replies":[{"embeddable":true,"href":"https:\/\/eventoscicloderiesgo.com\/old\/wp-json\/wp\/v2\/comments?post=1588"}],"version-history":[{"count":0,"href":"https:\/\/eventoscicloderiesgo.com\/old\/wp-json\/wp\/v2\/pages\/1588\/revisions"}],"wp:attachment":[{"href":"https:\/\/eventoscicloderiesgo.com\/old\/wp-json\/wp\/v2\/media?parent=1588"}],"curies":[{"name":"wp","href":"https:\/\/api.w.org\/{rel}","templated":true}]}}