{"id":198,"date":"2019-01-31T04:02:29","date_gmt":"2019-01-31T04:02:29","guid":{"rendered":"https:\/\/eventoscicloderiesgo.com\/?page_id=198"},"modified":"2021-03-01T19:57:20","modified_gmt":"2021-03-01T19:57:20","slug":"b2b-b2c-finance-day-2020","status":"publish","type":"page","link":"https:\/\/eventoscicloderiesgo.com\/old\/b2b-b2c-finance-day-2020\/","title":{"rendered":"B2B &#038; B2C Finance Day"},"content":{"rendered":"<p>[et_pb_section fb_built=\u00bb1&#8243; _builder_version=\u00bb4.9.0&#8243; custom_padding=\u00bb3px|0px|54px|0px|false|false\u00bb hover_enabled=\u00bb0&#8243; custom_margin=\u00bb-75px||||false|false\u00bb sticky_enabled=\u00bb0&#8243; da_is_popup=\u00bboff\u00bb da_exit_intent=\u00bboff\u00bb da_has_close=\u00bbon\u00bb da_alt_close=\u00bboff\u00bb da_dark_close=\u00bboff\u00bb da_not_modal=\u00bbon\u00bb da_is_singular=\u00bboff\u00bb da_with_loader=\u00bboff\u00bb da_has_shadow=\u00bbon\u00bb da_disable_devices=\u00bboff|off|off\u00bb][et_pb_row column_structure=\u00bb2_5,3_5&#8243; use_custom_gutter=\u00bbon\u00bb gutter_width=\u00bb2&#8243; module_class=\u00bb et_pb_row_fullwidth\u00bb _builder_version=\u00bb3.25&#8243; width=\u00bb94%\u00bb width_tablet=\u00bb80%\u00bb width_phone=\u00bb\u00bb width_last_edited=\u00bbon|desktop\u00bb max_width=\u00bb94%\u00bb max_width_tablet=\u00bb80%\u00bb max_width_phone=\u00bb\u00bb max_width_last_edited=\u00bbon|desktop\u00bb custom_padding=\u00bb52px|0px|27px|0px|false|false\u00bb make_fullwidth=\u00bbon\u00bb][et_pb_column type=\u00bb2_5&#8243; _builder_version=\u00bb3.25&#8243; custom_padding=\u00bb|||\u00bb custom_padding__hover=\u00bb|||\u00bb][et_pb_image src=\u00bbhttps:\/\/eventoscicloderiesgo.com\/old\/wp-content\/uploads\/2019\/01\/B2B-y-B2C.jpg\u00bb align=\u00bbcenter\u00bb align_tablet=\u00bbcenter\u00bb align_phone=\u00bb\u00bb align_last_edited=\u00bbon|desktop\u00bb _builder_version=\u00bb3.23&#8243;][\/et_pb_image][et_pb_text _builder_version=\u00bb3.27.4&#8243; text_font=\u00bb||||||||\u00bb text_font_size=\u00bb16px\u00bb]<\/p>\n<p><strong><span style=\"font-size: x-large;\">Por fin<\/span>&#8230;.<\/strong> los altos ejecutivos del mundo financiero de las grandes empresas del pa\u00eds ya tienen su Foro:<\/p>\n<p>Dentro de la semana del cr\u00e9dito Disruptivo, el d\u00eda jueves 21, se realizar\u00e1 el Primer Foro sobre la gesti\u00f3n del Ciclo de Financiaci\u00f3n, la Cartera y la Cobranza en empresas de los sectores productivos, industriales, comercio y servicios.<\/p>\n<p>[\/et_pb_text][et_pb_image src=\u00bbhttps:\/\/eventoscicloderiesgo.com\/old\/wp-content\/uploads\/2019\/03\/Agenda_B2B-ACTUALIZADA-MARZO-13.jpg\u00bb url=\u00bbhttps:\/\/eventoscicloderiesgo.com\/old\/wp-content\/uploads\/2019\/01\/Agenda-B2B-B2C.jpg\u00bb align_tablet=\u00bbcenter\u00bb align_phone=\u00bb\u00bb align_last_edited=\u00bbon|desktop\u00bb disabled_on=\u00bboff|on|on\u00bb module_class=\u00bbfoobox\u00bb _builder_version=\u00bb3.23&#8243;][\/et_pb_image][et_pb_blurb title=\u00bbValor de la Inversi\u00f3n\u00bb use_icon=\u00bbon\u00bb font_icon=\u00bb%%155%%\u00bb icon_color=\u00bb#aa1b1f\u00bb icon_placement=\u00bbleft\u00bb use_icon_font_size=\u00bbon\u00bb icon_font_size=\u00bb60px\u00bb _builder_version=\u00bb3.19.9&#8243; header_font=\u00bb||||||||\u00bb header_font_size=\u00bb22px\u00bb body_font=\u00bb||||||||\u00bb body_font_size=\u00bb18px\u00bb background_color=\u00bb#efefef\u00bb custom_padding=\u00bb20px|8px|20px|8px|true|true\u00bb border_radii=\u00bbon|10px|10px|10px|10px\u00bb]<\/p>\n<p>Detalles de la\u00a0<span style=\"text-decoration: underline;\"><strong><a class=\"foobox\" href=\"https:\/\/eventoscicloderiesgo.com\/old\/wp-content\/uploads\/2019\/01\/B2B_B2C_valorInversion.jpg\"> inversi\u00f3n\u00a0y descuentos<\/a><\/strong><\/span><\/p>\n<p>[\/et_pb_blurb][et_pb_blurb title=\u00bbFormulario de Inscripci\u00f3n\u00bb use_icon=\u00bbon\u00bb font_icon=\u00bb%%75%%\u00bb icon_color=\u00bb#aa1b1f\u00bb icon_placement=\u00bbleft\u00bb use_icon_font_size=\u00bbon\u00bb icon_font_size=\u00bb60px\u00bb _builder_version=\u00bb3.19.9&#8243; header_font=\u00bb||||||||\u00bb header_font_size=\u00bb22px\u00bb body_font=\u00bb||||||||\u00bb body_font_size=\u00bb18px\u00bb background_color=\u00bb#efefef\u00bb custom_padding=\u00bb20px|8px|20px|8px|true|true\u00bb link_option_url=\u00bbhttps:\/\/eventoscicloderiesgo.com\/old\/wp-content\/uploads\/2019\/02\/formato-corregido.xlsx\u00bb border_radii=\u00bbon|10px|10px|10px|10px\u00bb]<\/p>\n<p>Descargue el <span style=\"text-decoration: underline;\"><strong><a href=\"https:\/\/eventoscicloderiesgo.com\/old\/wp-content\/uploads\/2019\/02\/formato-corregido.xlsx\" target=\"_blank\" rel=\"noopener noreferrer\">formato de inscripci\u00f3n<\/a><\/strong><\/span>.<\/p>\n<p>[\/et_pb_blurb][et_pb_blurb title=\u00bbTarifas de Alojamiento\u00bb use_icon=\u00bbon\u00bb font_icon=\u00bb%%161%%\u00bb icon_color=\u00bb#aa1b1f\u00bb icon_placement=\u00bbleft\u00bb use_icon_font_size=\u00bbon\u00bb icon_font_size=\u00bb60px\u00bb _builder_version=\u00bb3.19.9&#8243; header_font=\u00bb||||||||\u00bb header_font_size=\u00bb22px\u00bb body_font=\u00bb||||||||\u00bb body_font_size=\u00bb18px\u00bb background_color=\u00bb#efefef\u00bb custom_padding=\u00bb20px|8px|20px|8px|true|true\u00bb border_radii=\u00bbon|10px|10px|10px|10px\u00bb]<\/p>\n<p>Detalles de los <strong><span style=\"text-decoration: underline;\"><a href=\"https:\/\/eventoscicloderiesgo.com\/old\/alojamiento\/\">hoteles oficiales<\/a><\/span><\/strong> para los eventos<\/p>\n<p>[\/et_pb_blurb][et_pb_blurb title=\u00bbMemorias\u00bb use_icon=\u00bbon\u00bb font_icon=\u00bb%%108%%\u00bb icon_color=\u00bb#aa1b1f\u00bb icon_placement=\u00bbleft\u00bb use_icon_font_size=\u00bbon\u00bb icon_font_size=\u00bb60px\u00bb _builder_version=\u00bb3.21.1&#8243; header_font=\u00bb||||||||\u00bb header_font_size=\u00bb22px\u00bb body_font=\u00bb||||||||\u00bb body_font_size=\u00bb18px\u00bb background_color=\u00bb#efefef\u00bb custom_padding=\u00bb20px|8px|20px|8px|true|true\u00bb border_radii=\u00bbon|10px|10px|10px|10px\u00bb]<\/p>\n<p><strong><span style=\"text-decoration: underline;\"><a href=\"https:\/\/eventoscicloderiesgo.com\/old\/b2b-b2c-memorias\/\">Descargue las presentaciones<\/a><\/span><\/strong> de los expositores en el evento<\/p>\n<p>[\/et_pb_blurb][et_pb_code _builder_version=\u00bb3.19.9&#8243;]<script><!-- [et_pb_line_break_holder] -->jQuery(function(){<!-- [et_pb_line_break_holder] -->  jQuery(\"#inversion\").click(function(){<!-- [et_pb_line_break_holder] -->    jQuery(\"#popup\").css(\"display\", \"block\");<!-- [et_pb_line_break_holder] -->  });<!-- [et_pb_line_break_holder] -->  <!-- [et_pb_line_break_holder] -->  jQuery(\"#close\").click(function(){<!-- [et_pb_line_break_holder] -->    jQuery(\"#popup\").css(\"display\", \"none\");<!-- [et_pb_line_break_holder] -->  });<!-- [et_pb_line_break_holder] -->  <!-- [et_pb_line_break_holder] -->});<!-- [et_pb_line_break_holder] --><\/script>[\/et_pb_code][\/et_pb_column][et_pb_column type=\u00bb3_5&#8243; _builder_version=\u00bb3.25&#8243; custom_padding=\u00bb|||\u00bb custom_padding__hover=\u00bb|||\u00bb][et_pb_divider show_divider=\u00bboff\u00bb _builder_version=\u00bb3.19.9&#8243; height=\u00bb57px\u00bb][\/et_pb_divider][et_pb_image src=\u00bbhttps:\/\/eventoscicloderiesgo.com\/old\/wp-content\/uploads\/2019\/03\/Agenda_B2B_WEB3.jpg\u00bb url=\u00bbhttps:\/\/eventoscicloderiesgo.com\/old\/wp-content\/uploads\/2019\/01\/Agenda-B2B-B2C.jpg\u00bb url_new_window=\u00bbon\u00bb align_tablet=\u00bbcenter\u00bb align_phone=\u00bb\u00bb align_last_edited=\u00bbon|desktop\u00bb disabled_on=\u00bbon|off|off\u00bb _builder_version=\u00bb3.23&#8243; border_radii=\u00bbon|10px|10px|10px|10px\u00bb][\/et_pb_image][\/et_pb_column][\/et_pb_row][\/et_pb_section]<\/p>\n","protected":false},"excerpt":{"rendered":"<p>Por fin&#8230;. los altos ejecutivos del mundo financiero de las grandes empresas del pa\u00eds ya tienen su Foro: Dentro de la semana del cr\u00e9dito Disruptivo, el d\u00eda jueves 21, se realizar\u00e1 el Primer Foro sobre la gesti\u00f3n del Ciclo de Financiaci\u00f3n, la Cartera y la Cobranza en empresas de los sectores productivos, industriales, comercio y [&hellip;]<\/p>\n","protected":false},"author":1,"featured_media":0,"parent":0,"menu_order":0,"comment_status":"closed","ping_status":"closed","template":"","meta":{"_et_pb_use_builder":"on","_et_pb_old_content":"","_et_gb_content_width":"","footnotes":""},"class_list":["post-198","page","type-page","status-publish","hentry"],"_links":{"self":[{"href":"https:\/\/eventoscicloderiesgo.com\/old\/wp-json\/wp\/v2\/pages\/198","targetHints":{"allow":["GET"]}}],"collection":[{"href":"https:\/\/eventoscicloderiesgo.com\/old\/wp-json\/wp\/v2\/pages"}],"about":[{"href":"https:\/\/eventoscicloderiesgo.com\/old\/wp-json\/wp\/v2\/types\/page"}],"author":[{"embeddable":true,"href":"https:\/\/eventoscicloderiesgo.com\/old\/wp-json\/wp\/v2\/users\/1"}],"replies":[{"embeddable":true,"href":"https:\/\/eventoscicloderiesgo.com\/old\/wp-json\/wp\/v2\/comments?post=198"}],"version-history":[{"count":0,"href":"https:\/\/eventoscicloderiesgo.com\/old\/wp-json\/wp\/v2\/pages\/198\/revisions"}],"wp:attachment":[{"href":"https:\/\/eventoscicloderiesgo.com\/old\/wp-json\/wp\/v2\/media?parent=198"}],"curies":[{"name":"wp","href":"https:\/\/api.w.org\/{rel}","templated":true}]}}