{"id":294,"date":"2019-01-30T22:56:18","date_gmt":"2019-01-30T22:56:18","guid":{"rendered":"https:\/\/eventoscicloderiesgo.com\/?page_id=294"},"modified":"2020-01-15T01:46:03","modified_gmt":"2020-01-15T01:46:03","slug":"feria-digital","status":"publish","type":"page","link":"https:\/\/eventoscicloderiesgo.com\/old\/feria-digital\/","title":{"rendered":"Feria Digital"},"content":{"rendered":"\n[et_pb_section fb_built=\u00bb1&#8243; _builder_version=\u00bb3.22.3&#8243;][et_pb_row column_structure=\u00bb1_2,1_2&#8243; _builder_version=\u00bb3.25&#8243; custom_padding=\u00bb51px|0px|0|0px|false|false\u00bb][et_pb_column type=\u00bb1_2&#8243; _builder_version=\u00bb3.25&#8243; custom_padding=\u00bb|||\u00bb custom_padding__hover=\u00bb|||\u00bb][et_pb_text _builder_version=\u00bb3.27.4&#8243; header_font=\u00bb|600||on|||||\u00bb header_text_align=\u00bbright\u00bb header_font_size=\u00bb46px\u00bb header_letter_spacing=\u00bb1px\u00bb header_line_height=\u00bb1.1em\u00bb header_text_align_tablet=\u00bb\u00bb header_text_align_phone=\u00bbcenter\u00bb header_text_align_last_edited=\u00bbon|phone\u00bb header_font_size_tablet=\u00bb\u00bb header_font_size_phone=\u00bb30px\u00bb header_font_size_last_edited=\u00bbon|phone\u00bb]<h1>Feria Digital EXPOFINANCE<\/h1>[\/et_pb_text][\/et_pb_column][et_pb_column type=\u00bb1_2&#8243; _builder_version=\u00bb3.25&#8243; custom_padding=\u00bb|||\u00bb custom_padding__hover=\u00bb|||\u00bb][et_pb_text _builder_version=\u00bb3.27.4&#8243; text_font=\u00bb||||||||\u00bb text_font_size=\u00bb20px\u00bb text_line_height=\u00bb1.5em\u00bb header_font=\u00bb||||||||\u00bb]Primera feria de productos y servicios en la cadena de valor de la Gesti\u00f3n Financiera, el Ciclo de Riesgo de Cr\u00e9dito, y la Cobranza[\/et_pb_text][\/et_pb_column][\/et_pb_row][et_pb_row _builder_version=\u00bb3.25&#8243;][et_pb_column type=\u00bb4_4&#8243; _builder_version=\u00bb3.25&#8243; custom_padding=\u00bb|||\u00bb custom_padding__hover=\u00bb|||\u00bb][et_pb_divider _builder_version=\u00bb3.19.9&#8243;][\/et_pb_divider][\/et_pb_column][\/et_pb_row][et_pb_row column_structure=\u00bb1_3,1_3,1_3&#8243; disabled_on=\u00bboff|off|off\u00bb _builder_version=\u00bb3.25&#8243;][et_pb_column type=\u00bb1_3&#8243; _builder_version=\u00bb3.25&#8243; custom_padding=\u00bb|||\u00bb custom_padding__hover=\u00bb|||\u00bb][et_pb_blurb title=\u00bbVisite la Expo\u00bb image=\u00bbhttps:\/\/eventoscicloderiesgo.com\/old\/wp-content\/uploads\/2019\/03\/visor-3d.jpg\u00bb _builder_version=\u00bb3.20.2&#8243; header_font=\u00bb|600||on|||||\u00bb header_font_size=\u00bb20px\u00bb text_orientation=\u00bbcenter\u00bb border_radii_image=\u00bbon|5px|5px|5px|5px\u00bb box_shadow_style_image=\u00bbpreset3&#8243;](Pr\u00f3ximamente)[\/et_pb_blurb][\/et_pb_column][et_pb_column type=\u00bb1_3&#8243; _builder_version=\u00bb3.25&#8243; custom_padding=\u00bb|||\u00bb custom_padding__hover=\u00bb|||\u00bb][et_pb_blurb title=\u00bbSal\u00f3n de Conferencias\u00bb image=\u00bbhttps:\/\/eventoscicloderiesgo.com\/old\/wp-content\/uploads\/2019\/02\/pantallas-salon-de-conferencias.jpg\u00bb _builder_version=\u00bb3.20.2&#8243; header_font=\u00bb|600||on|||||\u00bb header_font_size=\u00bb20px\u00bb text_orientation=\u00bbcenter\u00bb border_radii_image=\u00bbon|5px|5px|5px|5px\u00bb box_shadow_style_image=\u00bbpreset3&#8243;]<p>Haga Clic en el Tema de su Inter\u00e9s y Disfrute de la Agenda de Conferencias<\/p>[\/et_pb_blurb][\/et_pb_column][et_pb_column type=\u00bb1_3&#8243; _builder_version=\u00bb3.25&#8243; custom_padding=\u00bb|||\u00bb custom_padding__hover=\u00bb|||\u00bb][et_pb_blurb title=\u00bbDirectorio ABC\u00bb image=\u00bbhttp:\/\/www.quienesquien.co\/wp-content\/uploads\/2018\/12\/directorio.jpg\u00bb _builder_version=\u00bb3.20.2&#8243; header_font=\u00bb|600||on|||||\u00bb header_font_size=\u00bb20px\u00bb text_orientation=\u00bbcenter\u00bb border_radii_image=\u00bbon|5px|5px|5px|5px\u00bb box_shadow_style_image=\u00bbpreset3&#8243;](Pr\u00f3ximamente)[\/et_pb_blurb][\/et_pb_column][\/et_pb_row][et_pb_row _builder_version=\u00bb3.25&#8243;][et_pb_column type=\u00bb4_4&#8243; _builder_version=\u00bb3.25&#8243; custom_padding=\u00bb|||\u00bb custom_padding__hover=\u00bb|||\u00bb][et_pb_divider show_divider=\u00bboff\u00bb _builder_version=\u00bb3.19.18&#8243;][\/et_pb_divider][\/et_pb_column][\/et_pb_row][et_pb_row column_structure=\u00bb1_2,1_2&#8243; _builder_version=\u00bb3.25&#8243;][et_pb_column type=\u00bb1_2&#8243; _builder_version=\u00bb3.25&#8243; custom_padding=\u00bb|||\u00bb custom_padding__hover=\u00bb|||\u00bb][et_pb_image src=\u00bbhttps:\/\/eventoscicloderiesgo.com\/old\/wp-content\/uploads\/2019\/01\/ExpoFinance-Imagen1.png\u00bb align=\u00bbcenter\u00bb align_tablet=\u00bbcenter\u00bb align_phone=\u00bb\u00bb align_last_edited=\u00bbon|desktop\u00bb _builder_version=\u00bb3.23&#8243;][\/et_pb_image][\/et_pb_column][et_pb_column type=\u00bb1_2&#8243; _builder_version=\u00bb3.25&#8243; custom_padding=\u00bb|||\u00bb custom_padding__hover=\u00bb|||\u00bb][et_pb_text _builder_version=\u00bb3.27.4&#8243; text_font=\u00bb||||||||\u00bb text_font_size=\u00bb15px\u00bb text_line_height=\u00bb1.9em\u00bb]<p>La semana del cr\u00e9dito disruptivo es el espacio ideal para el PRE-lanzamiento de EXPOFINANCE: Primera feria de productos y servicios en la cadena de valor de la Gesti\u00f3n Financiera, el Ciclo de Riesgo de Cr\u00e9dito, y la Cobranza; desarrollada en una Plataforma Digital que estar\u00e1 abierta con sus dos primeros pabellones (Gesti\u00f3n de Cr\u00e9dito y BPO&amp; Cobranza) de 7am a 7pm del lunes 18 al viernes 22 de marzo.<\/p>\n<p><span style=\"color: #009c2a;\"><strong>ENTRADA LIBRE PARA SUSCRIPTORES DE LA REVISTA CICLO DE RIESGO Y PARA INSCRITOS A LA SEMANA DEL CR\u00c8DITO DISRUPTIVO<\/strong><\/span><\/p>\n<p>Desde la comodidad de su oficina, recorra la muestra comercial de herramientas, soluciones, tecnolog\u00eda y productos y servicios en la cadena de valor de la gesti\u00f3n del cr\u00e9dito , la cartera y la cobranza y descargue las m\u00e1s interesantes conferencias .<\/p>\n<p>Movilidad con Avatar<\/p>[\/et_pb_text][\/et_pb_column][\/et_pb_row][\/et_pb_section][et_pb_section fb_built=\u00bb1&#8243; _builder_version=\u00bb3.22.3&#8243; background_image=\u00bbhttps:\/\/eventoscicloderiesgo.com\/old\/wp-content\/uploads\/2019\/02\/feriaDigitalImagen1_v1.png\u00bb parallax=\u00bbon\u00bb custom_padding=\u00bb112px|0px|89px|0px|false|false\u00bb][et_pb_row column_structure=\u00bb1_3,1_3,1_3&#8243; _builder_version=\u00bb3.25&#8243;][et_pb_column type=\u00bb1_3&#8243; _builder_version=\u00bb3.25&#8243; custom_padding=\u00bb|||\u00bb custom_padding__hover=\u00bb|||\u00bb][et_pb_blurb title=\u00bbMUESTRA COMERCIAL en  3D\u00bb use_icon=\u00bbon\u00bb font_icon=\u00bb%%57%%\u00bb icon_color=\u00bb#ffcc00&#8243; icon_placement=\u00bbleft\u00bb _builder_version=\u00bb3.19.9&#8243; header_font=\u00bb||||||||\u00bb header_font_size=\u00bb16px\u00bb background_layout=\u00bbdark\u00bb][\/et_pb_blurb][\/et_pb_column][et_pb_column type=\u00bb1_3&#8243; _builder_version=\u00bb3.25&#8243; custom_padding=\u00bb|||\u00bb custom_padding__hover=\u00bb|||\u00bb][et_pb_blurb title=\u00bbStand Interactivos\u00bb use_icon=\u00bbon\u00bb font_icon=\u00bb%%57%%\u00bb icon_color=\u00bb#ffcc00&#8243; icon_placement=\u00bbleft\u00bb _builder_version=\u00bb3.19.9&#8243; header_font=\u00bb||||||||\u00bb header_font_size=\u00bb16px\u00bb background_layout=\u00bbdark\u00bb][\/et_pb_blurb][\/et_pb_column][et_pb_column type=\u00bb1_3&#8243; _builder_version=\u00bb3.25&#8243; custom_padding=\u00bb|||\u00bb custom_padding__hover=\u00bb|||\u00bb][et_pb_blurb title=\u00bbSoluciones, Tecnolog\u00eda, Productos y\u00bb use_icon=\u00bbon\u00bb font_icon=\u00bb%%57%%\u00bb icon_color=\u00bb#ffcc00&#8243; icon_placement=\u00bbleft\u00bb _builder_version=\u00bb3.19.9&#8243; header_font=\u00bb||||||||\u00bb header_font_size=\u00bb16px\u00bb header_line_height=\u00bb1.2em\u00bb background_layout=\u00bbdark\u00bb][\/et_pb_blurb][\/et_pb_column][\/et_pb_row][et_pb_row column_structure=\u00bb1_3,1_3,1_3&#8243; _builder_version=\u00bb3.25&#8243;][et_pb_column type=\u00bb1_3&#8243; _builder_version=\u00bb3.25&#8243; custom_padding=\u00bb|||\u00bb custom_padding__hover=\u00bb|||\u00bb][et_pb_blurb title=\u00bbServicios en la Cadena de Valor de la Gesti\u00f3n Financiera, el Riesgo, el Cr\u00e9dito y la Cobranza\u00bb use_icon=\u00bbon\u00bb font_icon=\u00bb%%57%%\u00bb icon_color=\u00bb#ffcc00&#8243; icon_placement=\u00bbleft\u00bb _builder_version=\u00bb3.19.9&#8243; header_font=\u00bb||||||||\u00bb header_font_size=\u00bb16px\u00bb header_line_height=\u00bb1.3em\u00bb background_layout=\u00bbdark\u00bb][\/et_pb_blurb][\/et_pb_column][et_pb_column type=\u00bb1_3&#8243; _builder_version=\u00bb3.25&#8243; custom_padding=\u00bb|||\u00bb custom_padding__hover=\u00bb|||\u00bb][et_pb_blurb title=\u00bbMovilidad con Avatar\u00bb use_icon=\u00bbon\u00bb font_icon=\u00bb%%57%%\u00bb icon_color=\u00bb#ffcc00&#8243; icon_placement=\u00bbleft\u00bb _builder_version=\u00bb3.19.9&#8243; header_font=\u00bb||||||||\u00bb header_font_size=\u00bb16px\u00bb background_layout=\u00bbdark\u00bb][\/et_pb_blurb][\/et_pb_column][et_pb_column type=\u00bb1_3&#8243; _builder_version=\u00bb3.25&#8243; custom_padding=\u00bb|||\u00bb custom_padding__hover=\u00bb|||\u00bb][et_pb_blurb title=\u00bbZona de Registro con escarapela Virtual\u00bb use_icon=\u00bbon\u00bb font_icon=\u00bb%%57%%\u00bb icon_color=\u00bb#ffcc00&#8243; icon_placement=\u00bbleft\u00bb _builder_version=\u00bb3.19.9&#8243; header_font=\u00bb||||||||\u00bb header_font_size=\u00bb16px\u00bb header_line_height=\u00bb1.3em\u00bb background_layout=\u00bbdark\u00bb][\/et_pb_blurb][\/et_pb_column][\/et_pb_row][\/et_pb_section][et_pb_section fb_built=\u00bb1&#8243; _builder_version=\u00bb3.22.3&#8243; background_image=\u00bbhttps:\/\/eventoscicloderiesgo.com\/old\/wp-content\/uploads\/2019\/02\/feriaDigitalImagen3_v1.png\u00bb parallax=\u00bbon\u00bb custom_padding=\u00bb113px|0px|113px|0px|false|false\u00bb][et_pb_row _builder_version=\u00bb3.25&#8243;][et_pb_column type=\u00bb4_4&#8243; _builder_version=\u00bb3.25&#8243; custom_padding=\u00bb|||\u00bb custom_padding__hover=\u00bb|||\u00bb][et_pb_text _builder_version=\u00bb3.27.4&#8243; text_font=\u00bb||||||||\u00bb text_font_size=\u00bb28px\u00bb text_line_height=\u00bb1.6em\u00bb text_orientation=\u00bbcenter\u00bb background_layout=\u00bbdark\u00bb]Sal\u00f3n de Conferencias para  el desarrollo de la agenda acad\u00e9mica con los temas de Vanguardia :[\/et_pb_text][\/et_pb_column][\/et_pb_row][et_pb_row column_structure=\u00bb1_3,1_3,1_3&#8243; _builder_version=\u00bb3.25&#8243;][et_pb_column type=\u00bb1_3&#8243; _builder_version=\u00bb3.25&#8243; custom_padding=\u00bb|||\u00bb custom_padding__hover=\u00bb|||\u00bb][et_pb_blurb use_icon=\u00bbon\u00bb font_icon=\u00bb%%57%%\u00bb icon_color=\u00bb#ffcc00&#8243; icon_placement=\u00bbleft\u00bb _builder_version=\u00bb3.19.9&#8243; body_font=\u00bb||||||||\u00bb body_font_size=\u00bb22px\u00bb background_layout=\u00bbdark\u00bb]<p>Riesgo<\/p>[\/et_pb_blurb][et_pb_blurb use_icon=\u00bbon\u00bb font_icon=\u00bb%%57%%\u00bb icon_color=\u00bb#ffcc00&#8243; icon_placement=\u00bbleft\u00bb _builder_version=\u00bb3.19.9&#8243; body_font=\u00bb||||||||\u00bb body_font_size=\u00bb22px\u00bb background_layout=\u00bbdark\u00bb]<p>Cr\u00e9dito<\/p>[\/et_pb_blurb][\/et_pb_column][et_pb_column type=\u00bb1_3&#8243; _builder_version=\u00bb3.25&#8243; custom_padding=\u00bb|||\u00bb custom_padding__hover=\u00bb|||\u00bb][et_pb_blurb use_icon=\u00bbon\u00bb font_icon=\u00bb%%57%%\u00bb icon_color=\u00bb#ffcc00&#8243; icon_placement=\u00bbleft\u00bb _builder_version=\u00bb3.19.9&#8243; body_font=\u00bb||||||||\u00bb body_font_size=\u00bb22px\u00bb background_layout=\u00bbdark\u00bb]<p>Cartera<\/p>[\/et_pb_blurb][et_pb_blurb use_icon=\u00bbon\u00bb font_icon=\u00bb%%57%%\u00bb icon_color=\u00bb#ffcc00&#8243; icon_placement=\u00bbleft\u00bb _builder_version=\u00bb3.19.9&#8243; body_font=\u00bb||||||||\u00bb body_font_size=\u00bb22px\u00bb background_layout=\u00bbdark\u00bb]<p>Cobranza<\/p>[\/et_pb_blurb][\/et_pb_column][et_pb_column type=\u00bb1_3&#8243; _builder_version=\u00bb3.25&#8243; custom_padding=\u00bb|||\u00bb custom_padding__hover=\u00bb|||\u00bb][et_pb_blurb use_icon=\u00bbon\u00bb font_icon=\u00bb%%57%%\u00bb icon_color=\u00bb#ffcc00&#8243; icon_placement=\u00bbleft\u00bb _builder_version=\u00bb3.19.9&#8243; body_font=\u00bb||||||||\u00bb body_font_size=\u00bb22px\u00bb background_layout=\u00bbdark\u00bb]<p>Fintech<\/p>[\/et_pb_blurb][\/et_pb_column][\/et_pb_row][\/et_pb_section]\n","protected":false},"excerpt":{"rendered":"<p>Feria Digital EXPOFINANCEPrimera feria de productos y servicios en la cadena de valor de la Gesti\u00f3n Financiera, el Ciclo de Riesgo de Cr\u00e9dito, y la Cobranza(Pr\u00f3ximamente)Haga Clic en el Tema de su Inter\u00e9s y Disfrute de la Agenda de Conferencias(Pr\u00f3ximamente)La semana del cr\u00e9dito disruptivo es el espacio ideal para el PRE-lanzamiento de EXPOFINANCE: Primera feria [&hellip;]<\/p>\n","protected":false},"author":1,"featured_media":0,"parent":0,"menu_order":0,"comment_status":"closed","ping_status":"closed","template":"","meta":{"_et_pb_use_builder":"on","_et_pb_old_content":"","_et_gb_content_width":"","footnotes":""},"class_list":["post-294","page","type-page","status-publish","hentry"],"_links":{"self":[{"href":"https:\/\/eventoscicloderiesgo.com\/old\/wp-json\/wp\/v2\/pages\/294","targetHints":{"allow":["GET"]}}],"collection":[{"href":"https:\/\/eventoscicloderiesgo.com\/old\/wp-json\/wp\/v2\/pages"}],"about":[{"href":"https:\/\/eventoscicloderiesgo.com\/old\/wp-json\/wp\/v2\/types\/page"}],"author":[{"embeddable":true,"href":"https:\/\/eventoscicloderiesgo.com\/old\/wp-json\/wp\/v2\/users\/1"}],"replies":[{"embeddable":true,"href":"https:\/\/eventoscicloderiesgo.com\/old\/wp-json\/wp\/v2\/comments?post=294"}],"version-history":[{"count":0,"href":"https:\/\/eventoscicloderiesgo.com\/old\/wp-json\/wp\/v2\/pages\/294\/revisions"}],"wp:attachment":[{"href":"https:\/\/eventoscicloderiesgo.com\/old\/wp-json\/wp\/v2\/media?parent=294"}],"curies":[{"name":"wp","href":"https:\/\/api.w.org\/{rel}","templated":true}]}}