{"id":303,"date":"2019-01-30T23:01:29","date_gmt":"2019-01-30T23:01:29","guid":{"rendered":"https:\/\/eventoscicloderiesgo.com\/?page_id=303"},"modified":"2021-03-01T20:07:04","modified_gmt":"2021-03-01T20:07:04","slug":"collections-week-2019","status":"publish","type":"page","link":"https:\/\/eventoscicloderiesgo.com\/old\/collections-week-2019\/","title":{"rendered":"Collections Week"},"content":{"rendered":"<p>[et_pb_section fb_built=\u00bb1&#8243; _builder_version=\u00bb4.9.0&#8243; custom_padding=\u00bb60px||0px||false|false\u00bb hover_enabled=\u00bb0&#8243; custom_margin=\u00bb-75px||||false|false\u00bb sticky_enabled=\u00bb0&#8243; da_is_popup=\u00bboff\u00bb da_exit_intent=\u00bboff\u00bb da_has_close=\u00bbon\u00bb da_alt_close=\u00bboff\u00bb da_dark_close=\u00bboff\u00bb da_not_modal=\u00bbon\u00bb da_is_singular=\u00bboff\u00bb da_with_loader=\u00bboff\u00bb da_has_shadow=\u00bbon\u00bb da_disable_devices=\u00bboff|off|off\u00bb][et_pb_row column_structure=\u00bb1_2,1_2&#8243; _builder_version=\u00bb3.25.3&#8243;][et_pb_column type=\u00bb1_2&#8243; _builder_version=\u00bb3.25.3&#8243;][et_pb_image src=\u00bbhttps:\/\/eventoscicloderiesgo.com\/old\/wp-content\/uploads\/2019\/05\/Collection_Week.jpg\u00bb align=\u00bbcenter\u00bb align_tablet=\u00bbcenter\u00bb align_phone=\u00bb\u00bb align_last_edited=\u00bbon|desktop\u00bb _builder_version=\u00bb3.25.3&#8243;][\/et_pb_image][\/et_pb_column][et_pb_column type=\u00bb1_2&#8243; _builder_version=\u00bb3.25.3&#8243;][et_pb_text _builder_version=\u00bb3.27.4&#8243; header_font=\u00bbRoboto|700||on|||||\u00bb header_text_color=\u00bb#6b6b6b\u00bb header_font_size=\u00bb45px\u00bb header_letter_spacing=\u00bb2px\u00bb header_line_height=\u00bb1.1em\u00bb header_2_font=\u00bb|||on|||||\u00bb header_2_font_size=\u00bb51px\u00bb custom_margin=\u00bb42px||\u00bb header_text_align_tablet=\u00bb\u00bb header_text_align_phone=\u00bbcenter\u00bb header_text_align_last_edited=\u00bbon|phone\u00bb header_font_size_tablet=\u00bb\u00bb header_font_size_phone=\u00bb24px\u00bb header_font_size_last_edited=\u00bbon|phone\u00bb]<\/p>\n<h1>No corra el riesgo de perd\u00e9rselo<\/h1>\n<p>[\/et_pb_text][\/et_pb_column][\/et_pb_row][et_pb_row _builder_version=\u00bb3.25.3&#8243;][et_pb_column type=\u00bb4_4&#8243; _builder_version=\u00bb3.25.3&#8243;][et_pb_divider _builder_version=\u00bb3.25.3&#8243;][\/et_pb_divider][\/et_pb_column][\/et_pb_row][\/et_pb_section][et_pb_section fb_built=\u00bb1&#8243; specialty=\u00bbon\u00bb _builder_version=\u00bb3.25.3&#8243; width=\u00bb100%\u00bb custom_padding=\u00bb7px|||||\u00bb da_is_popup=\u00bboff\u00bb da_exit_intent=\u00bboff\u00bb da_has_close=\u00bbon\u00bb da_alt_close=\u00bboff\u00bb da_dark_close=\u00bboff\u00bb da_not_modal=\u00bbon\u00bb da_is_singular=\u00bboff\u00bb da_with_loader=\u00bboff\u00bb da_has_shadow=\u00bbon\u00bb da_disable_devices=\u00bboff|off|off\u00bb][et_pb_column type=\u00bb1_3&#8243; _builder_version=\u00bb3.25&#8243; custom_padding=\u00bb|||\u00bb custom_padding__hover=\u00bb|||\u00bb][et_pb_blurb title=\u00bbAgenda\u00bb use_icon=\u00bbon\u00bb font_icon=\u00bb%%128%%\u00bb icon_color=\u00bb#aa1b1f\u00bb icon_placement=\u00bbleft\u00bb use_icon_font_size=\u00bbon\u00bb icon_font_size=\u00bb60px\u00bb _builder_version=\u00bb3.26.6&#8243; header_font=\u00bb||||||||\u00bb header_font_size=\u00bb22px\u00bb body_font=\u00bb||||||||\u00bb body_font_size=\u00bb18px\u00bb background_color=\u00bb#efefef\u00bb custom_padding=\u00bb20px|8px|20px|8px|true|true\u00bb link_option_url=\u00bbhttps:\/\/eventoscicloderiesgo.com\/old\/wp-content\/uploads\/2019\/Collection-week-agosto\/Brochure-master-conversatorio-y-coffee-Collectiosn-WEEK-.pdf\u00bb border_radii=\u00bbon|10px|10px|10px|10px\u00bb]<\/p>\n<p>Descargue el PDF de la <strong><span style=\"text-decoration: underline; color: #0000ff;\"><span style=\"color: #3366ff; text-decoration: underline;\">agenda<\/span><\/span><\/strong>.<\/p>\n<p>[\/et_pb_blurb][et_pb_blurb title=\u00bbValor de la Inversi\u00f3n\u00bb use_icon=\u00bbon\u00bb font_icon=\u00bb%%155%%\u00bb icon_color=\u00bb#aa1b1f\u00bb icon_placement=\u00bbleft\u00bb use_icon_font_size=\u00bbon\u00bb icon_font_size=\u00bb60px\u00bb _builder_version=\u00bb3.25.4&#8243; header_font=\u00bb||||||||\u00bb header_font_size=\u00bb22px\u00bb body_font=\u00bb||||||||\u00bb body_font_size=\u00bb18px\u00bb background_color=\u00bb#efefef\u00bb custom_padding=\u00bb20px|8px|20px|8px|true|true\u00bb link_option_url=\u00bbhttps:\/\/eventoscicloderiesgo.com\/old\/wp-content\/uploads\/2019\/Collection-week-agosto\/Brochure-valor-inversion.jpg\u00bb border_radii=\u00bbon|10px|10px|10px|10px\u00bb]<\/p>\n<p>Detalles de la <span style=\"text-decoration: underline;\"><a href=\"https:\/\/eventoscicloderiesgo.com\/old\/wp-content\/uploads\/2019\/Collection-week-agosto\/Brochure-valor-inversion.jpg\">inversi\u00f3n y descuentos<\/a><\/span><\/p>\n<p>[\/et_pb_blurb][et_pb_blurb title=\u00bbFormulario de Inscripci\u00f3n\u00bb use_icon=\u00bbon\u00bb font_icon=\u00bb%%75%%\u00bb icon_color=\u00bb#aa1b1f\u00bb icon_placement=\u00bbleft\u00bb use_icon_font_size=\u00bbon\u00bb icon_font_size=\u00bb60px\u00bb _builder_version=\u00bb3.26.6&#8243; header_font=\u00bb||||||||\u00bb header_font_size=\u00bb22px\u00bb body_font=\u00bb||||||||\u00bb body_font_size=\u00bb18px\u00bb background_color=\u00bb#efefef\u00bb custom_padding=\u00bb20px|8px|20px|8px|true|true\u00bb link_option_url=\u00bbhttps:\/\/eventoscicloderiesgo.com\/old\/wp-content\/uploads\/2019\/Collection-week-agosto\/CollectionWeek-Formato-Inscripcion-Participantes.xlsx\u00bb border_radii=\u00bbon|10px|10px|10px|10px\u00bb]<\/p>\n<p>Descargue el <span style=\"text-decoration: underline;\"><strong><a href=\"https:\/\/eventoscicloderiesgo.com\/old\/wp-content\/uploads\/2019\/Collection-week-agosto\/CollectionWeek-Formato-Inscripcion-Participantes.xlsx\" target=\"_blank\" rel=\"noopener noreferrer\">formato de inscripci\u00f3n<\/a><\/strong><\/span>.<\/p>\n<p>[\/et_pb_blurb][et_pb_blurb title=\u00bbTarifas de Alojamiento\u00bb use_icon=\u00bbon\u00bb font_icon=\u00bb%%161%%\u00bb icon_color=\u00bb#aa1b1f\u00bb icon_placement=\u00bbleft\u00bb use_icon_font_size=\u00bbon\u00bb icon_font_size=\u00bb60px\u00bb _builder_version=\u00bb3.19.9&#8243; header_font=\u00bb||||||||\u00bb header_font_size=\u00bb22px\u00bb body_font=\u00bb||||||||\u00bb body_font_size=\u00bb18px\u00bb background_color=\u00bb#efefef\u00bb custom_padding=\u00bb20px|8px|20px|8px|true|true\u00bb border_radii=\u00bbon|10px|10px|10px|10px\u00bb]<\/p>\n<p>Muy pronto mayor informaci\u00f3n<\/p>\n<p>[\/et_pb_blurb][et_pb_blurb title=\u00bbMemorias\u00bb use_icon=\u00bbon\u00bb font_icon=\u00bb%%72%%\u00bb icon_color=\u00bb#aa1b1f\u00bb icon_placement=\u00bbleft\u00bb use_icon_font_size=\u00bbon\u00bb icon_font_size=\u00bb60px\u00bb disabled_on=\u00bboff|off|off\u00bb _builder_version=\u00bb3.26.6&#8243; header_font=\u00bb||||||||\u00bb header_font_size=\u00bb22px\u00bb body_font=\u00bb||||||||\u00bb body_font_size=\u00bb18px\u00bb background_color=\u00bb#efefef\u00bb custom_padding=\u00bb20px|8px|20px|8px|true|true\u00bb link_option_url=\u00bbhttps:\/\/eventoscicloderiesgo.com\/old\/memorias-collection-week\/\u00bb border_radii=\u00bbon|10px|10px|10px|10px\u00bb locked=\u00bboff\u00bb]Pr\u00f3ximamente podr\u00e1 descargar aqu\u00ed las memorias del evento[\/et_pb_blurb][\/et_pb_column][et_pb_column type=\u00bb2_3&#8243; specialty_columns=\u00bb2&#8243; _builder_version=\u00bb3.25&#8243; custom_padding=\u00bb|||\u00bb custom_padding__hover=\u00bb|||\u00bb][et_pb_row_inner column_structure=\u00bb1_2,1_2&#8243; use_custom_gutter=\u00bbon\u00bb gutter_width=\u00bb1&#8243; make_equal=\u00bbon\u00bb _builder_version=\u00bb3.25.4&#8243;][et_pb_column_inner type=\u00bb1_2&#8243; saved_specialty_column_type=\u00bb2_3&#8243; _builder_version=\u00bb3.25.4&#8243; custom_padding=\u00bb|20px||\u00bb border_color_all=\u00bb#fc9131&#8243; border_width_right=\u00bb1px\u00bb][et_pb_image src=\u00bbhttps:\/\/eventoscicloderiesgo.com\/old\/wp-content\/uploads\/2019\/Collection-week-agosto\/logo-feria-digital.jpg\u00bb url=\u00bbhttps:\/\/eventoscicloderiesgo.com\/old\/feria-digital\/\u00bb show_bottom_space=\u00bboff\u00bb align=\u00bbcenter\u00bb _builder_version=\u00bb3.25.3&#8243; custom_margin=\u00bb20px||20px||true\u00bb][\/et_pb_image][\/et_pb_column_inner][et_pb_column_inner type=\u00bb1_2&#8243; saved_specialty_column_type=\u00bb2_3&#8243; _builder_version=\u00bb3.25.3&#8243; custom_padding=\u00bb|||20px\u00bb][et_pb_text _builder_version=\u00bb3.27.4&#8243; text_font=\u00bb||||||||\u00bb]<\/p>\n<h3>Feria Digital<\/h3>\n<p>ExpoCOBRANZAS<br \/> Lunes 12 al Viernes 16<\/p>\n<div id=\"gtx-trans\" style=\"position: absolute; left: -8px; top: -0.5px;\">\n<div class=\"gtx-trans-icon\"><\/div>\n<\/div>\n<p>[\/et_pb_text][et_pb_button button_url=\u00bbhttps:\/\/eventoscicloderiesgo.com\/old\/feria-digital\/\u00bb button_text=\u00bbM\u00e1s Informac\u00edon\u00bb _builder_version=\u00bb3.25.3&#8243; custom_button=\u00bbon\u00bb button_text_size=\u00bb14px\u00bb button_font=\u00bb|||on|||||\u00bb button_use_icon=\u00bboff\u00bb custom_margin=\u00bb15px||\u00bb custom_padding=\u00bb1px|7px|1px|7px|true|true\u00bb][\/et_pb_button][\/et_pb_column_inner][\/et_pb_row_inner][et_pb_row_inner column_structure=\u00bb1_2,1_2&#8243; use_custom_gutter=\u00bbon\u00bb gutter_width=\u00bb1&#8243; make_equal=\u00bbon\u00bb disabled_on=\u00bboff|off|off\u00bb _builder_version=\u00bb3.25.4&#8243;][et_pb_column_inner type=\u00bb1_2&#8243; saved_specialty_column_type=\u00bb2_3&#8243; _builder_version=\u00bb3.25.3&#8243; custom_padding=\u00bb|20px||\u00bb border_color_all=\u00bb#aa1b1f\u00bb border_width_right=\u00bb1px\u00bb border_color_right=\u00bb#fc9131&#8243;][et_pb_image src=\u00bbhttps:\/\/eventoscicloderiesgo.com\/old\/wp-content\/uploads\/2019\/Collection-week-agosto\/logo-taller.jpg\u00bb url=\u00bbhttps:\/\/eventoscicloderiesgo.com\/old\/taller-de-cobranza-alto-impacto-agosto\/\u00bb show_bottom_space=\u00bboff\u00bb align=\u00bbcenter\u00bb _builder_version=\u00bb3.25.4&#8243; custom_margin=\u00bb20px||20px||true\u00bb][\/et_pb_image][\/et_pb_column_inner][et_pb_column_inner type=\u00bb1_2&#8243; saved_specialty_column_type=\u00bb2_3&#8243; _builder_version=\u00bb3.25.3&#8243; custom_padding=\u00bb|||20px\u00bb][et_pb_text _builder_version=\u00bb3.27.4&#8243; text_font=\u00bb||||||||\u00bb header_font=\u00bb||||||||\u00bb header_5_font=\u00bb||||||||\u00bb header_5_text_color=\u00bb#aa1b1f\u00bb]<\/p>\n<h3>Taller T\u00e9cnicas y T\u00e1cticas de Cobranza y Negociaci\u00f3n de Alto Impato<\/h3>\n<ul>\n<li>Martes 13 de Agosto<\/li>\n<li>Hotel Embassy Park Corferias<\/li>\n<\/ul>\n<h5>Bogot\u00e1<\/h5>\n<p>[\/et_pb_text][et_pb_button button_url=\u00bbhttps:\/\/eventoscicloderiesgo.com\/old\/taller-de-cobranza-alto-impacto-agosto\/\u00bb button_text=\u00bbM\u00e1s Informac\u00edon\u00bb _builder_version=\u00bb3.25.3&#8243; custom_button=\u00bbon\u00bb button_text_size=\u00bb14px\u00bb button_font=\u00bb|||on|||||\u00bb button_use_icon=\u00bboff\u00bb custom_margin=\u00bb15px||\u00bb custom_padding=\u00bb1px|7px|1px|7px|true|true\u00bb][\/et_pb_button][\/et_pb_column_inner][\/et_pb_row_inner][et_pb_row_inner column_structure=\u00bb1_2,1_2&#8243; use_custom_gutter=\u00bbon\u00bb gutter_width=\u00bb1&#8243; make_equal=\u00bbon\u00bb _builder_version=\u00bb3.25.3&#8243;][et_pb_column_inner type=\u00bb1_2&#8243; saved_specialty_column_type=\u00bb2_3&#8243; _builder_version=\u00bb3.25.3&#8243; custom_padding=\u00bb|20px||\u00bb border_color_all=\u00bb#aa1b1f\u00bb border_width_right=\u00bb1px\u00bb border_color_right=\u00bb#fc9131&#8243;][et_pb_image src=\u00bbhttps:\/\/eventoscicloderiesgo.com\/old\/wp-content\/uploads\/2019\/Collection-week-agosto\/logo-4-master-class.jpg\u00bb url=\u00bbhttps:\/\/eventoscicloderiesgo.com\/old\/4-master-class-collections-management-agosto\/\u00bb show_bottom_space=\u00bboff\u00bb align=\u00bbcenter\u00bb _builder_version=\u00bb3.25.3&#8243; custom_margin=\u00bb20px||20px||true\u00bb][\/et_pb_image][\/et_pb_column_inner][et_pb_column_inner type=\u00bb1_2&#8243; saved_specialty_column_type=\u00bb2_3&#8243; _builder_version=\u00bb3.25.3&#8243; custom_padding=\u00bb|||20px\u00bb][et_pb_text _builder_version=\u00bb3.27.4&#8243; text_font=\u00bb||||||||\u00bb header_font=\u00bb||||||||\u00bb header_5_font=\u00bb||||||||\u00bb header_5_text_color=\u00bb#aa1b1f\u00bb]<\/p>\n<h3>4 Master Class | Collections Management<\/h3>\n<p>Gerenciamiento de alto Impacto para las \u00e1reas de Cobranza<\/p>\n<ul>\n<li>Mi\u00e9rcoles 14 de Agosto<\/li>\n<li>Club Uni\u00f3n San Fernando Plaza<\/li>\n<\/ul>\n<h5>Medell\u00edn<\/h5>\n<p>[\/et_pb_text][et_pb_button button_url=\u00bbhttps:\/\/eventoscicloderiesgo.com\/old\/4-master-class-collections-management-agosto\/\u00bb button_text=\u00bbM\u00e1s Informac\u00edon\u00bb _builder_version=\u00bb3.25.3&#8243; custom_button=\u00bbon\u00bb button_text_size=\u00bb14px\u00bb button_font=\u00bb|||on|||||\u00bb button_use_icon=\u00bboff\u00bb custom_margin=\u00bb15px||\u00bb custom_padding=\u00bb1px|7px|1px|7px|true|true\u00bb][\/et_pb_button][\/et_pb_column_inner][\/et_pb_row_inner][et_pb_row_inner column_structure=\u00bb1_2,1_2&#8243; use_custom_gutter=\u00bbon\u00bb gutter_width=\u00bb1&#8243; make_equal=\u00bbon\u00bb _builder_version=\u00bb3.25.3&#8243;][et_pb_column_inner type=\u00bb1_2&#8243; saved_specialty_column_type=\u00bb2_3&#8243; _builder_version=\u00bb3.25.3&#8243; custom_padding=\u00bb|20px||\u00bb border_color_all=\u00bb#aa1b1f\u00bb border_width_right=\u00bb1px\u00bb border_color_right=\u00bb#fc9131&#8243;][et_pb_image src=\u00bbhttps:\/\/eventoscicloderiesgo.com\/old\/wp-content\/uploads\/2019\/Collection-week-agosto\/logo-10-conversatorio.jpg\u00bb url=\u00bbhttps:\/\/eventoscicloderiesgo.com\/old\/10-conversatorio-lideres-de-la-cobranza-agosto\/\u00bb show_bottom_space=\u00bboff\u00bb align=\u00bbcenter\u00bb _builder_version=\u00bb3.25.3&#8243; custom_margin=\u00bb20px||20px||true\u00bb][\/et_pb_image][\/et_pb_column_inner][et_pb_column_inner type=\u00bb1_2&#8243; saved_specialty_column_type=\u00bb2_3&#8243; _builder_version=\u00bb3.25.3&#8243; custom_padding=\u00bb|||20px\u00bb][et_pb_text _builder_version=\u00bb3.27.4&#8243; text_font=\u00bb||||||||\u00bb header_font=\u00bb||||||||\u00bb header_5_font=\u00bb||||||||\u00bb header_5_text_color=\u00bb#aa1b1f\u00bb]<\/p>\n<h3>10 Conversatorio L\u00edderes de la Cobranza<\/h3>\n<p>Gerenciamiento de alto Impacto para las \u00e1reas de Cobranza<\/p>\n<ul>\n<li>Jueves 15 de Agosto<\/li>\n<li>Club Uni\u00f3n San Fernando Plaza<\/li>\n<\/ul>\n<h5>Medell\u00edn<\/h5>\n<p>[\/et_pb_text][et_pb_button button_url=\u00bbhttps:\/\/eventoscicloderiesgo.com\/old\/10-conversatorio-lideres-de-la-cobranza-agosto\/\u00bb button_text=\u00bbM\u00e1s Informac\u00edon\u00bb _builder_version=\u00bb3.25.3&#8243; custom_button=\u00bbon\u00bb button_text_size=\u00bb14px\u00bb button_font=\u00bb|||on|||||\u00bb button_use_icon=\u00bboff\u00bb custom_margin=\u00bb15px||\u00bb custom_padding=\u00bb1px|7px|1px|7px|true|true\u00bb][\/et_pb_button][\/et_pb_column_inner][\/et_pb_row_inner][et_pb_row_inner column_structure=\u00bb1_2,1_2&#8243; use_custom_gutter=\u00bbon\u00bb gutter_width=\u00bb1&#8243; make_equal=\u00bbon\u00bb _builder_version=\u00bb3.25.3&#8243; custom_margin=\u00bb||50px\u00bb][et_pb_column_inner type=\u00bb1_2&#8243; saved_specialty_column_type=\u00bb2_3&#8243; _builder_version=\u00bb3.25.3&#8243; custom_padding=\u00bb|20px||\u00bb border_color_all=\u00bb#aa1b1f\u00bb border_width_right=\u00bb1px\u00bb border_color_right=\u00bb#fc9131&#8243;][et_pb_image src=\u00bbhttps:\/\/eventoscicloderiesgo.com\/old\/wp-content\/uploads\/2019\/Collection-week-agosto\/logo-open-collections.jpg\u00bb url=\u00bbhttps:\/\/eventoscicloderiesgo.com\/old\/open-collections-coffee-agosto\/\u00bb show_bottom_space=\u00bboff\u00bb align=\u00bbcenter\u00bb _builder_version=\u00bb3.25.3&#8243; custom_margin=\u00bb20px||20px||true\u00bb][\/et_pb_image][\/et_pb_column_inner][et_pb_column_inner type=\u00bb1_2&#8243; saved_specialty_column_type=\u00bb2_3&#8243; _builder_version=\u00bb3.25.3&#8243; custom_padding=\u00bb|||20px\u00bb][et_pb_text _builder_version=\u00bb3.27.4&#8243; text_font=\u00bb||||||||\u00bb header_font=\u00bb||||||||\u00bb header_5_font=\u00bb||||||||\u00bb header_5_text_color=\u00bb#aa1b1f\u00bb]<\/p>\n<h3>Open Collections Coffee<\/h3>\n<ul>\n<li>Viernes 16 de Agosto<\/li>\n<li>Caf\u00e9 San Alberto &#8211; Usaqu\u00e9n<\/li>\n<\/ul>\n<h5>Bogot\u00e1<\/h5>\n<p>[\/et_pb_text][et_pb_button button_url=\u00bbhttps:\/\/eventoscicloderiesgo.com\/old\/open-collections-coffee-agosto\/\u00bb button_text=\u00bbM\u00e1s Informac\u00edon\u00bb _builder_version=\u00bb3.25.3&#8243; custom_button=\u00bbon\u00bb button_text_size=\u00bb14px\u00bb button_font=\u00bb|||on|||||\u00bb button_use_icon=\u00bboff\u00bb custom_margin=\u00bb15px||\u00bb custom_padding=\u00bb1px|7px|1px|7px|true|true\u00bb][\/et_pb_button][\/et_pb_column_inner][\/et_pb_row_inner][\/et_pb_column][\/et_pb_section]<\/p>\n","protected":false},"excerpt":{"rendered":"<p>No corra el riesgo de perd\u00e9rseloDescargue el PDF de la agenda.Detalles de la inversi\u00f3n y descuentosDescargue el formato de inscripci\u00f3n.Muy pronto mayor informaci\u00f3nPr\u00f3ximamente podr\u00e1 descargar aqu\u00ed las memorias del eventoFeria Digital ExpoCOBRANZAS Lunes 12 al Viernes 16 Taller T\u00e9cnicas y T\u00e1cticas de Cobranza y Negociaci\u00f3n de Alto Impato Martes 13 de Agosto Hotel Embassy Park [&hellip;]<\/p>\n","protected":false},"author":1,"featured_media":0,"parent":0,"menu_order":0,"comment_status":"closed","ping_status":"closed","template":"","meta":{"_et_pb_use_builder":"on","_et_pb_old_content":"","_et_gb_content_width":"","footnotes":""},"class_list":["post-303","page","type-page","status-publish","hentry"],"_links":{"self":[{"href":"https:\/\/eventoscicloderiesgo.com\/old\/wp-json\/wp\/v2\/pages\/303","targetHints":{"allow":["GET"]}}],"collection":[{"href":"https:\/\/eventoscicloderiesgo.com\/old\/wp-json\/wp\/v2\/pages"}],"about":[{"href":"https:\/\/eventoscicloderiesgo.com\/old\/wp-json\/wp\/v2\/types\/page"}],"author":[{"embeddable":true,"href":"https:\/\/eventoscicloderiesgo.com\/old\/wp-json\/wp\/v2\/users\/1"}],"replies":[{"embeddable":true,"href":"https:\/\/eventoscicloderiesgo.com\/old\/wp-json\/wp\/v2\/comments?post=303"}],"version-history":[{"count":0,"href":"https:\/\/eventoscicloderiesgo.com\/old\/wp-json\/wp\/v2\/pages\/303\/revisions"}],"wp:attachment":[{"href":"https:\/\/eventoscicloderiesgo.com\/old\/wp-json\/wp\/v2\/media?parent=303"}],"curies":[{"name":"wp","href":"https:\/\/api.w.org\/{rel}","templated":true}]}}