{"id":5558,"date":"2021-09-06T04:34:19","date_gmt":"2021-09-06T04:34:19","guid":{"rendered":"https:\/\/eventoscicloderiesgo.com\/?page_id=5558"},"modified":"2021-09-15T03:16:40","modified_gmt":"2021-09-15T03:16:40","slug":"memorias-summit-2021","status":"publish","type":"page","link":"https:\/\/eventoscicloderiesgo.com\/old\/memorias-summit-2021\/","title":{"rendered":"Memorias summit 2021"},"content":{"rendered":"<p>[et_pb_section fb_built=\u00bb1&#8243; admin_label=\u00bbSection\u00bb _builder_version=\u00bb4.9.10&#8243; _module_preset=\u00bbdefault\u00bb background_color=\u00bb#000000&#8243; background_image=\u00bbhttps:\/\/eventoscicloderiesgo.com\/old\/wp-content\/uploads\/2021\/SUMMIT-agosto\/memorias\/Fondo_Summit.jpg\u00bb width=\u00bb100%\u00bb max_width=\u00bb100%\u00bb min_height=\u00bb100%\u00bb max_height=\u00bb100%\u00bb custom_margin=\u00bb-75px||||false|true\u00bb custom_margin_tablet=\u00bb\u00bb custom_margin_phone=\u00bb0px||0px||false|true\u00bb custom_margin_last_edited=\u00bbon|phone\u00bb custom_padding=\u00bb|0px|0px|0px|false|true\u00bb da_popup_slug=\u00bbbody-content\u00bb da_disable_devices=\u00bboff|off|off\u00bb locked=\u00bboff\u00bb da_is_popup=\u00bboff\u00bb da_exit_intent=\u00bboff\u00bb da_has_close=\u00bbon\u00bb da_alt_close=\u00bboff\u00bb da_dark_close=\u00bboff\u00bb da_not_modal=\u00bbon\u00bb da_is_singular=\u00bboff\u00bb da_with_loader=\u00bboff\u00bb da_has_shadow=\u00bbon\u00bb][et_pb_row _builder_version=\u00bb4.9.10&#8243; _module_preset=\u00bbdefault\u00bb min_height=\u00bb93px\u00bb custom_padding=\u00bb7px||0px|||\u00bb][et_pb_column type=\u00bb4_4&#8243; _builder_version=\u00bb4.9.10&#8243; _module_preset=\u00bbdefault\u00bb][et_pb_text _builder_version=\u00bb4.9.10&#8243; _module_preset=\u00bbdefault\u00bb text_font=\u00bb|300|||||||\u00bb text_font_size=\u00bb20px\u00bb text_letter_spacing=\u00bb1px\u00bb text_line_height=\u00bb1.4em\u00bb header_font=\u00bb|800|||||||\u00bb header_font_size=\u00bb40px\u00bb text_orientation=\u00bbcenter\u00bb background_layout=\u00bbdark\u00bb text_font_size_tablet=\u00bb\u00bb text_font_size_phone=\u00bb16px\u00bb text_font_size_last_edited=\u00bbon|phone\u00bb header_font_size_tablet=\u00bb\u00bb header_font_size_phone=\u00bb30px\u00bb header_font_size_last_edited=\u00bbon|phone\u00bb]<\/p>\n<h1>MEMORIAS DEL EVENTO<\/h1>\n<p>Reviva aqu\u00ed de nuevo, toda la agenda Ciclo de Riesgo SUMMIT (agosto 25 y 26 de 2021)<\/p>\n<p>[\/et_pb_text][\/et_pb_column][\/et_pb_row][et_pb_row column_structure=\u00bb1_3,1_3,1_3&#8243; use_custom_gutter=\u00bbon\u00bb gutter_width=\u00bb1&#8243; _builder_version=\u00bb4.9.10&#8243; _module_preset=\u00bbdefault\u00bb custom_padding=\u00bb||18px|||\u00bb][et_pb_column type=\u00bb1_3&#8243; _builder_version=\u00bb4.9.10&#8243; _module_preset=\u00bbdefault\u00bb][et_pb_image src=\u00bbhttps:\/\/eventoscicloderiesgo.com\/old\/wp-content\/uploads\/2021\/SUMMIT-agosto\/memorias\/1.png\u00bb title_text=\u00bb1&#8243; url=\u00bb#25-strraming\u00bb align=\u00bbright\u00bb align_tablet=\u00bb\u00bb align_phone=\u00bbcenter\u00bb align_last_edited=\u00bbon|phone\u00bb admin_label=\u00bbEntorno, perspectiva e inteligencia de negocio\u00bb module_id=\u00bbbtn_entorno\u00bb _builder_version=\u00bb4.9.10&#8243; _module_preset=\u00bbdefault\u00bb width=\u00bb160px\u00bb hover_transition_duration=\u00bb0ms\u00bb border_radii=\u00bbon|10px|10px|10px|10px\u00bb][\/et_pb_image][\/et_pb_column][et_pb_column type=\u00bb1_3&#8243; _builder_version=\u00bb4.9.10&#8243; _module_preset=\u00bbdefault\u00bb][et_pb_image src=\u00bbhttps:\/\/eventoscicloderiesgo.com\/old\/wp-content\/uploads\/2021\/SUMMIT-agosto\/memorias\/2.png\u00bb title_text=\u00bb2&#8243; url=\u00bb#videos-popup-entorno\u00bb align=\u00bbcenter\u00bb _builder_version=\u00bb4.9.10&#8243; _module_preset=\u00bbdefault\u00bb width=\u00bb160px\u00bb border_radii=\u00bbon|10px|10px|10px|10px\u00bb][\/et_pb_image][\/et_pb_column][et_pb_column type=\u00bb1_3&#8243; _builder_version=\u00bb4.9.4&#8243; _module_preset=\u00bbdefault\u00bb][et_pb_image src=\u00bbhttps:\/\/eventoscicloderiesgo.com\/old\/wp-content\/uploads\/2021\/SUMMIT-agosto\/memorias\/3.png\u00bb title_text=\u00bb3&#8243; url=\u00bb#26-strraming\u00bb align_tablet=\u00bb\u00bb align_phone=\u00bbcenter\u00bb align_last_edited=\u00bbon|phone\u00bb _builder_version=\u00bb4.9.10&#8243; _module_preset=\u00bbdefault\u00bb width=\u00bb160px\u00bb border_radii=\u00bbon|10px|10px|10px|10px\u00bb][\/et_pb_image][\/et_pb_column][\/et_pb_row][et_pb_row column_structure=\u00bb1_2,1_2&#8243; _builder_version=\u00bb4.9.10&#8243; _module_preset=\u00bbdefault\u00bb custom_padding=\u00bb0px|||||\u00bb][et_pb_column type=\u00bb1_2&#8243; _builder_version=\u00bb4.9.10&#8243; _module_preset=\u00bbdefault\u00bb][et_pb_image src=\u00bbhttps:\/\/eventoscicloderiesgo.com\/old\/wp-content\/uploads\/2021\/SUMMIT-agosto\/memorias\/4.png\u00bb title_text=\u00bb4&#8243; url=\u00bb#dia-jueves-26&#8243; align=\u00bbright\u00bb align_tablet=\u00bb\u00bb align_phone=\u00bbcenter\u00bb align_last_edited=\u00bbon|phone\u00bb _builder_version=\u00bb4.9.10&#8243; _module_preset=\u00bbdefault\u00bb width=\u00bb160px\u00bb border_radii=\u00bbon|10px|10px|10px|10px\u00bb][\/et_pb_image][\/et_pb_column][et_pb_column type=\u00bb1_2&#8243; _builder_version=\u00bb4.9.10&#8243; _module_preset=\u00bbdefault\u00bb][et_pb_image src=\u00bbhttps:\/\/eventoscicloderiesgo.com\/old\/wp-content\/uploads\/2021\/SUMMIT-agosto\/memorias\/5.png\u00bb title_text=\u00bb5&#8243; url=\u00bb#revista-en-vivo\u00bb align_tablet=\u00bb\u00bb align_phone=\u00bbcenter\u00bb align_last_edited=\u00bbon|phone\u00bb _builder_version=\u00bb4.9.10&#8243; _module_preset=\u00bbdefault\u00bb width=\u00bb160px\u00bb hover_enabled=\u00bb0&#8243; border_radii=\u00bbon|10px|10px|10px|10px\u00bb sticky_enabled=\u00bb0&#8243;][\/et_pb_image][\/et_pb_column][\/et_pb_row][et_pb_row use_custom_gutter=\u00bbon\u00bb gutter_width=\u00bb1&#8243; _builder_version=\u00bb4.9.10&#8243; _module_preset=\u00bbdefault\u00bb width=\u00bb100%\u00bb max_width=\u00bb1920px\u00bb custom_margin=\u00bb||0px||false|false\u00bb custom_padding=\u00bb||0px||false|false\u00bb][et_pb_column type=\u00bb4_4&#8243; _builder_version=\u00bb4.9.4&#8243; _module_preset=\u00bbdefault\u00bb][et_pb_image src=\u00bbhttps:\/\/eventoscicloderiesgo.com\/old\/wp-content\/uploads\/2021\/SUMMIT-agosto\/logos_SUMMIT_2021.png\u00bb title_text=\u00bblogos_SUMMIT_2021&#8243; src_tablet=\u00bb\u00bb src_phone=\u00bbhttps:\/\/eventoscicloderiesgo.com\/old\/wp-content\/uploads\/2021\/05\/patrocinadores-vertical.jpg\u00bb src_last_edited=\u00bbon|phone\u00bb _builder_version=\u00bb4.9.10&#8243; _module_preset=\u00bbdefault\u00bb][\/et_pb_image][\/et_pb_column][\/et_pb_row][\/et_pb_section][et_pb_section fb_built=\u00bb1&#8243; admin_label=\u00bbPopup &#8211; #videos-popup-entorno\u00bb module_id=\u00bbvideos-popup-entorno\u00bb module_class=\u00bbpopup dark no-shadow\u00bb _builder_version=\u00bb4.9.10&#8243; _module_preset=\u00bbdefault\u00bb background_color=\u00bbrgba(0,0,0,0.6)\u00bb da_is_popup=\u00bbon\u00bb da_popup_slug=\u00bbvideos-popup-entorno\u00bb da_dark_close=\u00bbon\u00bb da_has_shadow=\u00bboff\u00bb da_disable_devices=\u00bboff|off|off\u00bb locked=\u00bboff\u00bb da_exit_intent=\u00bboff\u00bb da_has_close=\u00bbon\u00bb da_alt_close=\u00bboff\u00bb da_not_modal=\u00bbon\u00bb da_is_singular=\u00bboff\u00bb da_with_loader=\u00bboff\u00bb][et_pb_row _builder_version=\u00bb4.9.10&#8243; _module_preset=\u00bbdefault\u00bb][et_pb_column type=\u00bb4_4&#8243; _builder_version=\u00bb4.9.4&#8243; _module_preset=\u00bbdefault\u00bb][et_pb_text _builder_version=\u00bb4.9.10&#8243; _module_preset=\u00bbdefault\u00bb text_text_color=\u00bb#000000&#8243; header_2_font=\u00bb|700|||||||\u00bb header_2_text_color=\u00bb#FFFFFF\u00bb text_orientation=\u00bbcenter\u00bb border_width_bottom=\u00bb2px\u00bb border_color_bottom=\u00bb#c1c1c1&#8243;]<\/p>\n<h2>D\u00eda mi\u00e9rcoles 25 de agosto Salon Central <\/h2>\n<p>[\/et_pb_text][\/et_pb_column][\/et_pb_row][et_pb_row column_structure=\u00bb1_3,1_3,1_3&#8243; use_custom_gutter=\u00bbon\u00bb gutter_width=\u00bb2&#8243; disabled_on=\u00bboff|off|off\u00bb admin_label=\u00bbFila\u00bb module_id=\u00bbmemorias_agenda\u00bb _builder_version=\u00bb4.9.4&#8243; _module_preset=\u00bbdefault\u00bb background_enable_color=\u00bboff\u00bb custom_padding=\u00bb||||true|false\u00bb][et_pb_column type=\u00bb1_3&#8243; _builder_version=\u00bb4.9.10&#8243; _module_preset=\u00bbdefault\u00bb][et_pb_video src=\u00bbhttps:\/\/www.youtube.com\/watch?v=sWWMu2dqvHY&#038;feature=youtu.be\u00bb image_src=\u00bbhttps:\/\/eventoscicloderiesgo.com\/old\/wp-content\/uploads\/2021\/SUMMIT-agosto\/memorias\/Miguel-Rojas-Miercoles-11-AM.jpg\u00bb play_icon_color=\u00bb#C32325&#8243; thumbnail_overlay_color=\u00bbrgba(255,255,255,0.74)\u00bb _builder_version=\u00bb4.9.10&#8243; _module_preset=\u00bbdefault\u00bb custom_margin=\u00bb||10px||false|false\u00bb border_width_all=\u00bb1px\u00bb][\/et_pb_video][\/et_pb_column][et_pb_column type=\u00bb1_3&#8243; _builder_version=\u00bb4.9.10&#8243; _module_preset=\u00bbdefault\u00bb][et_pb_video src=\u00bbhttps:\/\/www.youtube.com\/watch?v=Y3ftmDTVa9U&#038;feature=youtu.be\u00bb image_src=\u00bbhttps:\/\/eventoscicloderiesgo.com\/old\/wp-content\/uploads\/2021\/SUMMIT-agosto\/memorias\/Afiche-Panel-RIESGO-DE-CREDITO-Miercoles-2-PM_02.jpg\u00bb play_icon_color=\u00bb#C32325&#8243; thumbnail_overlay_color=\u00bbrgba(255,255,255,0.74)\u00bb _builder_version=\u00bb4.9.10&#8243; _module_preset=\u00bbdefault\u00bb custom_margin=\u00bb||10px||false|false\u00bb border_width_all=\u00bb1px\u00bb][\/et_pb_video][\/et_pb_column][et_pb_column type=\u00bb1_3&#8243; _builder_version=\u00bb4.9.10&#8243; _module_preset=\u00bbdefault\u00bb][et_pb_video src=\u00bbhttps:\/\/www.youtube.com\/watch?v=HVskFJ1KoPY\u00bb image_src=\u00bbhttps:\/\/eventoscicloderiesgo.com\/old\/wp-content\/uploads\/2021\/SUMMIT-agosto\/memorias\/Afiche-Sergio-Contreras-Miercoles-3-PM_02.jpg\u00bb play_icon_color=\u00bb#C32325&#8243; thumbnail_overlay_color=\u00bbrgba(255,255,255,0.74)\u00bb _builder_version=\u00bb4.9.10&#8243; _module_preset=\u00bbdefault\u00bb min_height=\u00bb252.2px\u00bb custom_margin=\u00bb||10px||false|false\u00bb border_width_all=\u00bb1px\u00bb locked=\u00bboff\u00bb][\/et_pb_video][\/et_pb_column][\/et_pb_row][\/et_pb_section][et_pb_section fb_built=\u00bb1&#8243; admin_label=\u00bbPopup &#8211; #dia-jueves-26&#8243; module_id=\u00bbdia-jueves-26&#8243; module_class=\u00bbpopup dark no-shadow\u00bb _builder_version=\u00bb4.9.10&#8243; _module_preset=\u00bbdefault\u00bb background_color=\u00bbrgba(0,0,0,0.6)\u00bb da_is_popup=\u00bbon\u00bb da_popup_slug=\u00bbdia-jueves-26&#8243; da_dark_close=\u00bbon\u00bb da_has_shadow=\u00bboff\u00bb da_disable_devices=\u00bboff|off|off\u00bb locked=\u00bboff\u00bb da_exit_intent=\u00bboff\u00bb da_has_close=\u00bbon\u00bb da_alt_close=\u00bboff\u00bb da_not_modal=\u00bbon\u00bb da_is_singular=\u00bboff\u00bb da_with_loader=\u00bboff\u00bb][et_pb_row _builder_version=\u00bb4.9.10&#8243; _module_preset=\u00bbdefault\u00bb][et_pb_column type=\u00bb4_4&#8243; _builder_version=\u00bb4.9.4&#8243; _module_preset=\u00bbdefault\u00bb][et_pb_text _builder_version=\u00bb4.9.10&#8243; _module_preset=\u00bbdefault\u00bb text_text_color=\u00bb#000000&#8243; header_2_font=\u00bb|700|||||||\u00bb header_2_text_color=\u00bb#FFFFFF\u00bb text_orientation=\u00bbcenter\u00bb border_width_bottom=\u00bb2px\u00bb border_color_bottom=\u00bb#c1c1c1&#8243;]<\/p>\n<h2>D\u00eda jueves 26 de agosto Salon Central <\/h2>\n<p>[\/et_pb_text][\/et_pb_column][\/et_pb_row][et_pb_row column_structure=\u00bb1_3,1_3,1_3&#8243; use_custom_gutter=\u00bbon\u00bb gutter_width=\u00bb2&#8243; disabled_on=\u00bboff|off|off\u00bb module_id=\u00bbmemorias_agenda\u00bb _builder_version=\u00bb4.9.10&#8243; _module_preset=\u00bbdefault\u00bb background_enable_color=\u00bboff\u00bb custom_padding=\u00bb||||true|false\u00bb][et_pb_column type=\u00bb1_3&#8243; _builder_version=\u00bb4.9.10&#8243; _module_preset=\u00bbdefault\u00bb][et_pb_video src=\u00bbhttps:\/\/www.youtube.com\/watch?v=G0Ja2cIjRNE\u00bb image_src=\u00bbhttps:\/\/eventoscicloderiesgo.com\/old\/wp-content\/uploads\/2021\/SUMMIT-agosto\/memorias\/Jueves-9-30-AM_02.jpg\u00bb play_icon_color=\u00bb#C32325&#8243; thumbnail_overlay_color=\u00bbrgba(255,255,255,0.74)\u00bb _builder_version=\u00bb4.9.10&#8243; _module_preset=\u00bbdefault\u00bb min_height=\u00bb248.6px\u00bb custom_margin=\u00bb||10px||false|false\u00bb border_width_all=\u00bb1px\u00bb][\/et_pb_video][\/et_pb_column][et_pb_column type=\u00bb1_3&#8243; admin_label=\u00bbColumna\u00bb _builder_version=\u00bb4.9.10&#8243; _module_preset=\u00bbdefault\u00bb][et_pb_video src=\u00bbhttps:\/\/www.youtube.com\/watch?v=Q4V1oVHEG14&#8243; image_src=\u00bbhttps:\/\/eventoscicloderiesgo.com\/old\/wp-content\/uploads\/2021\/SUMMIT-agosto\/memorias\/Jueves-11-00-AM_03.jpg\u00bb play_icon_color=\u00bb#C32325&#8243; thumbnail_overlay_color=\u00bbrgba(255,255,255,0.74)\u00bb _builder_version=\u00bb4.9.10&#8243; _module_preset=\u00bbdefault\u00bb min_height=\u00bb222.2px\u00bb custom_margin=\u00bb||10px||false|false\u00bb border_width_all=\u00bb1px\u00bb][\/et_pb_video][\/et_pb_column][et_pb_column type=\u00bb1_3&#8243; _builder_version=\u00bb4.9.4&#8243; _module_preset=\u00bbdefault\u00bb][\/et_pb_column][\/et_pb_row][\/et_pb_section][et_pb_section fb_built=\u00bb1&#8243; admin_label=\u00bbPopup &#8211; #25-strraming\u00bb module_id=\u00bb25-strraming\u00bb module_class=\u00bbpopup dark no-shadow\u00bb _builder_version=\u00bb4.9.10&#8243; _module_preset=\u00bbdefault\u00bb background_color=\u00bbrgba(0,0,0,0.6)\u00bb da_is_popup=\u00bbon\u00bb da_popup_slug=\u00bb25-strraming\u00bb da_dark_close=\u00bbon\u00bb da_has_shadow=\u00bboff\u00bb da_disable_devices=\u00bboff|off|off\u00bb locked=\u00bboff\u00bb da_exit_intent=\u00bboff\u00bb da_has_close=\u00bbon\u00bb da_alt_close=\u00bboff\u00bb da_not_modal=\u00bbon\u00bb da_is_singular=\u00bboff\u00bb da_with_loader=\u00bboff\u00bb][et_pb_row _builder_version=\u00bb4.9.10&#8243; _module_preset=\u00bbdefault\u00bb][et_pb_column type=\u00bb4_4&#8243; _builder_version=\u00bb4.9.10&#8243; _module_preset=\u00bbdefault\u00bb][et_pb_text _builder_version=\u00bb4.9.10&#8243; _module_preset=\u00bbdefault\u00bb text_text_color=\u00bb#000000&#8243; header_2_font=\u00bb|700|||||||\u00bb header_2_text_color=\u00bb#FFFFFF\u00bb text_orientation=\u00bbcenter\u00bb border_width_bottom=\u00bb2px\u00bb border_color_bottom=\u00bb#c1c1c1&#8243;]<\/p>\n<h2>D\u00eda mi\u00e9rcoles 25 de agosto Salon Central Streaming <\/h2>\n<p>[\/et_pb_text][\/et_pb_column][\/et_pb_row][et_pb_row column_structure=\u00bb1_3,1_3,1_3&#8243; use_custom_gutter=\u00bbon\u00bb gutter_width=\u00bb2&#8243; disabled_on=\u00bboff|off|off\u00bb module_id=\u00bbmemorias_agenda\u00bb _builder_version=\u00bb4.9.10&#8243; _module_preset=\u00bbdefault\u00bb background_enable_color=\u00bboff\u00bb custom_padding=\u00bb||||true|false\u00bb][et_pb_column type=\u00bb1_3&#8243; _builder_version=\u00bb4.9.10&#8243; _module_preset=\u00bbdefault\u00bb][et_pb_video src=\u00bbhttps:\/\/www.youtube.com\/watch?v=qYpyGRkwLtk\u00bb image_src=\u00bbhttps:\/\/eventoscicloderiesgo.com\/old\/wp-content\/uploads\/2021\/SUMMIT-agosto\/Afiche-JORGE-SAZA-Miercoles-9-AM.jpg\u00bb play_icon_color=\u00bb#C32325&#8243; thumbnail_overlay_color=\u00bbrgba(255,255,255,0.74)\u00bb _builder_version=\u00bb4.9.10&#8243; _module_preset=\u00bbdefault\u00bb min_height=\u00bb225.2px\u00bb custom_margin=\u00bb||10px||false|false\u00bb border_width_all=\u00bb1px\u00bb][\/et_pb_video][\/et_pb_column][et_pb_column type=\u00bb1_3&#8243; admin_label=\u00bbColumna\u00bb _builder_version=\u00bb4.9.10&#8243; _module_preset=\u00bbdefault\u00bb][et_pb_video src=\u00bbhttps:\/\/www.youtube.com\/watch?v=ER4EkOYp57o\u00bb image_src=\u00bbhttps:\/\/eventoscicloderiesgo.com\/old\/wp-content\/uploads\/2021\/SUMMIT-agosto\/Afiche-Panel-Innovacion-Miercoles-25-a-las-11-AM.jpg\u00bb play_icon_color=\u00bb#C32325&#8243; thumbnail_overlay_color=\u00bbrgba(255,255,255,0.74)\u00bb admin_label=\u00bbV\u00eddeo\u00bb _builder_version=\u00bb4.9.10&#8243; _module_preset=\u00bbdefault\u00bb min_height=\u00bb224.2px\u00bb custom_margin=\u00bb||10px||false|false\u00bb border_width_all=\u00bb1px\u00bb locked=\u00bboff\u00bb][\/et_pb_video][\/et_pb_column][et_pb_column type=\u00bb1_3&#8243; _builder_version=\u00bb4.9.10&#8243; _module_preset=\u00bbdefault\u00bb][et_pb_video src=\u00bbhttps:\/\/www.youtube.com\/watch?v=4XxBkwdRdXk\u00bb image_src=\u00bbhttps:\/\/eventoscicloderiesgo.com\/old\/wp-content\/uploads\/2021\/SUMMIT-agosto\/Afiche-panel-Inteligencia-de-Clientes-Miercoles-2-PM.jpg\u00bb play_icon_color=\u00bb#C32325&#8243; thumbnail_overlay_color=\u00bbrgba(255,255,255,0.74)\u00bb _builder_version=\u00bb4.9.10&#8243; _module_preset=\u00bbdefault\u00bb min_height=\u00bb226.2px\u00bb custom_margin=\u00bb||10px||false|false\u00bb border_width_all=\u00bb1px\u00bb][\/et_pb_video][\/et_pb_column][\/et_pb_row][et_pb_row column_structure=\u00bb1_3,1_3,1_3&#8243; use_custom_gutter=\u00bbon\u00bb gutter_width=\u00bb2&#8243; disabled_on=\u00bboff|off|off\u00bb admin_label=\u00bbFila\u00bb module_id=\u00bbmemorias_agenda\u00bb _builder_version=\u00bb4.9.10&#8243; _module_preset=\u00bbdefault\u00bb background_enable_color=\u00bboff\u00bb min_height=\u00bb226.2px\u00bb custom_padding=\u00bb||||true|false\u00bb][et_pb_column type=\u00bb1_3&#8243; _builder_version=\u00bb4.9.10&#8243; _module_preset=\u00bbdefault\u00bb][et_pb_video src=\u00bbhttps:\/\/www.youtube.com\/watch?v=wKksfzz1FH8&#8243; image_src=\u00bbhttps:\/\/eventoscicloderiesgo.com\/old\/wp-content\/uploads\/2021\/SUMMIT-agosto\/Panel-Analiica-Data-e-Informacion-Alternativa-Miercoles-3-PM.jpg\u00bb play_icon_color=\u00bb#C32325&#8243; thumbnail_overlay_color=\u00bbrgba(255,255,255,0.74)\u00bb _builder_version=\u00bb4.9.10&#8243; _module_preset=\u00bbdefault\u00bb min_height=\u00bb225.2px\u00bb custom_margin=\u00bb||10px||false|false\u00bb border_width_all=\u00bb1px\u00bb][\/et_pb_video][\/et_pb_column][et_pb_column type=\u00bb1_3&#8243; admin_label=\u00bbColumna\u00bb _builder_version=\u00bb4.9.10&#8243; _module_preset=\u00bbdefault\u00bb][et_pb_video src=\u00bbhttps:\/\/www.youtube.com\/watch?v=vUM8KjvMJ3E\u00bb image_src=\u00bbhttps:\/\/eventoscicloderiesgo.com\/old\/wp-content\/uploads\/2021\/SUMMIT-agosto\/PANEL-0Hugo-Diaz-Miercoles-4-30-PM.jpg\u00bb play_icon_color=\u00bb#C32325&#8243; thumbnail_overlay_color=\u00bbrgba(255,255,255,0.74)\u00bb _builder_version=\u00bb4.9.10&#8243; _module_preset=\u00bbdefault\u00bb min_height=\u00bb225.2px\u00bb custom_margin=\u00bb||10px||false|false\u00bb border_width_all=\u00bb1px\u00bb][\/et_pb_video][\/et_pb_column][et_pb_column type=\u00bb1_3&#8243; _builder_version=\u00bb4.9.10&#8243; _module_preset=\u00bbdefault\u00bb][\/et_pb_column][\/et_pb_row][\/et_pb_section][et_pb_section fb_built=\u00bb1&#8243; admin_label=\u00bbPopup &#8211; #26-strraming\u00bb module_id=\u00bb26-strraming\u00bb module_class=\u00bbpopup dark no-shadow\u00bb _builder_version=\u00bb4.9.10&#8243; _module_preset=\u00bbdefault\u00bb background_color=\u00bbrgba(0,0,0,0.6)\u00bb da_is_popup=\u00bbon\u00bb da_popup_slug=\u00bb26-strraming\u00bb da_dark_close=\u00bbon\u00bb da_has_shadow=\u00bboff\u00bb da_disable_devices=\u00bboff|off|off\u00bb locked=\u00bboff\u00bb da_exit_intent=\u00bboff\u00bb da_has_close=\u00bbon\u00bb da_alt_close=\u00bboff\u00bb da_not_modal=\u00bbon\u00bb da_is_singular=\u00bboff\u00bb da_with_loader=\u00bboff\u00bb][et_pb_row _builder_version=\u00bb4.9.10&#8243; _module_preset=\u00bbdefault\u00bb][et_pb_column type=\u00bb4_4&#8243; _builder_version=\u00bb4.9.10&#8243; _module_preset=\u00bbdefault\u00bb][et_pb_text _builder_version=\u00bb4.9.10&#8243; _module_preset=\u00bbdefault\u00bb text_text_color=\u00bb#000000&#8243; header_2_font=\u00bb|700|||||||\u00bb header_2_text_color=\u00bb#FFFFFF\u00bb text_orientation=\u00bbcenter\u00bb border_width_bottom=\u00bb2px\u00bb border_color_bottom=\u00bb#c1c1c1&#8243;]<\/p>\n<h2>D\u00eda mi\u00e9rcoles 26 de agosto Salon Central Streaming <\/h2>\n<p>[\/et_pb_text][\/et_pb_column][\/et_pb_row][et_pb_row column_structure=\u00bb1_3,1_3,1_3&#8243; use_custom_gutter=\u00bbon\u00bb gutter_width=\u00bb2&#8243; disabled_on=\u00bboff|off|off\u00bb module_id=\u00bbmemorias_agenda\u00bb _builder_version=\u00bb4.9.10&#8243; _module_preset=\u00bbdefault\u00bb background_enable_color=\u00bboff\u00bb custom_padding=\u00bb||||true|false\u00bb][et_pb_column type=\u00bb1_3&#8243; _builder_version=\u00bb4.9.10&#8243; _module_preset=\u00bbdefault\u00bb][et_pb_video src=\u00bbhttps:\/\/www.youtube.com\/watch?v=oVBkC9Oy8b4&#8243; image_src=\u00bbhttps:\/\/eventoscicloderiesgo.com\/old\/wp-content\/uploads\/2021\/SUMMIT-agosto\/Jueves-8-45-AM.jpg\u00bb _builder_version=\u00bb4.9.10&#8243; _module_preset=\u00bbdefault\u00bb min_height=\u00bb224.5px\u00bb][\/et_pb_video][\/et_pb_column][et_pb_column type=\u00bb1_3&#8243; admin_label=\u00bbColumna\u00bb _builder_version=\u00bb4.9.10&#8243; _module_preset=\u00bbdefault\u00bb][et_pb_video src=\u00bbhttps:\/\/www.youtube.com\/watch?v=QcAfUdQEjBg\u00bb image_src=\u00bbhttps:\/\/eventoscicloderiesgo.com\/old\/wp-content\/uploads\/2021\/SUMMIT-agosto\/Jueves-9-30-AM.jpg\u00bb _builder_version=\u00bb4.9.10&#8243; _module_preset=\u00bbdefault\u00bb min_height=\u00bb224.5px\u00bb locked=\u00bboff\u00bb][\/et_pb_video][\/et_pb_column][et_pb_column type=\u00bb1_3&#8243; _builder_version=\u00bb4.9.10&#8243; _module_preset=\u00bbdefault\u00bb][et_pb_video src=\u00bbhttps:\/\/www.youtube.com\/watch?v=lZUYr9VqDR8&#8243; image_src=\u00bbhttps:\/\/eventoscicloderiesgo.com\/old\/wp-content\/uploads\/2021\/SUMMIT-agosto\/Panel-Jueves-11-00-AM_02-Segmetacion-y-Multicanalidad-.jpg\u00bb _builder_version=\u00bb4.9.10&#8243; _module_preset=\u00bbdefault\u00bb min_height=\u00bb224.5px\u00bb border_width_all=\u00bb1px\u00bb][\/et_pb_video][\/et_pb_column][\/et_pb_row][et_pb_row column_structure=\u00bb1_3,1_3,1_3&#8243; use_custom_gutter=\u00bbon\u00bb gutter_width=\u00bb2&#8243; disabled_on=\u00bboff|off|off\u00bb module_id=\u00bbmemorias_agenda\u00bb _builder_version=\u00bb4.9.10&#8243; _module_preset=\u00bbdefault\u00bb background_enable_color=\u00bboff\u00bb custom_padding=\u00bb||||true|false\u00bb][et_pb_column type=\u00bb1_3&#8243; _builder_version=\u00bb4.9.10&#8243; _module_preset=\u00bbdefault\u00bb][et_pb_video src=\u00bbhttps:\/\/www.youtube.com\/watch?v=5psj2Y_lK-Q\u00bb image_src=\u00bbhttps:\/\/eventoscicloderiesgo.com\/old\/wp-content\/uploads\/2021\/SUMMIT-agosto\/memorias\/Panel-Jueves-2-00-PM-Agilidad-competitiva-y-efecto-Red.jpg\u00bb play_icon_color=\u00bb#C32325&#8243; thumbnail_overlay_color=\u00bbrgba(255,255,255,0.74)\u00bb _builder_version=\u00bb4.9.10&#8243; _module_preset=\u00bbdefault\u00bb min_height=\u00bb250.2px\u00bb custom_margin=\u00bb||10px||false|false\u00bb border_width_all=\u00bb1px\u00bb][\/et_pb_video][\/et_pb_column][et_pb_column type=\u00bb1_3&#8243; admin_label=\u00bbColumna\u00bb _builder_version=\u00bb4.9.10&#8243; _module_preset=\u00bbdefault\u00bb][et_pb_video src=\u00bbhttps:\/\/www.youtube.com\/watch?v=_j92QyHa_Bs\u00bb image_src=\u00bbhttps:\/\/eventoscicloderiesgo.com\/old\/wp-content\/uploads\/2021\/SUMMIT-agosto\/memorias\/Jueves-3-PM.jpg\u00bb play_icon_color=\u00bb#C32325&#8243; thumbnail_overlay_color=\u00bbrgba(255,255,255,0.74)\u00bb _builder_version=\u00bb4.9.10&#8243; _module_preset=\u00bbdefault\u00bb min_height=\u00bb239.2px\u00bb custom_margin=\u00bb||10px||false|false\u00bb border_width_all=\u00bb1px\u00bb][\/et_pb_video][\/et_pb_column][et_pb_column type=\u00bb1_3&#8243; _builder_version=\u00bb4.9.10&#8243; _module_preset=\u00bbdefault\u00bb][et_pb_video src=\u00bbhttps:\/\/www.youtube.com\/watch?v=XISr9LR7x_s\u00bb play_icon_color=\u00bb#C32325&#8243; thumbnail_overlay_color=\u00bbrgba(255,255,255,0.74)\u00bb _builder_version=\u00bb4.9.10&#8243; _module_preset=\u00bbdefault\u00bb min_height=\u00bb242.2px\u00bb custom_margin=\u00bb||10px||false|false\u00bb hover_enabled=\u00bb0&#8243; border_width_all=\u00bb1px\u00bb image_src=\u00bb\/\/i.ytimg.com\/vi\/XISr9LR7x_s\/hqdefault.jpg\u00bb sticky_enabled=\u00bb0&#8243;][\/et_pb_video][\/et_pb_column][\/et_pb_row][\/et_pb_section][et_pb_section fb_built=\u00bb1&#8243; admin_label=\u00bbPopup &#8211; #revista-en-vivo\u00bb module_id=\u00bbrevista-en-vivo\u00bb module_class=\u00bbpopup dark no-shadow\u00bb _builder_version=\u00bb4.9.10&#8243; _module_preset=\u00bbdefault\u00bb background_color=\u00bbrgba(0,0,0,0.6)\u00bb hover_enabled=\u00bb0&#8243; da_is_popup=\u00bbon\u00bb da_popup_slug=\u00bbrevista-en-vivo\u00bb da_dark_close=\u00bbon\u00bb da_has_shadow=\u00bboff\u00bb da_disable_devices=\u00bboff|off|off\u00bb locked=\u00bboff\u00bb sticky_enabled=\u00bb0&#8243; da_exit_intent=\u00bboff\u00bb da_has_close=\u00bbon\u00bb da_alt_close=\u00bboff\u00bb da_not_modal=\u00bbon\u00bb da_is_singular=\u00bboff\u00bb da_with_loader=\u00bboff\u00bb][et_pb_row _builder_version=\u00bb4.9.10&#8243; _module_preset=\u00bbdefault\u00bb][et_pb_column type=\u00bb4_4&#8243; _builder_version=\u00bb4.9.10&#8243; _module_preset=\u00bbdefault\u00bb][et_pb_text _builder_version=\u00bb4.9.10&#8243; _module_preset=\u00bbdefault\u00bb text_text_color=\u00bb#000000&#8243; header_2_font=\u00bb|700|||||||\u00bb header_2_text_color=\u00bb#FFFFFF\u00bb text_orientation=\u00bbcenter\u00bb hover_enabled=\u00bb0&#8243; border_width_bottom=\u00bb2px\u00bb border_color_bottom=\u00bb#c1c1c1&#8243; sticky_enabled=\u00bb0&#8243;]<\/p>\n<h2> Viva la Revista en Vivo <\/h2>\n<p>[\/et_pb_text][\/et_pb_column][\/et_pb_row][et_pb_row column_structure=\u00bb1_3,1_3,1_3&#8243; use_custom_gutter=\u00bbon\u00bb gutter_width=\u00bb2&#8243; disabled_on=\u00bboff|off|off\u00bb module_id=\u00bbmemorias_agenda\u00bb _builder_version=\u00bb4.9.10&#8243; _module_preset=\u00bbdefault\u00bb background_enable_color=\u00bboff\u00bb custom_padding=\u00bb||||true|false\u00bb][et_pb_column type=\u00bb1_3&#8243; _builder_version=\u00bb4.9.10&#8243; _module_preset=\u00bbdefault\u00bb][et_pb_video src=\u00bbhttps:\/\/www.youtube.com\/watch?v=5tbAc1Bmk3U\u00bb image_src=\u00bbhttps:\/\/eventoscicloderiesgo.com\/old\/wp-content\/uploads\/2021\/SUMMIT-agosto\/memorias\/MARIA-VICTORIA-CAMARGO-VIVA-LA-REVISTA-EN-VIVO.png\u00bb _builder_version=\u00bb4.9.10&#8243; _module_preset=\u00bbdefault\u00bb min_height=\u00bb224.5px\u00bb title_text=\u00bbMARIA-VICTORIA-CAMARGO-VIVA-LA-REVISTA-EN-VIVO\u00bb][\/et_pb_video][\/et_pb_column][et_pb_column type=\u00bb1_3&#8243; admin_label=\u00bbColumna\u00bb _builder_version=\u00bb4.9.10&#8243; _module_preset=\u00bbdefault\u00bb][et_pb_video src=\u00bbhttps:\/\/www.youtube.com\/watch?v=CfMA-shAyhc\u00bb image_src=\u00bbhttps:\/\/eventoscicloderiesgo.com\/old\/wp-content\/uploads\/2021\/SUMMIT-agosto\/memorias\/CLAUDIA-ANGELICA-BELTRAN.png\u00bb _builder_version=\u00bb4.9.10&#8243; _module_preset=\u00bbdefault\u00bb min_height=\u00bb224.5px\u00bb hover_enabled=\u00bb0&#8243; locked=\u00bboff\u00bb title_text=\u00bbCLAUDIA-ANGELICA-BELTRAN\u00bb sticky_enabled=\u00bb0&#8243;][\/et_pb_video][\/et_pb_column][et_pb_column type=\u00bb1_3&#8243; _builder_version=\u00bb4.9.10&#8243; _module_preset=\u00bbdefault\u00bb][et_pb_video src=\u00bbhttps:\/\/www.youtube.com\/watch?v=apxZr1faEwM\u00bb image_src=\u00bbhttps:\/\/eventoscicloderiesgo.com\/old\/wp-content\/uploads\/2021\/SUMMIT-agosto\/memorias\/SANTIAGO-VILLEGAS-SALAZAR-VIVA-LA-REVISTA.png\u00bb _builder_version=\u00bb4.9.10&#8243; _module_preset=\u00bbdefault\u00bb min_height=\u00bb224.5px\u00bb hover_enabled=\u00bb0&#8243; border_width_all=\u00bb1px\u00bb title_text=\u00bbSANTIAGO-VILLEGAS-SALAZAR-VIVA-LA-REVISTA\u00bb sticky_enabled=\u00bb0&#8243;][\/et_pb_video][\/et_pb_column][\/et_pb_row][et_pb_row column_structure=\u00bb1_3,1_3,1_3&#8243; use_custom_gutter=\u00bbon\u00bb gutter_width=\u00bb2&#8243; disabled_on=\u00bboff|off|off\u00bb module_id=\u00bbmemorias_agenda\u00bb _builder_version=\u00bb4.9.10&#8243; _module_preset=\u00bbdefault\u00bb background_enable_color=\u00bboff\u00bb custom_padding=\u00bb||||true|false\u00bb][et_pb_column type=\u00bb1_3&#8243; _builder_version=\u00bb4.9.10&#8243; _module_preset=\u00bbdefault\u00bb][et_pb_video src=\u00bbhttps:\/\/www.youtube.com\/watch?v=p4SLaIiqddk\u00bb image_src=\u00bbhttps:\/\/eventoscicloderiesgo.com\/old\/wp-content\/uploads\/2021\/SUMMIT-agosto\/memorias\/MAURICIO-SERNA-VIVA-LA-REVISTA.png\u00bb play_icon_color=\u00bb#C32325&#8243; thumbnail_overlay_color=\u00bbrgba(255,255,255,0.74)\u00bb _builder_version=\u00bb4.9.10&#8243; _module_preset=\u00bbdefault\u00bb min_height=\u00bb250.2px\u00bb custom_margin=\u00bb||10px||false|false\u00bb hover_enabled=\u00bb0&#8243; border_width_all=\u00bb1px\u00bb title_text=\u00bbMAURICIO-SERNA-VIVA-LA-REVISTA\u00bb sticky_enabled=\u00bb0&#8243;][\/et_pb_video][\/et_pb_column][et_pb_column type=\u00bb1_3&#8243; admin_label=\u00bbColumna\u00bb _builder_version=\u00bb4.9.10&#8243; _module_preset=\u00bbdefault\u00bb][\/et_pb_column][et_pb_column type=\u00bb1_3&#8243; _builder_version=\u00bb4.9.10&#8243; _module_preset=\u00bbdefault\u00bb][\/et_pb_column][\/et_pb_row][\/et_pb_section]<\/p>\n","protected":false},"excerpt":{"rendered":"<p>MEMORIAS DEL EVENTO Reviva aqu\u00ed de nuevo, toda la agenda Ciclo de Riesgo SUMMIT (agosto 25 y 26 de 2021)D\u00eda mi\u00e9rcoles 25 de agosto Salon Central D\u00eda jueves 26 de agosto Salon Central D\u00eda mi\u00e9rcoles 25 de agosto Salon Central Streaming D\u00eda mi\u00e9rcoles 26 de agosto Salon Central Streaming Viva la Revista en Vivo<\/p>\n","protected":false},"author":5,"featured_media":0,"parent":0,"menu_order":0,"comment_status":"closed","ping_status":"closed","template":"","meta":{"_et_pb_use_builder":"on","_et_pb_old_content":"","_et_gb_content_width":"","footnotes":""},"class_list":["post-5558","page","type-page","status-publish","hentry"],"_links":{"self":[{"href":"https:\/\/eventoscicloderiesgo.com\/old\/wp-json\/wp\/v2\/pages\/5558","targetHints":{"allow":["GET"]}}],"collection":[{"href":"https:\/\/eventoscicloderiesgo.com\/old\/wp-json\/wp\/v2\/pages"}],"about":[{"href":"https:\/\/eventoscicloderiesgo.com\/old\/wp-json\/wp\/v2\/types\/page"}],"author":[{"embeddable":true,"href":"https:\/\/eventoscicloderiesgo.com\/old\/wp-json\/wp\/v2\/users\/5"}],"replies":[{"embeddable":true,"href":"https:\/\/eventoscicloderiesgo.com\/old\/wp-json\/wp\/v2\/comments?post=5558"}],"version-history":[{"count":0,"href":"https:\/\/eventoscicloderiesgo.com\/old\/wp-json\/wp\/v2\/pages\/5558\/revisions"}],"wp:attachment":[{"href":"https:\/\/eventoscicloderiesgo.com\/old\/wp-json\/wp\/v2\/media?parent=5558"}],"curies":[{"name":"wp","href":"https:\/\/api.w.org\/{rel}","templated":true}]}}