{"id":6072,"date":"2022-02-17T16:27:08","date_gmt":"2022-02-17T16:27:08","guid":{"rendered":"https:\/\/eventoscicloderiesgo.com\/?page_id=6072"},"modified":"2022-03-15T11:34:52","modified_gmt":"2022-03-15T11:34:52","slug":"expocobranzas-2022","status":"publish","type":"page","link":"https:\/\/eventoscicloderiesgo.com\/old\/expocobranzas-2022\/","title":{"rendered":"ExpoCobranzas 2022"},"content":{"rendered":"<p>[et_pb_section fb_built=\u00bb1&#8243; next_background_color=\u00bb#003144&#8243; admin_label=\u00bbSecci\u00f3n\u00bb module_id=\u00bbbody-content\u00bb _builder_version=\u00bb4.14.7&#8243; _module_preset=\u00bbdefault\u00bb background_color=\u00bbrgba(0,0,0,0.73)\u00bb background_image=\u00bbhttps:\/\/eventoscicloderiesgo.com\/old\/wp-content\/uploads\/2022\/02\/Fachada_1920x1440_20221.jpg\u00bb background_position=\u00bbtop_center\u00bb background_blend=\u00bbcolor\u00bb custom_margin=\u00bb-74px||||false|false\u00bb custom_padding=\u00bb42px||80px||false|false\u00bb bottom_divider_style=\u00bbasymmetric4&#8243; background_color_phone=\u00bbrgba(0,0,0,0.76)\u00bb background_last_edited=\u00bbon|phone\u00bb background_enable_color_phone=\u00bbon\u00bb da_popup_slug=\u00bbbody-content\u00bb da_disable_devices=\u00bboff|off|off\u00bb global_colors_info=\u00bb{}\u00bb da_is_popup=\u00bboff\u00bb da_exit_intent=\u00bboff\u00bb da_has_close=\u00bbon\u00bb da_alt_close=\u00bboff\u00bb da_dark_close=\u00bboff\u00bb da_not_modal=\u00bbon\u00bb da_is_singular=\u00bboff\u00bb da_with_loader=\u00bboff\u00bb da_has_shadow=\u00bbon\u00bb][et_pb_row column_structure=\u00bb1_2,1_2&#8243; use_custom_gutter=\u00bbon\u00bb gutter_width=\u00bb1&#8243; _builder_version=\u00bb4.14.8&#8243; use_background_color_gradient=\u00bbon\u00bb background_color_gradient_start=\u00bb#ffffff\u00bb background_color_gradient_end=\u00bbrgba(255,255,255,0)\u00bb background_color_gradient_start_position=\u00bb54%\u00bb custom_margin=\u00bb63px||63px||true|false\u00bb custom_padding=\u00bb14px||20px||false|false\u00bb border_radii=\u00bboff|50px|50px||\u00bb border_color_top=\u00bb#FFFFFF\u00bb border_style_top=\u00bbnone\u00bb box_shadow_style=\u00bbpreset3&#8243; locked=\u00bboff\u00bb global_colors_info=\u00bb{}\u00bb][et_pb_column type=\u00bb1_2&#8243; _builder_version=\u00bb4.4.6&#8243; global_colors_info=\u00bb{}\u00bb][et_pb_image src=\u00bbhttps:\/\/eventoscicloderiesgo.com\/old\/wp-content\/uploads\/2022\/02\/LOGO-transparente-ExpoCobranzas.png\u00bb title_text=\u00bbLOGO transparente ExpoCobranzas\u00bb _builder_version=\u00bb4.14.7&#8243; width=\u00bb360px\u00bb width_tablet=\u00bb\u00bb width_phone=\u00bb91%\u00bb width_last_edited=\u00bbon|phone\u00bb module_alignment=\u00bbcenter\u00bb custom_margin=\u00bb-15px||||false|false\u00bb global_colors_info=\u00bb{}\u00bb][\/et_pb_image][\/et_pb_column][et_pb_column type=\u00bb1_2&#8243; _builder_version=\u00bb4.4.6&#8243; global_colors_info=\u00bb{}\u00bb][et_pb_text _builder_version=\u00bb4.14.8&#8243; text_text_color=\u00bb#ffffff\u00bb header_font=\u00bb|700|||||||\u00bb header_text_color=\u00bb#243381&#8243; header_font_size=\u00bb24px\u00bb header_letter_spacing=\u00bb1.1px\u00bb header_line_height=\u00bb1.1em\u00bb custom_margin=\u00bb17px|45px|0px||false|false\u00bb custom_margin_tablet=\u00bb\u00bb custom_margin_phone=\u00bb0px||||false|false\u00bb custom_margin_last_edited=\u00bbon|phone\u00bb custom_padding=\u00bb0px||||false|false\u00bb text_font_size_tablet=\u00bb\u00bb text_font_size_phone=\u00bb14px\u00bb text_font_size_last_edited=\u00bbon|phone\u00bb header_font_size_tablet=\u00bb\u00bb header_font_size_phone=\u00bb18px\u00bb header_font_size_last_edited=\u00bbon|phone\u00bb text_orientation_tablet=\u00bb\u00bb text_orientation_phone=\u00bbcenter\u00bb text_orientation_last_edited=\u00bbon|phone\u00bb locked=\u00bboff\u00bb global_colors_info=\u00bb{}\u00bb]<\/p>\n<h1 >La nueva inteligencia de la Cobranza para sortear con \u00e9xito los nuevos riesgos de entornos VUCA<\/h1>\n<p>[\/et_pb_text][et_pb_text _builder_version=\u00bb4.14.8&#8243; text_font=\u00bb|300|||||||\u00bb text_text_color=\u00bb#0C71C3&#8243; text_font_size=\u00bb17px\u00bb header_2_text_color=\u00bb#EDF000&#8243; header_2_font_size=\u00bb20px\u00bb background_layout=\u00bbdark\u00bb header_2_text_align_tablet=\u00bb\u00bb header_2_text_align_phone=\u00bbcenter\u00bb header_2_text_align_last_edited=\u00bbon|phone\u00bb header_2_font_size_tablet=\u00bb\u00bb header_2_font_size_phone=\u00bb16px\u00bb header_2_font_size_last_edited=\u00bbon|phone\u00bb header_2_text_shadow_style=\u00bbpreset5&#8243; locked=\u00bboff\u00bb global_colors_info=\u00bb{}\u00bb]<\/p>\n<h2>Evento OnLine lunes 14 al 23 de Marzo 2022<\/h2>\n<p>[\/et_pb_text][\/et_pb_column][\/et_pb_row][et_pb_row column_structure=\u00bb1_3,1_3,1_3&#8243; use_custom_gutter=\u00bbon\u00bb gutter_width=\u00bb2&#8243; make_equal=\u00bbon\u00bb _builder_version=\u00bb4.9.2&#8243; _module_preset=\u00bbdefault\u00bb custom_margin=\u00bb||||false|false\u00bb custom_padding=\u00bb0px|||||\u00bb global_colors_info=\u00bb{}\u00bb][et_pb_column type=\u00bb1_3&#8243; _builder_version=\u00bb4.6.6&#8243; _module_preset=\u00bbdefault\u00bb global_colors_info=\u00bb{}\u00bb][et_pb_text _builder_version=\u00bb4.9.2&#8243; _module_preset=\u00bbdefault\u00bb text_text_color=\u00bb#ffffff\u00bb text_font_size=\u00bb23px\u00bb background_color=\u00bbrgba(0,0,0,0.34)\u00bb text_orientation=\u00bbcenter\u00bb width=\u00bb325px\u00bb module_alignment=\u00bbleft\u00bb custom_margin=\u00bb||0px||false|false\u00bb custom_padding=\u00bb20px|20px|20px|20px|true|false\u00bb link_option_url=\u00bb#por-que-asistir\u00bb text_orientation_tablet=\u00bb\u00bb text_orientation_phone=\u00bbcenter\u00bb text_orientation_last_edited=\u00bbon|phone\u00bb module_alignment_tablet=\u00bb\u00bb module_alignment_phone=\u00bbcenter\u00bb module_alignment_last_edited=\u00bbon|phone\u00bb border_radii=\u00bbon|7px|7px|7px|7px\u00bb border_width_all=\u00bb2px\u00bb border_color_all=\u00bb#f7851e\u00bb global_colors_info=\u00bb{}\u00bb]<\/p>\n<p><i class=\"fas fa-question\" style=\"font-size: 1.3em;\"><\/i> \u00bfPor qu\u00e9 asistir ?<\/p>\n<p>[\/et_pb_text][et_pb_text _builder_version=\u00bb4.14.7&#8243; _module_preset=\u00bbdefault\u00bb text_font=\u00bb|300|||||||\u00bb text_text_color=\u00bb#ffffff\u00bb text_font_size=\u00bb15px\u00bb text_line_height=\u00bb1.3em\u00bb background_color=\u00bbrgba(0,0,0,0)\u00bb text_orientation=\u00bbcenter\u00bb width=\u00bb257px\u00bb module_alignment=\u00bbcenter\u00bb custom_margin=\u00bb|||-9px|false|false\u00bb custom_padding=\u00bb0px|0px|0px|0px|false|false\u00bb module_alignment_tablet=\u00bb\u00bb module_alignment_phone=\u00bbcenter\u00bb module_alignment_last_edited=\u00bbon|phone\u00bb global_colors_info=\u00bb{}\u00bb]Viva las 10Ex &#8211; las 10 experiencias ExpoCOBRANZAS[\/et_pb_text][\/et_pb_column][et_pb_column type=\u00bb1_3&#8243; _builder_version=\u00bb4.6.6&#8243; _module_preset=\u00bbdefault\u00bb global_colors_info=\u00bb{}\u00bb][et_pb_text _builder_version=\u00bb4.14.8&#8243; _module_preset=\u00bbdefault\u00bb text_text_color=\u00bb#ffffff\u00bb text_font_size=\u00bb23px\u00bb background_color=\u00bbrgba(0,0,0,0.34)\u00bb text_orientation=\u00bbcenter\u00bb width=\u00bb325px\u00bb module_alignment=\u00bbcenter\u00bb custom_margin=\u00bb||0px||false|false\u00bb custom_padding=\u00bb20px|20px|20px|20px|true|false\u00bb link_option_url=\u00bbhttps:\/\/eventoscicloderiesgo.com\/old\/wp-content\/uploads\/2022\/ExpoCobranzas-marzo\/Agenda-2022_2-1.pdf\u00bb link_option_url_new_window=\u00bbon\u00bb hover_enabled=\u00bb0&#8243; text_orientation_tablet=\u00bb\u00bb text_orientation_phone=\u00bbcenter\u00bb text_orientation_last_edited=\u00bbon|phone\u00bb module_alignment_tablet=\u00bb\u00bb module_alignment_phone=\u00bbcenter\u00bb module_alignment_last_edited=\u00bbon|phone\u00bb border_radii=\u00bbon|7px|7px|7px|7px\u00bb border_width_all=\u00bb2px\u00bb border_color_all=\u00bb#f7851e\u00bb global_colors_info=\u00bb{}\u00bb sticky_enabled=\u00bb0&#8243;]<\/p>\n<p><i class=\"far fa-calendar-alt\" style=\"font-size: 1.2em;\"><\/i> Agenda Acad\u00e9mica<\/p>\n<p>[\/et_pb_text][et_pb_text _builder_version=\u00bb4.9.2&#8243; _module_preset=\u00bbdefault\u00bb text_font=\u00bb|300|||||||\u00bb text_text_color=\u00bb#ffffff\u00bb text_font_size=\u00bb15px\u00bb text_line_height=\u00bb1.3em\u00bb text_orientation=\u00bbcenter\u00bb width=\u00bb257px\u00bb module_alignment=\u00bbcenter\u00bb custom_margin=\u00bb|||-9px|false|false\u00bb custom_padding=\u00bb0px|0px|0px|0px|false|false\u00bb module_alignment_tablet=\u00bb\u00bb module_alignment_phone=\u00bbcenter\u00bb module_alignment_last_edited=\u00bbon|phone\u00bb global_colors_info=\u00bb{}\u00bb] Live Collections Summit[\/et_pb_text][\/et_pb_column][et_pb_column type=\u00bb1_3&#8243; _builder_version=\u00bb4.9.2&#8243; _module_preset=\u00bbdefault\u00bb global_colors_info=\u00bb{}\u00bb][et_pb_text _builder_version=\u00bb4.14.8&#8243; _module_preset=\u00bbdefault\u00bb text_text_color=\u00bb#ffffff\u00bb text_font_size=\u00bb23px\u00bb background_color=\u00bbrgba(0,0,0,0.34)\u00bb text_orientation=\u00bbcenter\u00bb width=\u00bb325px\u00bb module_alignment=\u00bbright\u00bb custom_margin=\u00bb||0px||false|false\u00bb custom_padding=\u00bb20px|20px|20px|20px|true|false\u00bb link_option_url=\u00bbhttps:\/\/eventoscicloderiesgo.com\/old\/wp-content\/uploads\/2022\/02\/TALLER-Pensamiento-Estrategico-para-DIECTIVOS-ExpoCOBRANZAS-Latam-2022-Ciclo-de-Riesgo-.pdf\u00bb text_orientation_tablet=\u00bb\u00bb text_orientation_phone=\u00bbcenter\u00bb text_orientation_last_edited=\u00bbon|phone\u00bb module_alignment_tablet=\u00bb\u00bb module_alignment_phone=\u00bbcenter\u00bb module_alignment_last_edited=\u00bbon|phone\u00bb border_radii=\u00bbon|7px|7px|7px|7px\u00bb border_width_all=\u00bb2px\u00bb border_color_all=\u00bb#f7851e\u00bb global_colors_info=\u00bb{}\u00bb]<\/p>\n<p><i class=\"fa fa-user-plus\" style=\"font-size: 1.2em;\"><\/i> Taller 1<\/p>\n<p>[\/et_pb_text][et_pb_text _builder_version=\u00bb4.14.7&#8243; _module_preset=\u00bbdefault\u00bb text_font=\u00bb|300|||||||\u00bb text_text_color=\u00bb#ffffff\u00bb text_font_size=\u00bb15px\u00bb text_line_height=\u00bb1.3em\u00bb text_orientation=\u00bbcenter\u00bb width=\u00bb257px\u00bb module_alignment=\u00bbcenter\u00bb custom_margin=\u00bb|||-9px|false|false\u00bb custom_padding=\u00bb0px|0px|0px|0px|false|false\u00bb module_alignment_tablet=\u00bb\u00bb module_alignment_phone=\u00bbcenter\u00bb module_alignment_last_edited=\u00bbon|phone\u00bb locked=\u00bboff\u00bb global_colors_info=\u00bb{}\u00bb]Construcci\u00f3n sistema Directivo[\/et_pb_text][\/et_pb_column][\/et_pb_row][et_pb_row column_structure=\u00bb1_3,1_3,1_3&#8243; use_custom_gutter=\u00bbon\u00bb gutter_width=\u00bb2&#8243; make_equal=\u00bbon\u00bb _builder_version=\u00bb4.9.2&#8243; _module_preset=\u00bbdefault\u00bb custom_margin=\u00bb||||false|false\u00bb custom_padding=\u00bb0px|||||\u00bb global_colors_info=\u00bb{}\u00bb][et_pb_column type=\u00bb1_3&#8243; _builder_version=\u00bb4.6.6&#8243; _module_preset=\u00bbdefault\u00bb global_colors_info=\u00bb{}\u00bb][et_pb_text _builder_version=\u00bb4.14.8&#8243; _module_preset=\u00bbdefault\u00bb text_text_color=\u00bb#ffffff\u00bb text_font_size=\u00bb23px\u00bb background_color=\u00bbrgba(0,0,0,0.34)\u00bb text_orientation=\u00bbcenter\u00bb width=\u00bb325px\u00bb module_alignment=\u00bbleft\u00bb custom_margin=\u00bb1.6em||0px||false|false\u00bb custom_padding=\u00bb20px|20px|20px|20px|true|false\u00bb link_option_url=\u00bbhttps:\/\/eventoscicloderiesgo.com\/old\/wp-content\/uploads\/2022\/02\/TALLER-Asesores-Tecnicas-de-Cobranza-ExpoCOBRANZAS-Latam-2022-Ciclo-de-Riesgo-.pdf\u00bb text_orientation_tablet=\u00bb\u00bb text_orientation_phone=\u00bbcenter\u00bb text_orientation_last_edited=\u00bbon|phone\u00bb module_alignment_tablet=\u00bb\u00bb module_alignment_phone=\u00bbcenter\u00bb module_alignment_last_edited=\u00bbon|phone\u00bb border_radii=\u00bbon|7px|7px|7px|7px\u00bb border_width_all=\u00bb2px\u00bb border_color_all=\u00bb#f7851e\u00bb global_colors_info=\u00bb{}\u00bb]<\/p>\n<p><i class=\"fa fa-user-plus\" style=\"font-size: 1.2em;\"><\/i> Taller 2<\/p>\n<p>[\/et_pb_text][et_pb_text _builder_version=\u00bb4.14.7&#8243; _module_preset=\u00bbdefault\u00bb text_font=\u00bb|300|||||||\u00bb text_text_color=\u00bb#ffffff\u00bb text_font_size=\u00bb15px\u00bb text_line_height=\u00bb1.3em\u00bb text_orientation=\u00bbcenter\u00bb width=\u00bb257px\u00bb module_alignment=\u00bbcenter\u00bb custom_margin=\u00bb|||-9px|false|false\u00bb custom_padding=\u00bb0px|0px|0px|0px|false|false\u00bb module_alignment_tablet=\u00bb\u00bb module_alignment_phone=\u00bbcenter\u00bb module_alignment_last_edited=\u00bbon|phone\u00bb locked=\u00bboff\u00bb global_colors_info=\u00bb{}\u00bb]Herramientas de Alto Impacto[\/et_pb_text][\/et_pb_column][et_pb_column type=\u00bb1_3&#8243; _builder_version=\u00bb4.6.6&#8243; _module_preset=\u00bbdefault\u00bb global_colors_info=\u00bb{}\u00bb][et_pb_text admin_label=\u00bbTexto\u00bb _builder_version=\u00bb4.14.7&#8243; _module_preset=\u00bbdefault\u00bb text_text_color=\u00bb#ffffff\u00bb text_font_size=\u00bb23px\u00bb background_color=\u00bbrgba(0,0,0,0.34)\u00bb text_orientation=\u00bbcenter\u00bb width=\u00bb325px\u00bb module_alignment=\u00bbleft\u00bb custom_margin=\u00bb1.6em||0px||false|false\u00bb custom_padding=\u00bb20px|20px|20px|20px|true|false\u00bb link_option_url=\u00bb#valor-inversion\u00bb text_orientation_tablet=\u00bb\u00bb text_orientation_phone=\u00bbcenter\u00bb text_orientation_last_edited=\u00bbon|phone\u00bb module_alignment_tablet=\u00bb\u00bb module_alignment_phone=\u00bbcenter\u00bb module_alignment_last_edited=\u00bbon|phone\u00bb border_radii=\u00bbon|7px|7px|7px|7px\u00bb border_width_all=\u00bb2px\u00bb border_color_all=\u00bb#f7851e\u00bb global_colors_info=\u00bb{}\u00bb]<\/p>\n<p><i class=\"fa fa-usd\" style=\"font-size: 1.2em;\"><\/i>  Valor de la Inversi\u00f3n<\/p>\n<p>[\/et_pb_text][\/et_pb_column][et_pb_column type=\u00bb1_3&#8243; _builder_version=\u00bb4.9.2&#8243; _module_preset=\u00bbdefault\u00bb global_colors_info=\u00bb{}\u00bb][et_pb_text _builder_version=\u00bb4.14.7&#8243; _dynamic_attributes=\u00bblink_option_url\u00bb _module_preset=\u00bbdefault\u00bb text_text_color=\u00bb#ffffff\u00bb text_font_size=\u00bb23px\u00bb background_color=\u00bbrgba(0,0,0,0.34)\u00bb text_orientation=\u00bbcenter\u00bb width=\u00bb325px\u00bb module_alignment=\u00bbcenter\u00bb custom_margin=\u00bb1.6em||0px||false|false\u00bb custom_padding=\u00bb20px|20px|20px|20px|true|false\u00bb link_option_url=\u00bb@ET-DC@eyJkeW5hbWljIjp0cnVlLCJjb250ZW50IjoicG9zdF9saW5rX3VybF9wYWdlIiwic2V0dGluZ3MiOnsicG9zdF9pZCI6IjI4NTAifX0=@\u00bb text_orientation_tablet=\u00bb\u00bb text_orientation_phone=\u00bbcenter\u00bb text_orientation_last_edited=\u00bbon|phone\u00bb module_alignment_tablet=\u00bb\u00bb module_alignment_phone=\u00bbcenter\u00bb module_alignment_last_edited=\u00bbon|phone\u00bb border_radii=\u00bbon|7px|7px|7px|7px\u00bb border_width_all=\u00bb2px\u00bb border_color_all=\u00bb#f7851e\u00bb global_colors_info=\u00bb{}\u00bb]<\/p>\n<p><i class=\"fas fa-edit\" style=\"font-size: 1.2em;\"><\/i> Formulario Inscripci\u00f3n<\/p>\n<p>[\/et_pb_text][\/et_pb_column][\/et_pb_row][et_pb_row column_structure=\u00bb1_3,1_3,1_3&#8243; use_custom_gutter=\u00bbon\u00bb gutter_width=\u00bb2&#8243; make_equal=\u00bbon\u00bb disabled_on=\u00bbon|on|on\u00bb _builder_version=\u00bb4.14.7&#8243; _module_preset=\u00bbdefault\u00bb custom_margin=\u00bb||||false|false\u00bb custom_padding=\u00bb0px|||||\u00bb disabled=\u00bbon\u00bb global_colors_info=\u00bb{}\u00bb][et_pb_column type=\u00bb1_3&#8243; _builder_version=\u00bb4.6.6&#8243; _module_preset=\u00bbdefault\u00bb global_colors_info=\u00bb{}\u00bb][et_pb_text _builder_version=\u00bb4.9.2&#8243; _module_preset=\u00bbdefault\u00bb text_text_color=\u00bb#ffffff\u00bb text_font_size=\u00bb23px\u00bb background_color=\u00bbrgba(0,0,0,0.34)\u00bb text_orientation=\u00bbcenter\u00bb width=\u00bb325px\u00bb module_alignment=\u00bbleft\u00bb custom_margin=\u00bb1.6em||0px||false|false\u00bb custom_padding=\u00bb20px|20px|20px|20px|true|false\u00bb link_option_url=\u00bb#contacto\u00bb text_orientation_tablet=\u00bb\u00bb text_orientation_phone=\u00bbcenter\u00bb text_orientation_last_edited=\u00bbon|phone\u00bb module_alignment_tablet=\u00bb\u00bb module_alignment_phone=\u00bbcenter\u00bb module_alignment_last_edited=\u00bbon|phone\u00bb border_radii=\u00bbon|7px|7px|7px|7px\u00bb border_width_all=\u00bb2px\u00bb border_color_all=\u00bb#f7851e\u00bb global_colors_info=\u00bb{}\u00bb]<\/p>\n<p><i class=\"fas fa-mobile-alt\" style=\"font-size: 1.2em;\"><\/i> Datos de Contacto<\/p>\n<p>[\/et_pb_text][\/et_pb_column][et_pb_column type=\u00bb1_3&#8243; _builder_version=\u00bb4.6.6&#8243; _module_preset=\u00bbdefault\u00bb global_colors_info=\u00bb{}\u00bb][et_pb_text _builder_version=\u00bb4.9.2&#8243; _dynamic_attributes=\u00bblink_option_url\u00bb _module_preset=\u00bbdefault\u00bb text_text_color=\u00bb#ffffff\u00bb text_font_size=\u00bb23px\u00bb background_color=\u00bbrgba(0,0,0,0.34)\u00bb text_orientation=\u00bbcenter\u00bb width=\u00bb325px\u00bb module_alignment=\u00bbcenter\u00bb custom_margin=\u00bb1.6em||0px||false|false\u00bb custom_padding=\u00bb20px|20px|20px|20px|true|false\u00bb link_option_url=\u00bb@ET-DC@eyJkeW5hbWljIjp0cnVlLCJjb250ZW50IjoicG9zdF9saW5rX3VybF9wYWdlIiwic2V0dGluZ3MiOnsicG9zdF9pZCI6IjI4NTAifX0=@\u00bb text_orientation_tablet=\u00bb\u00bb text_orientation_phone=\u00bbcenter\u00bb text_orientation_last_edited=\u00bbon|phone\u00bb module_alignment_tablet=\u00bb\u00bb module_alignment_phone=\u00bbcenter\u00bb module_alignment_last_edited=\u00bbon|phone\u00bb border_radii=\u00bbon|7px|7px|7px|7px\u00bb border_width_all=\u00bb2px\u00bb border_color_all=\u00bb#f7851e\u00bb global_colors_info=\u00bb{}\u00bb]<\/p>\n<p><i class=\"fas fa-edit\" style=\"font-size: 1.2em;\"><\/i> Formulario Inscripci\u00f3n<\/p>\n<p>[\/et_pb_text][\/et_pb_column][et_pb_column type=\u00bb1_3&#8243; _builder_version=\u00bb4.9.2&#8243; _module_preset=\u00bbdefault\u00bb global_colors_info=\u00bb{}\u00bb][et_pb_text _builder_version=\u00bb4.9.4&#8243; _module_preset=\u00bbdefault\u00bb text_text_color=\u00bb#ffffff\u00bb text_font_size=\u00bb23px\u00bb background_color=\u00bbrgba(0,0,0,0.34)\u00bb text_orientation=\u00bbcenter\u00bb width=\u00bb169px\u00bb module_alignment=\u00bbcenter\u00bb min_height=\u00bb170px\u00bb custom_margin=\u00bb||||false|false\u00bb custom_padding=\u00bb20px||20px||true|false\u00bb link_option_url=\u00bbhttps:\/\/eventoscicloderiesgo.com\/old\/wp-content\/uploads\/2021\/ExpoCobranzas\/FLC-FUTURE-COLECCTIONS-LAB-abril-20-21-y-22-.pdf\u00bb link_option_url_new_window=\u00bbon\u00bb text_orientation_tablet=\u00bb\u00bb text_orientation_phone=\u00bbcenter\u00bb text_orientation_last_edited=\u00bbon|phone\u00bb module_alignment_tablet=\u00bb\u00bb module_alignment_phone=\u00bbcenter\u00bb module_alignment_last_edited=\u00bbon|phone\u00bb border_radii=\u00bbon|90px|90px|90px|90px\u00bb border_width_all=\u00bb2px\u00bb border_color_all=\u00bb#f7851e\u00bb global_colors_info=\u00bb{}\u00bb]<\/p>\n<p><img decoding=\"async\" src=\"https:\/\/eventoscicloderiesgo.com\/old\/wp-content\/uploads\/2021\/ExpoCobranzas\/Futuro-Collections-LABS-ICM_165x63.png\" width=\"75\" alt=\"\" class=\"wp-image-4749 alignnone size-full\" \/><\/p>\n<p>[\/et_pb_text][\/et_pb_column][\/et_pb_row][\/et_pb_section][et_pb_section fb_built=\u00bb1&#8243; next_background_color=\u00bb#FFFFFF\u00bb admin_label=\u00bbpor-que-asistir\u00bb module_id=\u00bbpor-que-asistir\u00bb _builder_version=\u00bb4.9.2&#8243; background_color=\u00bb#003144&#8243; bottom_divider_style=\u00bbasymmetric4&#8243; bottom_divider_flip=\u00bbvertical\u00bb da_popup_slug=\u00bbpor-que-asistir\u00bb da_disable_devices=\u00bboff|off|off\u00bb locked=\u00bboff\u00bb global_colors_info=\u00bb{}\u00bb da_is_popup=\u00bboff\u00bb da_exit_intent=\u00bboff\u00bb da_has_close=\u00bbon\u00bb da_alt_close=\u00bboff\u00bb da_dark_close=\u00bboff\u00bb da_not_modal=\u00bbon\u00bb da_is_singular=\u00bboff\u00bb da_with_loader=\u00bboff\u00bb da_has_shadow=\u00bbon\u00bb][et_pb_row column_structure=\u00bb2_5,3_5&#8243; _builder_version=\u00bb4.9.2&#8243; _module_preset=\u00bbdefault\u00bb max_width=\u00bb1420px\u00bb module_alignment=\u00bbcenter\u00bb global_colors_info=\u00bb{}\u00bb][et_pb_column type=\u00bb2_5&#8243; _builder_version=\u00bb4.9.2&#8243; _module_preset=\u00bbdefault\u00bb global_colors_info=\u00bb{}\u00bb][et_pb_text _builder_version=\u00bb4.14.7&#8243; text_font=\u00bbRoboto|300|||||||\u00bb text_font_size=\u00bb24px\u00bb text_line_height=\u00bb1.1em\u00bb header_3_font=\u00bbRoboto||||||||\u00bb header_3_font_size=\u00bb50px\u00bb background_layout=\u00bbdark\u00bb header_3_font_size_tablet=\u00bb\u00bb header_3_font_size_phone=\u00bb34px\u00bb header_3_font_size_last_edited=\u00bbon|phone\u00bb global_colors_info=\u00bb{}\u00bb]<\/p>\n<h3>Por qu\u00e9 asistir a ExpoCobranzas LATAM 2022<\/h3>\n<p>[\/et_pb_text][et_pb_text _builder_version=\u00bb4.9.2&#8243; text_font=\u00bbRoboto||||||||\u00bb text_font_size=\u00bb18px\u00bb text_line_height=\u00bb1.8em\u00bb background_layout=\u00bbdark\u00bb global_colors_info=\u00bb{}\u00bb]<\/p>\n<p>ExpoCobranzas se constituye en la primera feria <span style=\"color: #00ccff;\"><strong>especializada en la Gesti\u00f3n de Recuperaci\u00f3n de Cartera y Cobranza<\/strong><\/span>, que congregar\u00e1 v\u00eda WEB al Ecosistema de la industria e nivel latinoamericano, <strong>en un Recinto Ferial en 3D con 8 Pabellones Interactivos<\/strong><\/p>\n<p>[\/et_pb_text][et_pb_text _builder_version=\u00bb4.14.7&#8243; text_font=\u00bbRoboto||||||||\u00bb text_font_size=\u00bb18px\u00bb text_line_height=\u00bb0.9em\u00bb header_4_font=\u00bbRoboto|500|||||||\u00bb header_4_font_size=\u00bb24px\u00bb header_4_line_height=\u00bb1.1em\u00bb z_index=\u00bb2&#8243; background_layout=\u00bbdark\u00bb custom_margin=\u00bb50px||||false|false\u00bb custom_padding=\u00bb|||5px|false|false\u00bb border_width_left=\u00bb4px\u00bb border_color_left=\u00bb#FFCC00&#8243; global_colors_info=\u00bb{}\u00bb]<\/p>\n<h4>VIVE LAS 10 EXPERIENCIAS<br \/>\nExpoCOBRANZAS<\/h4>\n<p>conocimiento experto, interacci\u00f3n y negocios[\/et_pb_text][et_pb_image src=\u00bbhttps:\/\/eventoscicloderiesgo.com\/old\/wp-content\/uploads\/2021\/ExpoCobranzas\/por-que-asistir\/flecha.png\u00bb title_text=\u00bbflecha\u00bb _builder_version=\u00bb4.9.2&#8243; _module_preset=\u00bbdefault\u00bb transform_scale_tablet=\u00bb\u00bb transform_scale_phone=\u00bb\u00bb transform_scale_last_edited=\u00bbon|phone\u00bb transform_translate=\u00bb211px|-77px\u00bb transform_translate_tablet=\u00bb\u00bb transform_translate_phone=\u00bb0px|-34px\u00bb transform_translate_last_edited=\u00bbon|phone\u00bb transform_rotate=\u00bb0deg|0deg|20deg\u00bb transform_rotate_tablet=\u00bb\u00bb transform_rotate_phone=\u00bb0deg|179deg|132deg\u00bb transform_rotate_last_edited=\u00bbon|phone\u00bb transform_skew_tablet=\u00bb\u00bb transform_skew_phone=\u00bb\u00bb transform_skew_last_edited=\u00bbon|phone\u00bb transform_origin_tablet=\u00bb\u00bb transform_origin_phone=\u00bb\u00bb transform_origin_last_edited=\u00bbon|phone\u00bb transform_styles_last_edited=\u00bbon|phone\u00bb z_index=\u00bb1&#8243; width=\u00bb250px\u00bb custom_padding=\u00bb||0px|||\u00bb transform_styles_tablet=\u00bb\u00bb transform_styles_phone=\u00bb\u00bb global_colors_info=\u00bb{}\u00bb][\/et_pb_image][\/et_pb_column][et_pb_column type=\u00bb3_5&#8243; _builder_version=\u00bb4.14.7&#8243; _module_preset=\u00bbdefault\u00bb global_colors_info=\u00bb{}\u00bb][et_pb_image src=\u00bbhttps:\/\/eventoscicloderiesgo.com\/old\/wp-content\/uploads\/2022\/ExpoCobranzas-marzo\/viva-las-10-experiencias.png\u00bb title_text=\u00bbviva-las-10-experiencias\u00bb url=\u00bbhttps:\/\/eventoscicloderiesgo.com\/old\/wp-content\/uploads\/2022\/02\/Brochure-Por-que-asistir-10Ex-Completo-ExpoCOBRANZAs-2022.pdf\u00bb url_new_window=\u00bbon\u00bb _builder_version=\u00bb4.14.7&#8243; _module_preset=\u00bbdefault\u00bb global_colors_info=\u00bb{}\u00bb][\/et_pb_image][\/et_pb_column][\/et_pb_row][\/et_pb_section][et_pb_section fb_built=\u00bb1&#8243; admin_label=\u00bbAgenda\u00bb module_id=\u00bbagenda\u00bb _builder_version=\u00bb4.9.2&#8243; _module_preset=\u00bbdefault\u00bb background_color=\u00bb#FFFFFF\u00bb da_popup_slug=\u00bbagenda\u00bb da_disable_devices=\u00bboff|off|off\u00bb global_colors_info=\u00bb{}\u00bb da_is_popup=\u00bboff\u00bb da_exit_intent=\u00bboff\u00bb da_has_close=\u00bbon\u00bb da_alt_close=\u00bboff\u00bb da_dark_close=\u00bboff\u00bb da_not_modal=\u00bbon\u00bb da_is_singular=\u00bboff\u00bb da_with_loader=\u00bboff\u00bb da_has_shadow=\u00bbon\u00bb][et_pb_row column_structure=\u00bb3_5,2_5&#8243; use_custom_gutter=\u00bbon\u00bb gutter_width=\u00bb2&#8243; _builder_version=\u00bb4.9.2&#8243; _module_preset=\u00bbdefault\u00bb global_colors_info=\u00bb{}\u00bb][et_pb_column type=\u00bb3_5&#8243; _builder_version=\u00bb4.9.2&#8243; _module_preset=\u00bbdefault\u00bb global_colors_info=\u00bb{}\u00bb][et_pb_text _builder_version=\u00bb4.14.7&#8243; text_font=\u00bbRoboto|300|||||||\u00bb text_font_size=\u00bb24px\u00bb text_line_height=\u00bb1.1em\u00bb header_3_font=\u00bbRoboto||||||||\u00bb header_3_font_size=\u00bb50px\u00bb custom_padding=\u00bb|32px||32px|false|true\u00bb header_3_font_size_tablet=\u00bb\u00bb header_3_font_size_phone=\u00bb34px\u00bb header_3_font_size_last_edited=\u00bbon|phone\u00bb global_colors_info=\u00bb{}\u00bb]<\/p>\n<h3>Agenda ExpoCobranzas<br \/>\n<span style=\"font-size:0.5em\">Marzo 14 al 23 de 2022<\/span><\/h3>\n<p>[\/et_pb_text][\/et_pb_column][et_pb_column type=\u00bb2_5&#8243; _builder_version=\u00bb4.9.2&#8243; _module_preset=\u00bbdefault\u00bb global_colors_info=\u00bb{}\u00bb][et_pb_image src=\u00bbhttps:\/\/eventoscicloderiesgo.com\/old\/wp-content\/uploads\/general\/pdf-descargar.png\u00bb title_text=\u00bbpdf-descargar\u00bb url=\u00bbhttps:\/\/eventoscicloderiesgo.com\/old\/wp-content\/uploads\/2022\/ExpoCobranzas-marzo\/Agenda-2022_2-1.pdf\u00bb url_new_window=\u00bbon\u00bb _builder_version=\u00bb4.14.8&#8243; _module_preset=\u00bbdefault\u00bb hover_enabled=\u00bb0&#8243; global_colors_info=\u00bb{}\u00bb sticky_enabled=\u00bb0&#8243;][\/et_pb_image][\/et_pb_column][\/et_pb_row][et_pb_row _builder_version=\u00bb4.9.2&#8243; _module_preset=\u00bbdefault\u00bb width_tablet=\u00bb\u00bb width_phone=\u00bb100%\u00bb width_last_edited=\u00bbon|phone\u00bb module_alignment=\u00bbcenter\u00bb global_colors_info=\u00bb{}\u00bb][et_pb_column type=\u00bb4_4&#8243; _builder_version=\u00bb4.9.2&#8243; _module_preset=\u00bbdefault\u00bb global_colors_info=\u00bb{}\u00bb][et_pb_image src=\u00bbhttps:\/\/eventoscicloderiesgo.com\/old\/wp-content\/uploads\/2022\/02\/Screenshot-2022-02-20-at-21-08-20-Brochure-2022-Brochure-2022-pdf.png\u00bb title_text=\u00bbScreenshot 2022-02-20 at 21-08-20 Brochure-2022 &#8211; Brochure-2022 pdf\u00bb _builder_version=\u00bb4.14.8&#8243; _module_preset=\u00bbdefault\u00bb global_colors_info=\u00bb{}\u00bb][\/et_pb_image][\/et_pb_column][\/et_pb_row][\/et_pb_section][et_pb_section fb_built=\u00bb1&#8243; specialty=\u00bbon\u00bb custom_padding_last_edited=\u00bbon|phone\u00bb prev_background_color=\u00bb#FFFFFF\u00bb module_id=\u00bbvalor-inversion\u00bb _builder_version=\u00bb4.14.7&#8243; _module_preset=\u00bbdefault\u00bb background_color=\u00bb#0073ff\u00bb use_background_color_gradient=\u00bbon\u00bb background_color_gradient_start=\u00bb#00bdfc\u00bb background_color_gradient_end=\u00bb#0073ff\u00bb background_color_gradient_type=\u00bbradial\u00bb background_color_gradient_direction_radial=\u00bbtop right\u00bb background_enable_image=\u00bboff\u00bb background_blend=\u00bbcolor\u00bb custom_margin=\u00bb||||false|false\u00bb custom_margin_tablet=\u00bb||||false|false\u00bb custom_margin_phone=\u00bb||||false|false\u00bb custom_margin_last_edited=\u00bbon|phone\u00bb custom_padding=\u00bb100px||100px||false|false\u00bb custom_padding_tablet=\u00bb100px||100px||false|false\u00bb custom_padding_phone=\u00bb50px||||false|false\u00bb top_divider_style=\u00bbasymmetric2&#8243; bottom_divider_style=\u00bbcurve\u00bb bottom_divider_color=\u00bb#FFFFFF\u00bb bottom_divider_height=\u00bb50px\u00bb da_disable_devices=\u00bboff|off|off\u00bb global_colors_info=\u00bb{}\u00bb da_is_popup=\u00bboff\u00bb da_exit_intent=\u00bboff\u00bb da_has_close=\u00bbon\u00bb da_alt_close=\u00bboff\u00bb da_dark_close=\u00bboff\u00bb da_not_modal=\u00bbon\u00bb da_is_singular=\u00bboff\u00bb da_with_loader=\u00bboff\u00bb da_has_shadow=\u00bbon\u00bb][et_pb_column type=\u00bb3_4&#8243; specialty_columns=\u00bb3&#8243; _builder_version=\u00bb3.25&#8243; custom_padding=\u00bb|||\u00bb global_colors_info=\u00bb{}\u00bb custom_padding__hover=\u00bb|||\u00bb][et_pb_row_inner _builder_version=\u00bb4.14.7&#8243; _module_preset=\u00bbdefault\u00bb global_colors_info=\u00bb{}\u00bb][et_pb_column_inner saved_specialty_column_type=\u00bb3_4&#8243; _builder_version=\u00bb4.14.7&#8243; _module_preset=\u00bbdefault\u00bb global_colors_info=\u00bb{}\u00bb][et_pb_text _builder_version=\u00bb4.9.2&#8243; text_text_color=\u00bb#ffffff\u00bb text_font_size=\u00bb16px\u00bb header_font=\u00bb|800||on|||||\u00bb header_text_align=\u00bbleft\u00bb header_text_color=\u00bb#FFFFFF\u00bb header_font_size=\u00bb2.8em\u00bb header_letter_spacing=\u00bb1px\u00bb header_line_height=\u00bb1.2em\u00bb header_2_font=\u00bb|600|||||||\u00bb header_2_text_color=\u00bb#FFFFFF\u00bb header_2_font_size=\u00bb37px\u00bb custom_margin=\u00bb2em||||false|false\u00bb header_font_size_tablet=\u00bb\u00bb header_font_size_phone=\u00bb2em\u00bb header_font_size_last_edited=\u00bbon|phone\u00bb locked=\u00bboff\u00bb global_colors_info=\u00bb{}\u00bb]<\/p>\n<h1>\u00bfQu\u00e9 Incluye La Inscripci\u00f3n al Evento?<\/h1>\n<p>[\/et_pb_text][et_pb_image src=\u00bbhttps:\/\/eventoscicloderiesgo.com\/old\/wp-content\/uploads\/2022\/02\/tabla_precios1.png\u00bb title_text=\u00bbtabla_precios(1)\u00bb show_in_lightbox=\u00bbon\u00bb _builder_version=\u00bb4.14.7&#8243; _module_preset=\u00bbdefault\u00bb global_colors_info=\u00bb{}\u00bb][\/et_pb_image][et_pb_text _builder_version=\u00bb4.14.7&#8243; _module_preset=\u00bbdefault\u00bb text_orientation=\u00bbcenter\u00bb background_layout=\u00bbdark\u00bb global_colors_info=\u00bb{}\u00bb]<\/p>\n<p>(*) Descuento del 15% para el segundo pase y del 20% para el tercer pase y siguientes. Puedes asistir una persona distinta por cada evento<\/p>\n<p>[\/et_pb_text][et_pb_text _builder_version=\u00bb4.14.7&#8243; text_font=\u00bb||||||||\u00bb text_text_color=\u00bb#ffffff\u00bb text_font_size=\u00bb17px\u00bb text_line_height=\u00bb1.6em\u00bb header_text_color=\u00bb#ffffff\u00bb custom_margin=\u00bb||||false|false\u00bb locked=\u00bboff\u00bb global_colors_info=\u00bb{}\u00bb]Ingreso WEB, mediante clave de acceso asociada al email de la persona inscrita, durante toda la semana al Recinto Ferial 3D ExpoCOBRANZAS <span style=\"text-decoration: underline;\"><span style=\"color: #FFF; text-decoration: underline;\"><a href=\"https:\/\/expofinanzas.co\/\" style=\"color: #fff; text-decoration: underline;\">www.expofinanzas.co\/<\/a><\/span><\/span>, a todas las actividades de la semana as\u00ed: acceder a todos los videos de la agenda acad\u00e9mica a la carta; a la Zona Fest, a la sala de Zoom del Open Business Coffee, a la muestra comercial 3D, participar con opiniones en el Foro\/Muro; a la transmisi\u00f3n en Live Streaming de todas las conferencias y paneles de la agenda acad\u00e9mica del Live Collections Summit en Vivo el d\u00eda martes 15 de marzo de 2022. La asistencia a los talleres especializados requiere de un pase especial que incluye un taller o el de dos talleres.<\/p>\n<p>Acceso WEB en Diferido la siguiente semana, a partir del jueves 24 de MARZO, al contenido desarrollado en el Live Collections Summit que quedar\u00e1 grabado y a disposici\u00f3n de los asistentes por una semana m\u00e1s en la plataforma. Se enviar\u00e1 link personalizado para acceso a este material.[\/et_pb_text][\/et_pb_column_inner][\/et_pb_row_inner][\/et_pb_column][et_pb_column type=\u00bb1_4&#8243; _builder_version=\u00bb3.25&#8243; custom_padding=\u00bb|||\u00bb global_colors_info=\u00bb{}\u00bb custom_padding__hover=\u00bb|||\u00bb][et_pb_cta title=\u00bbInscripci\u00f3n ExpoCOBRANZAS\u00bb button_url=\u00bb@ET-DC@eyJkeW5hbWljIjp0cnVlLCJjb250ZW50IjoicG9zdF9saW5rX3VybF9wYWdlIiwic2V0dGluZ3MiOnsicG9zdF9pZCI6IjI4NTAifX0=@\u00bb button_text=\u00bbInscripci\u00f3n a Expocobranzas\u00bb module_id=\u00bbinscripcion\u00bb _builder_version=\u00bb4.14.7&#8243; _dynamic_attributes=\u00bbbutton_url\u00bb body_font_size=\u00bb18px\u00bb background_color=\u00bbrgba(0,15,117,0.63)\u00bb custom_button=\u00bbon\u00bb button_bg_color=\u00bb#f24800&#8243; button_border_radius=\u00bb30px\u00bb button_font=\u00bb|600||on|||||\u00bb button_icon=\u00bb&#xe07e;||divi||400&#8243; button_on_hover=\u00bboff\u00bb button_custom_padding=\u00bb|29px||11px|false|false\u00bb transform_scale_linked=\u00bboff\u00bb transform_translate=\u00bb35px|0px\u00bb transform_translate_linked=\u00bboff\u00bb width=\u00bb300px\u00bb custom_margin=\u00bb180px||||false|false\u00bb custom_padding=\u00bb||||false|false\u00bb custom_padding_tablet=\u00bb\u00bb custom_padding_phone=\u00bb|15px||15px|false|true\u00bb custom_padding_last_edited=\u00bbon|phone\u00bb button_text_size_tablet=\u00bb\u00bb button_text_size_phone=\u00bb15px\u00bb button_text_size_last_edited=\u00bbon|phone\u00bb border_radii=\u00bbon|7px|7px|7px|7px\u00bb global_colors_info=\u00bb{}\u00bb]Reinventese y ponga a andar pol\u00edticas, canales, herramientas, t\u00e1cticas y estrategias para llevar a su organizacione y a sus clientes a puerto seguro y a un camino sostenible de recuperaci\u00f3n.[\/et_pb_cta][\/et_pb_column][\/et_pb_section][et_pb_section fb_built=\u00bb1&#8243; admin_label=\u00bbPie\u00bb module_id=\u00bbcontacto\u00bb _builder_version=\u00bb4.9.2&#8243; custom_margin=\u00bb||0px||false|false\u00bb custom_padding=\u00bb80px||||false|false\u00bb da_popup_slug=\u00bbcontacto\u00bb da_disable_devices=\u00bboff|off|off\u00bb locked=\u00bboff\u00bb collapsed=\u00bbon\u00bb global_colors_info=\u00bb{}\u00bb da_is_popup=\u00bboff\u00bb da_exit_intent=\u00bboff\u00bb da_has_close=\u00bbon\u00bb da_alt_close=\u00bboff\u00bb da_dark_close=\u00bboff\u00bb da_not_modal=\u00bbon\u00bb da_is_singular=\u00bboff\u00bb da_with_loader=\u00bboff\u00bb da_has_shadow=\u00bbon\u00bb][et_pb_row column_structure=\u00bb1_3,1_3,1_3&#8243; use_custom_gutter=\u00bbon\u00bb gutter_width=\u00bb2&#8243; _builder_version=\u00bb4.4.7&#8243; width=\u00bb90%\u00bb custom_margin=\u00bb||||false|false\u00bb custom_padding=\u00bb||||false|false\u00bb global_colors_info=\u00bb{}\u00bb][et_pb_column type=\u00bb1_3&#8243; _builder_version=\u00bb4.4.6&#8243; global_colors_info=\u00bb{}\u00bb][et_pb_text _builder_version=\u00bb4.4.6&#8243; text_font=\u00bbRoboto|||on|||||\u00bb text_font_size=\u00bb46px\u00bb text_line_height=\u00bb1.2em\u00bb text_font_size_tablet=\u00bb\u00bb text_font_size_phone=\u00bb36px\u00bb text_font_size_last_edited=\u00bbon|phone\u00bb global_colors_info=\u00bb{}\u00bb]<\/p>\n<p>Solicita M\u00e1s Informaci\u00f3n del evento<\/p>\n<p>[\/et_pb_text][\/et_pb_column][et_pb_column type=\u00bb1_3&#8243; _builder_version=\u00bb4.4.6&#8243; global_colors_info=\u00bb{}\u00bb][et_pb_text _builder_version=\u00bb4.4.7&#8243; text_font=\u00bbOpen Sans||||||||\u00bb text_font_size=\u00bb19px\u00bb text_line_height=\u00bb1.5em\u00bb global_colors_info=\u00bb{}\u00bb]<\/p>\n<p><strong>Catalina Sierra G\u00f3mez<\/strong><br \/> Asistente gerencia<br \/><strong>Revista Ciclo de Riesgo<\/strong><\/p>\n<p> <a style=\"color: #666;\" href=\"tel:+5713002017\"><strong>Tel\u00e9fono<\/strong>: (+57) (1) 300 2017<\/a><br \/> <a style=\"color: #666;\" href=\"tel:573152336827\"><strong>Celular<\/strong>: (+57) 315 233 6827<\/a><br \/> <a style=\"color: #666;\" href=\"mailto:info@creditoycobranzas.com\"><strong>Email<\/strong>: info@creditoycobranzas.com<\/a><\/p>\n<p><strong>Colombia &#8211; M\u00e9xico &#8211; Per\u00fa y Chile<\/strong><\/p>\n<p>[\/et_pb_text][\/et_pb_column][et_pb_column type=\u00bb1_3&#8243; _builder_version=\u00bb4.4.6&#8243; global_colors_info=\u00bb{}\u00bb][et_pb_image src=\u00bbhttps:\/\/eventoscicloderiesgo.com\/old\/wp-content\/uploads\/2020\/05\/logos-ciclo-de-riesgo_v2.jpg\u00bb title_text=\u00bblogos-ciclo-de-riesgo_v2&#8243; _builder_version=\u00bb4.4.7&#8243; width=\u00bb250px\u00bb width_tablet=\u00bb\u00bb width_phone=\u00bb300px\u00bb width_last_edited=\u00bbon|phone\u00bb custom_margin=\u00bb0px||||false|false\u00bb module_alignment_tablet=\u00bb\u00bb module_alignment_phone=\u00bbleft\u00bb module_alignment_last_edited=\u00bbon|phone\u00bb global_colors_info=\u00bb{}\u00bb][\/et_pb_image][\/et_pb_column][\/et_pb_row][\/et_pb_section][et_pb_section fb_built=\u00bb1&#8243; custom_padding_last_edited=\u00bbon|phone\u00bb admin_label=\u00bbPopup &#8211; #user-check\u00bb module_id=\u00bbuser-check\u00bb module_class=\u00bbpopup\u00bb _builder_version=\u00bb4.6.1&#8243; _module_preset=\u00bbdefault\u00bb background_color=\u00bb#f5f5f5&#8243; width=\u00bb500px\u00bb width_tablet=\u00bb\u00bb width_phone=\u00bb90%\u00bb width_last_edited=\u00bbon|phone\u00bb max_width=\u00bb90%\u00bb custom_padding_tablet=\u00bb\u00bb custom_padding_phone=\u00bb20px||20px||true|false\u00bb da_is_popup=\u00bbon\u00bb da_popup_slug=\u00bbuser-check\u00bb da_disable_devices=\u00bboff|off|off\u00bb border_radii=\u00bbon|7px|7px|7px|7px\u00bb locked=\u00bboff\u00bb global_colors_info=\u00bb{}\u00bb da_exit_intent=\u00bboff\u00bb da_has_close=\u00bbon\u00bb da_alt_close=\u00bboff\u00bb da_dark_close=\u00bboff\u00bb da_not_modal=\u00bbon\u00bb da_is_singular=\u00bboff\u00bb da_with_loader=\u00bboff\u00bb da_has_shadow=\u00bbon\u00bb][et_pb_row _builder_version=\u00bb4.6.1&#8243; _module_preset=\u00bbdefault\u00bb global_colors_info=\u00bb{}\u00bb][et_pb_column type=\u00bb4_4&#8243; _builder_version=\u00bb4.6.1&#8243; _module_preset=\u00bbdefault\u00bb global_colors_info=\u00bb{}\u00bb][et_pb_contact_form use_spam_service=\u00bbon\u00bb recaptcha_list=\u00bbEventos Ciclo de Riesgo-0&#8243; email=\u00bbmail@eventoscicloderiesgo.com\u00bb title=\u00bbIngrese el E-mail con el cual se inscribi\u00f3 al evento para verificar su ingreso\u00bb use_redirect=\u00bbon\u00bb redirect_url=\u00bbhttp:\/\/bit.ly\/B2BFINANCEDAY2&#8243; success_message=\u00bbRedirigiendo al evento&#8230;\u00bb submit_button_text=\u00bbVERIFICAR\u00bb module_class=\u00bbb2b-finance-day-form-check-user\u00bb _builder_version=\u00bb4.13.1&#8243; _module_preset=\u00bbdefault\u00bb _unique_id=\u00bb2ac12e9a-9955-41d7-85f9-dce2053f262b\u00bb form_field_background_color=\u00bb#ffffff\u00bb custom_button=\u00bbon\u00bb button_text_color=\u00bb#ffffff\u00bb button_bg_color=\u00bb#009c2a\u00bb button_border_width=\u00bb3px\u00bb button_border_color=\u00bb#ffffff\u00bb button_border_radius=\u00bb7px\u00bb button_letter_spacing=\u00bb1px\u00bb title_font_size_tablet=\u00bb\u00bb title_font_size_phone=\u00bb22px\u00bb title_font_size_last_edited=\u00bbon|phone\u00bb border_radii=\u00bbon|7px|7px|7px|7px\u00bb border_width_all=\u00bb2px\u00bb border_color_all=\u00bb#b3b3b3&#8243; global_colors_info=\u00bb{}\u00bb][et_pb_contact_field field_id=\u00bbEmail\u00bb field_title=\u00bbDirecci\u00f3n de correo electr\u00f3nico\u00bb field_type=\u00bbemail\u00bb fullwidth_field=\u00bbon\u00bb _builder_version=\u00bb4.6.1&#8243; background_color=\u00bbrgba(0,0,0,0)\u00bb background_enable_color=\u00bbon\u00bb global_colors_info=\u00bb{}\u00bb button_text_size__hover_enabled=\u00bboff\u00bb button_one_text_size__hover_enabled=\u00bboff\u00bb button_two_text_size__hover_enabled=\u00bboff\u00bb button_text_color__hover_enabled=\u00bboff\u00bb button_one_text_color__hover_enabled=\u00bboff\u00bb button_two_text_color__hover_enabled=\u00bboff\u00bb button_border_width__hover_enabled=\u00bboff\u00bb button_one_border_width__hover_enabled=\u00bboff\u00bb button_two_border_width__hover_enabled=\u00bboff\u00bb button_border_color__hover_enabled=\u00bboff\u00bb button_one_border_color__hover_enabled=\u00bboff\u00bb button_two_border_color__hover_enabled=\u00bboff\u00bb button_border_radius__hover_enabled=\u00bboff\u00bb button_one_border_radius__hover_enabled=\u00bboff\u00bb button_two_border_radius__hover_enabled=\u00bboff\u00bb button_letter_spacing__hover_enabled=\u00bboff\u00bb button_one_letter_spacing__hover_enabled=\u00bboff\u00bb button_two_letter_spacing__hover_enabled=\u00bboff\u00bb button_bg_color__hover_enabled=\u00bboff\u00bb button_one_bg_color__hover_enabled=\u00bboff\u00bb button_two_bg_color__hover_enabled=\u00bboff\u00bb][\/et_pb_contact_field][\/et_pb_contact_form][\/et_pb_column][\/et_pb_row][et_pb_row module_id=\u00bbb2b-finance-day-no-esta-inscrito\u00bb _builder_version=\u00bb4.6.1&#8243; _module_preset=\u00bbdefault\u00bb background_color=\u00bb#d8d8d8&#8243; width_tablet=\u00bb\u00bb width_phone=\u00bb90%\u00bb width_last_edited=\u00bbon|phone\u00bb border_radii=\u00bbon|7px|7px|7px|7px\u00bb global_colors_info=\u00bb{}\u00bb][et_pb_column type=\u00bb4_4&#8243; _builder_version=\u00bb4.6.1&#8243; _module_preset=\u00bbdefault\u00bb global_colors_info=\u00bb{}\u00bb][et_pb_blurb title=\u00bb\u00bfNo est\u00e1 inscrito?\u00bb use_icon=\u00bbon\u00bb font_icon=\u00bb&#x6a;||divi||400&#8243; image_icon_background_color=\u00bb#ffffff\u00bb image_icon_width=\u00bb24px\u00bb _builder_version=\u00bb4.13.0&#8243; _module_preset=\u00bbdefault\u00bb header_font=\u00bb|||on|||||\u00bb header_font_size=\u00bb20px\u00bb header_letter_spacing=\u00bb1px\u00bb body_font_size=\u00bb16px\u00bb image_icon_custom_padding=\u00bb25px|25px|25px|25px|false|false\u00bb text_orientation=\u00bbcenter\u00bb custom_margin=\u00bb||||false|true\u00bb border_radii_image=\u00bbon|100%|100%|100%|100%\u00bb border_width_all_image=\u00bb3px\u00bb border_color_all_image=\u00bb#7EBEC5&#8243; icon_font_size=\u00bb24px\u00bb use_circle=\u00bbon\u00bb use_circle_border=\u00bbon\u00bb circle_color=\u00bb#ffffff\u00bb global_colors_info=\u00bb{}\u00bb image_icon_background_color__sticky_enabled=\u00bb#7EBEC5&#8243; image_icon_background_color__sticky=\u00bb#7EBEC5&#8243;]Si no se ha inscrito h\u00e1galo aqu\u00ed[\/et_pb_blurb][et_pb_button button_url=\u00bbhttps:\/\/eventoscicloderiesgo.com\/old\/inscripcion-vip\/\u00bb button_text=\u00bbINSCRIPCI\u00d3N A B2B FINANCE DAY\u00bb button_alignment=\u00bbcenter\u00bb _builder_version=\u00bb4.6.1&#8243; _module_preset=\u00bbdefault\u00bb custom_button=\u00bbon\u00bb button_text_color=\u00bb#ffffff\u00bb button_bg_color=\u00bb#d35b1f\u00bb button_border_radius=\u00bb7px\u00bb button_letter_spacing=\u00bb1px\u00bb button_font=\u00bb|||on|||||\u00bb button_use_icon=\u00bboff\u00bb button_text_size_tablet=\u00bb\u00bb button_text_size_phone=\u00bb16px\u00bb button_text_size_last_edited=\u00bbon|phone\u00bb button_letter_spacing_tablet=\u00bb\u00bb button_letter_spacing_phone=\u00bb0px\u00bb button_letter_spacing_last_edited=\u00bbon|phone\u00bb global_colors_info=\u00bb{}\u00bb][\/et_pb_button][\/et_pb_column][\/et_pb_row][\/et_pb_section]<\/p>\n","protected":false},"excerpt":{"rendered":"<p>La nueva inteligencia de la Cobranza para sortear con \u00e9xito los nuevos riesgos de entornos VUCAEvento OnLine lunes 14 al 23 de Marzo 2022 \u00bfPor qu\u00e9 asistir ?Viva las 10Ex &#8211; las 10 experiencias ExpoCOBRANZAS Agenda Acad\u00e9mica Live Collections Summit Taller 1Construcci\u00f3n sistema Directivo Taller 2Herramientas de Alto Impacto Valor de la Inversi\u00f3n Formulario Inscripci\u00f3n [&hellip;]<\/p>\n","protected":false},"author":1,"featured_media":0,"parent":0,"menu_order":0,"comment_status":"closed","ping_status":"closed","template":"","meta":{"_et_pb_use_builder":"on","_et_pb_old_content":"","_et_gb_content_width":"","footnotes":""},"class_list":["post-6072","page","type-page","status-publish","hentry"],"_links":{"self":[{"href":"https:\/\/eventoscicloderiesgo.com\/old\/wp-json\/wp\/v2\/pages\/6072","targetHints":{"allow":["GET"]}}],"collection":[{"href":"https:\/\/eventoscicloderiesgo.com\/old\/wp-json\/wp\/v2\/pages"}],"about":[{"href":"https:\/\/eventoscicloderiesgo.com\/old\/wp-json\/wp\/v2\/types\/page"}],"author":[{"embeddable":true,"href":"https:\/\/eventoscicloderiesgo.com\/old\/wp-json\/wp\/v2\/users\/1"}],"replies":[{"embeddable":true,"href":"https:\/\/eventoscicloderiesgo.com\/old\/wp-json\/wp\/v2\/comments?post=6072"}],"version-history":[{"count":0,"href":"https:\/\/eventoscicloderiesgo.com\/old\/wp-json\/wp\/v2\/pages\/6072\/revisions"}],"wp:attachment":[{"href":"https:\/\/eventoscicloderiesgo.com\/old\/wp-json\/wp\/v2\/media?parent=6072"}],"curies":[{"name":"wp","href":"https:\/\/api.w.org\/{rel}","templated":true}]}}