{"id":7620,"date":"2023-07-06T23:46:29","date_gmt":"2023-07-06T23:46:29","guid":{"rendered":"https:\/\/eventoscicloderiesgo.com\/?page_id=7620"},"modified":"2023-07-12T17:06:40","modified_gmt":"2023-07-12T17:06:40","slug":"memorias-credit-collection-bussines-coffee","status":"publish","type":"page","link":"https:\/\/eventoscicloderiesgo.com\/old\/memorias-credit-collection-bussines-coffee\/","title":{"rendered":"Memorias CREDIT &#038; COLLECTION BUSSINES COFFEE"},"content":{"rendered":"<p>[et_pb_section fb_built=\u00bb1&#8243; _builder_version=\u00bb4.16&#8243; use_background_color_gradient=\u00bbon\u00bb background_color_gradient_stops=\u00bb#ffffff 15%|#e2e2e2 31%\u00bb background_color_gradient_start=\u00bb#ffffff\u00bb background_color_gradient_start_position=\u00bb15%\u00bb background_color_gradient_end=\u00bb#e2e2e2&#8243; background_color_gradient_end_position=\u00bb31%\u00bb custom_padding=\u00bb3px|0px|110px|0px|false|false\u00bb da_disable_devices=\u00bboff|off|off\u00bb global_colors_info=\u00bb{}\u00bb da_is_popup=\u00bboff\u00bb da_exit_intent=\u00bboff\u00bb da_has_close=\u00bbon\u00bb da_alt_close=\u00bboff\u00bb da_dark_close=\u00bboff\u00bb da_not_modal=\u00bbon\u00bb da_is_singular=\u00bboff\u00bb da_with_loader=\u00bboff\u00bb da_has_shadow=\u00bbon\u00bb][et_pb_row column_structure=\u00bb3_5,2_5&#8243; _builder_version=\u00bb4.16&#8243; global_colors_info=\u00bb{}\u00bb][et_pb_column type=\u00bb3_5&#8243; _builder_version=\u00bb4.16&#8243; custom_padding=\u00bb|||\u00bb global_colors_info=\u00bb{}\u00bb custom_padding__hover=\u00bb|||\u00bb][et_pb_image src=\u00bbhttps:\/\/eventoscicloderiesgo.com\/old\/wp-content\/uploads\/2023\/07\/Imagen1.jpg\u00bb title_text=\u00bbImagen1&#8243; show_bottom_space=\u00bboff\u00bb align=\u00bbcenter\u00bb align_tablet=\u00bbcenter\u00bb align_phone=\u00bb\u00bb align_last_edited=\u00bbon|desktop\u00bb _builder_version=\u00bb4.21.0&#8243; global_colors_info=\u00bb{}\u00bb][\/et_pb_image][\/et_pb_column][et_pb_column type=\u00bb2_5&#8243; _builder_version=\u00bb4.16&#8243; custom_padding=\u00bb|||\u00bb global_colors_info=\u00bb{}\u00bb custom_padding__hover=\u00bb|||\u00bb][et_pb_divider divider_weight=\u00bb5px\u00bb _builder_version=\u00bb4.16&#8243; global_colors_info=\u00bb{}\u00bb][\/et_pb_divider][et_pb_text _builder_version=\u00bb4.21.0&#8243; text_font=\u00bb||||||||\u00bb header_font=\u00bb|700||on|||||\u00bb header_font_size=\u00bb56px\u00bb custom_margin=\u00bb68px||\u00bb inline_fonts=\u00bbAcme\u00bb global_colors_info=\u00bb{}\u00bb]<\/p>\n<h1><\/h1>\n<h1><span style=\"color: #333333; font-family: Acme; font-weight: normal;\"><strong><span style=\"font-size: xx-large;\">DISFRUTE DE NUESTRO<\/span><\/strong><\/span><\/h1>\n<h1><span style=\"color: #333333; font-family: Acme; font-weight: normal;\"><strong><span style=\"font-size: xx-large;\">SET DE ENTREVISTAS EN VIVO<\/span><\/strong><\/span><\/h1>\n<p>[\/et_pb_text][\/et_pb_column][\/et_pb_row][et_pb_row column_structure=\u00bb3_4,1_4&#8243; use_custom_gutter=\u00bbon\u00bb gutter_width=\u00bb2&#8243; _builder_version=\u00bb4.16&#8243; module_alignment=\u00bbcenter\u00bb custom_padding=\u00bb|0px|0|0px|false|false\u00bb global_colors_info=\u00bb{}\u00bb][et_pb_column type=\u00bb3_4&#8243; _builder_version=\u00bb4.16&#8243; custom_padding=\u00bb|||\u00bb global_colors_info=\u00bb{}\u00bb custom_padding__hover=\u00bb|||\u00bb][et_pb_blurb use_icon=\u00bbon\u00bb font_icon=\u00bb&#x45;||divi||400&#8243; icon_placement=\u00bbleft\u00bb image_icon_width=\u00bb54px\u00bb _builder_version=\u00bb4.21.0&#8243; header_font_size=\u00bb19px\u00bb body_font_size=\u00bb15px\u00bb custom_padding=\u00bb||30px\u00bb icon_font_size=\u00bb54px\u00bb global_colors_info=\u00bb{}\u00bb]<\/p>\n<p>Visi\u00f3n de entorno social y econ\u00f3mico; Riesgo Pa\u00eds y las \ufb01nanzas de hogares y empresas frente a las Reformas del Gobierno.<\/p>\n<p><span style=\"color: #660000;\">&#8211; <strong>Diego Palenci<em>a<\/em><\/strong>, Socio de la firma Solidus -banca de inversion.<\/span><br \/><span style=\"color: #660000;\"><strong>&#8211; Brayan Rojas<\/strong>, Director Financial Risk Management &amp; Actuarial Services de KPMG<\/span><br \/><span style=\"color: #660000;\"><strong>&#8211; Sergio Cifuentes,<\/strong> Banquero de Inversi\u00f3n &#8211; Co Founder Iprimes, SP Score y MiFinPersonal<\/span><br \/><span style=\"color: #660000;\"><strong>&#8211; Hernando Porras<\/strong>, Presidente de Asoriesgo<\/span><\/p>\n<p>[\/et_pb_blurb][et_pb_code _builder_version=\u00bb4.16&#8243; global_colors_info=\u00bb{}\u00bb]<script><!-- [et_pb_line_break_holder] -->jQuery(function(){<!-- [et_pb_line_break_holder] -->  jQuery(\"#inversion\").click(function(){<!-- [et_pb_line_break_holder] -->    jQuery(\"#popup\").css(\"display\", \"block\");<!-- [et_pb_line_break_holder] -->  });<!-- [et_pb_line_break_holder] -->  <!-- [et_pb_line_break_holder] -->  jQuery(\"#close\").click(function(){<!-- [et_pb_line_break_holder] -->    jQuery(\"#popup\").css(\"display\", \"none\");<!-- [et_pb_line_break_holder] -->  });<!-- [et_pb_line_break_holder] -->  <!-- [et_pb_line_break_holder] -->});<!-- [et_pb_line_break_holder] --><\/script>[\/et_pb_code][\/et_pb_column][et_pb_column type=\u00bb1_4&#8243; _builder_version=\u00bb4.16&#8243; custom_padding=\u00bb|||\u00bb global_colors_info=\u00bb{}\u00bb custom_padding__hover=\u00bb|||\u00bb][et_pb_button button_url=\u00bbhttps:\/\/youtu.be\/Epknxbv-xAk\u00bb url_new_window=\u00bbon\u00bb button_text=\u00bbVideo\u00bb _builder_version=\u00bb4.21.0&#8243; custom_button=\u00bbon\u00bb button_text_size=\u00bb16px\u00bb button_text_color=\u00bb#005794&#8243; button_bg_use_color_gradient=\u00bbon\u00bb button_bg_color_gradient_stops=\u00bbrgba(229,22,0,0) 0%|rgba(221,144,0,0) 100%\u00bb button_bg_color_gradient_start=\u00bbrgba(229,22,0,0)\u00bb button_bg_color_gradient_end=\u00bbrgba(221,144,0,0)\u00bb button_border_radius=\u00bb8px\u00bb button_font=\u00bb||||||||\u00bb button_icon=\u00bb&#x22;||divi||400&#8243; button_on_hover=\u00bboff\u00bb box_shadow_style=\u00bbpreset3&#8243; global_colors_info=\u00bb{}\u00bb][\/et_pb_button][\/et_pb_column][\/et_pb_row][et_pb_row column_structure=\u00bb3_4,1_4&#8243; use_custom_gutter=\u00bbon\u00bb gutter_width=\u00bb2&#8243; _builder_version=\u00bb4.16&#8243; module_alignment=\u00bbcenter\u00bb custom_padding=\u00bb|0px|0|0px|false|false\u00bb global_colors_info=\u00bb{}\u00bb][et_pb_column type=\u00bb3_4&#8243; _builder_version=\u00bb4.16&#8243; custom_padding=\u00bb|||\u00bb global_colors_info=\u00bb{}\u00bb custom_padding__hover=\u00bb|||\u00bb][et_pb_blurb use_icon=\u00bbon\u00bb font_icon=\u00bb&#x45;||divi||400&#8243; icon_placement=\u00bbleft\u00bb image_icon_width=\u00bb54px\u00bb _builder_version=\u00bb4.21.0&#8243; header_font_size=\u00bb19px\u00bb body_font_size=\u00bb15px\u00bb custom_padding=\u00bb0px||30px|||\u00bb icon_font_size=\u00bb54px\u00bb global_colors_info=\u00bb{}\u00bb]<\/p>\n<p>&#8211; Desaf\u00edos del marco regulatorio en la Gesti\u00f3n del Cr\u00e9dito, Pagos y Cobranza<br \/>&#8211; Open Finance: Impactos, retos y mitos para los modelos de negocio \ufb01ancieros<br \/>&#8211; Gesti\u00f3n inteligente de la Data del consumidor: el activo m\u00e1s valioso<\/p>\n<p><strong>&#8211; <\/strong><span style=\"color: #660000;\"><strong>Lyda Wilches<\/strong>, Vicepresidente Pay Unit &#8211; Refacil<\/span><br \/><span style=\"color: #660000;\"><strong>&#8211; Ysamar Meza<\/strong>, Chief Risk Officer Rapicredit Fintech<\/span><br \/><span style=\"color: #660000;\"><strong>&#8211; Pedro Novoa<\/strong>, Socio y Gerente de MS legal<\/span><br \/><span style=\"color: #660000;\"><strong>&#8211; Mauricio Anjel<\/strong>, CEO &#8211; Libertec<\/span><br \/><span style=\"color: #660000;\"><strong>&#8211; Juan Pablo Londo\u00f1o<\/strong>, CEO de Technovation y Co-Fundador Colombia Fintech<\/span><\/p>\n<p><span style=\"color: #993300;\"><\/span><\/p>\n<p>[\/et_pb_blurb][et_pb_code _builder_version=\u00bb4.16&#8243; global_colors_info=\u00bb{}\u00bb]<script><!-- [et_pb_line_break_holder] -->jQuery(function(){<!-- [et_pb_line_break_holder] -->  jQuery(\"#inversion\").click(function(){<!-- [et_pb_line_break_holder] -->    jQuery(\"#popup\").css(\"display\", \"block\");<!-- [et_pb_line_break_holder] -->  });<!-- [et_pb_line_break_holder] -->  <!-- [et_pb_line_break_holder] -->  jQuery(\"#close\").click(function(){<!-- [et_pb_line_break_holder] -->    jQuery(\"#popup\").css(\"display\", \"none\");<!-- [et_pb_line_break_holder] -->  });<!-- [et_pb_line_break_holder] -->  <!-- [et_pb_line_break_holder] -->});<!-- [et_pb_line_break_holder] --><\/script>[\/et_pb_code][\/et_pb_column][et_pb_column type=\u00bb1_4&#8243; _builder_version=\u00bb4.16&#8243; custom_padding=\u00bb|||\u00bb global_colors_info=\u00bb{}\u00bb custom_padding__hover=\u00bb|||\u00bb][et_pb_button button_url=\u00bbhttps:\/\/youtu.be\/dgTUNemPFkY\u00bb url_new_window=\u00bbon\u00bb button_text=\u00bbVideo\u00bb _builder_version=\u00bb4.21.0&#8243; custom_button=\u00bbon\u00bb button_text_size=\u00bb16px\u00bb button_text_color=\u00bb#005794&#8243; button_bg_use_color_gradient=\u00bbon\u00bb button_bg_color_gradient_stops=\u00bbrgba(229,22,0,0) 0%|rgba(221,144,0,0) 100%\u00bb button_bg_color_gradient_start=\u00bbrgba(229,22,0,0)\u00bb button_bg_color_gradient_end=\u00bbrgba(221,144,0,0)\u00bb button_border_radius=\u00bb8px\u00bb button_font=\u00bb||||||||\u00bb button_icon=\u00bb&#x22;||divi||400&#8243; button_on_hover=\u00bboff\u00bb box_shadow_style=\u00bbpreset3&#8243; global_colors_info=\u00bb{}\u00bb][\/et_pb_button][\/et_pb_column][\/et_pb_row][et_pb_row column_structure=\u00bb3_4,1_4&#8243; use_custom_gutter=\u00bbon\u00bb gutter_width=\u00bb2&#8243; _builder_version=\u00bb4.16&#8243; module_alignment=\u00bbcenter\u00bb custom_padding=\u00bb|0px|0|0px|false|false\u00bb global_colors_info=\u00bb{}\u00bb][et_pb_column type=\u00bb3_4&#8243; _builder_version=\u00bb4.16&#8243; custom_padding=\u00bb|||\u00bb global_colors_info=\u00bb{}\u00bb custom_padding__hover=\u00bb|||\u00bb][et_pb_blurb use_icon=\u00bbon\u00bb font_icon=\u00bb&#x45;||divi||400&#8243; icon_placement=\u00bbleft\u00bb image_icon_width=\u00bb54px\u00bb _builder_version=\u00bb4.21.0&#8243; header_font_size=\u00bb19px\u00bb body_font_size=\u00bb15px\u00bb custom_padding=\u00bb10px||30px|||\u00bb icon_font_size=\u00bb54px\u00bb global_colors_info=\u00bb{}\u00bb]<\/p>\n<p>Riesgos y oportunidades del marco regulatorio y tributario en la gesti\u00f3n de Criptoactivos.<\/p>\n<p><span style=\"color: #660000;\"><strong>&#8211; Alejandro Beltr\u00e1n<\/strong>, Co Fundador y Country Manager de Buda Colombia &#8211; Fintech Exchange<\/span><\/p>\n<p>[\/et_pb_blurb][et_pb_code _builder_version=\u00bb4.16&#8243; global_colors_info=\u00bb{}\u00bb]<script><!-- [et_pb_line_break_holder] -->jQuery(function(){<!-- [et_pb_line_break_holder] -->  jQuery(\"#inversion\").click(function(){<!-- [et_pb_line_break_holder] -->    jQuery(\"#popup\").css(\"display\", \"block\");<!-- [et_pb_line_break_holder] -->  });<!-- [et_pb_line_break_holder] -->  <!-- [et_pb_line_break_holder] -->  jQuery(\"#close\").click(function(){<!-- [et_pb_line_break_holder] -->    jQuery(\"#popup\").css(\"display\", \"none\");<!-- [et_pb_line_break_holder] -->  });<!-- [et_pb_line_break_holder] -->  <!-- [et_pb_line_break_holder] -->});<!-- [et_pb_line_break_holder] --><\/script>[\/et_pb_code][\/et_pb_column][et_pb_column type=\u00bb1_4&#8243; _builder_version=\u00bb4.16&#8243; custom_padding=\u00bb|||\u00bb global_colors_info=\u00bb{}\u00bb custom_padding__hover=\u00bb|||\u00bb][et_pb_button button_url=\u00bbhttps:\/\/youtu.be\/kPw2yFssW_I\u00bb url_new_window=\u00bbon\u00bb button_text=\u00bbVideo\u00bb _builder_version=\u00bb4.21.0&#8243; custom_button=\u00bbon\u00bb button_text_size=\u00bb16px\u00bb button_text_color=\u00bb#005794&#8243; button_bg_use_color_gradient=\u00bbon\u00bb button_bg_color_gradient_stops=\u00bbrgba(229,22,0,0) 0%|rgba(221,144,0,0) 100%\u00bb button_bg_color_gradient_start=\u00bbrgba(229,22,0,0)\u00bb button_bg_color_gradient_end=\u00bbrgba(221,144,0,0)\u00bb button_border_radius=\u00bb8px\u00bb button_font=\u00bb||||||||\u00bb button_icon=\u00bb&#x22;||divi||400&#8243; button_on_hover=\u00bboff\u00bb box_shadow_style=\u00bbpreset3&#8243; global_colors_info=\u00bb{}\u00bb][\/et_pb_button][\/et_pb_column][\/et_pb_row][et_pb_row column_structure=\u00bb3_4,1_4&#8243; use_custom_gutter=\u00bbon\u00bb gutter_width=\u00bb2&#8243; _builder_version=\u00bb4.16&#8243; module_alignment=\u00bbcenter\u00bb custom_padding=\u00bb|0px|0|0px|false|false\u00bb global_colors_info=\u00bb{}\u00bb][et_pb_column type=\u00bb3_4&#8243; _builder_version=\u00bb4.16&#8243; custom_padding=\u00bb|||\u00bb global_colors_info=\u00bb{}\u00bb custom_padding__hover=\u00bb|||\u00bb][et_pb_blurb use_icon=\u00bbon\u00bb font_icon=\u00bb&#x45;||divi||400&#8243; icon_placement=\u00bbleft\u00bb image_icon_width=\u00bb54px\u00bb _builder_version=\u00bb4.16&#8243; header_font_size=\u00bb19px\u00bb body_font_size=\u00bb15px\u00bb custom_padding=\u00bb8px||30px|||\u00bb icon_font_size=\u00bb54px\u00bb global_colors_info=\u00bb{}\u00bb]<\/p>\n<p>\u201cDesaf\u00edos del marco regulatorio en la Gesti\u00f3n del Ciclo de Riesgo, el Cr\u00e9dito y la Cobranza &#8211; Finanzas Abiertas, Criptoactivos y la mal llamada Ley \u00abdejen de fregar\u00bb.<\/p>\n<p><span style=\"color: #660000;\"><strong>&#8211; Jose Manuel G\u00f3mez<\/strong>, Vicepresidente Juridico Asobancaria<\/span><\/p>\n<p>[\/et_pb_blurb][et_pb_code _builder_version=\u00bb4.16&#8243; global_colors_info=\u00bb{}\u00bb]<script><!-- [et_pb_line_break_holder] -->jQuery(function(){<!-- [et_pb_line_break_holder] -->  jQuery(\"#inversion\").click(function(){<!-- [et_pb_line_break_holder] -->    jQuery(\"#popup\").css(\"display\", \"block\");<!-- [et_pb_line_break_holder] -->  });<!-- [et_pb_line_break_holder] -->  <!-- [et_pb_line_break_holder] -->  jQuery(\"#close\").click(function(){<!-- [et_pb_line_break_holder] -->    jQuery(\"#popup\").css(\"display\", \"none\");<!-- [et_pb_line_break_holder] -->  });<!-- [et_pb_line_break_holder] -->  <!-- [et_pb_line_break_holder] -->});<!-- [et_pb_line_break_holder] --><\/script>[\/et_pb_code][\/et_pb_column][et_pb_column type=\u00bb1_4&#8243; _builder_version=\u00bb4.16&#8243; custom_padding=\u00bb|||\u00bb global_colors_info=\u00bb{}\u00bb custom_padding__hover=\u00bb|||\u00bb][et_pb_button button_url=\u00bbhttps:\/\/youtu.be\/BFZtlBKeWDY\u00bb url_new_window=\u00bbon\u00bb button_text=\u00bbVideo\u00bb _builder_version=\u00bb4.21.0&#8243; custom_button=\u00bbon\u00bb button_text_size=\u00bb16px\u00bb button_text_color=\u00bb#005794&#8243; button_bg_use_color_gradient=\u00bbon\u00bb button_bg_color_gradient_stops=\u00bbrgba(229,22,0,0) 0%|rgba(221,144,0,0) 100%\u00bb button_bg_color_gradient_start=\u00bbrgba(229,22,0,0)\u00bb button_bg_color_gradient_end=\u00bbrgba(221,144,0,0)\u00bb button_border_radius=\u00bb8px\u00bb button_font=\u00bb||||||||\u00bb button_icon=\u00bb&#x22;||divi||400&#8243; button_on_hover=\u00bboff\u00bb box_shadow_style=\u00bbpreset3&#8243; global_colors_info=\u00bb{}\u00bb][\/et_pb_button][\/et_pb_column][\/et_pb_row][et_pb_row column_structure=\u00bb3_4,1_4&#8243; use_custom_gutter=\u00bbon\u00bb gutter_width=\u00bb2&#8243; _builder_version=\u00bb4.19.4&#8243; module_alignment=\u00bbcenter\u00bb custom_padding=\u00bb|0px|0|0px|false|false\u00bb global_colors_info=\u00bb{}\u00bb][et_pb_column type=\u00bb3_4&#8243; _builder_version=\u00bb4.16&#8243; custom_padding=\u00bb|||\u00bb global_colors_info=\u00bb{}\u00bb custom_padding__hover=\u00bb|||\u00bb][et_pb_blurb use_icon=\u00bbon\u00bb font_icon=\u00bb&#x45;||divi||400&#8243; icon_placement=\u00bbleft\u00bb image_icon_width=\u00bb54px\u00bb _builder_version=\u00bb4.21.0&#8243; header_font_size=\u00bb19px\u00bb body_font_size=\u00bb15px\u00bb custom_padding=\u00bb||\u00bb icon_font_size=\u00bb54px\u00bb global_colors_info=\u00bb{}\u00bb]<\/p>\n<p>Reinventando la inteligencia del modelo de cobranza frente a las nuevas condiciones\u00a0 de entorno y el nuevo marco normativo &#8211; Abordaje estrat\u00e9gico y operativo<\/p>\n<p><span style=\"color: #660000;\"><strong>&#8211; Janet Marquez<\/strong>, Gerente de Cr\u00e9dito y Seguros de Colsubsidio<\/span><br \/><span style=\"color: #660000;\"><strong>&#8211; Alexander Gutierrez,<\/strong> Gerente Regional de Cobranza Bogota en Bancolombia<\/span><br \/><span style=\"color: #660000;\"><strong>&#8211; Crhistian David Bogota<\/strong>, Gerente Nacional de Cartera y Cr\u00e9dito en Seguros Mundial<\/span><\/p>\n<p><span style=\"color: #660000;\"><strong>&#8211; Eduardo Monta\u00f1ez<\/strong>, Gerente general de Lisim<\/span>\u00a0<\/p>\n<p>[\/et_pb_blurb][et_pb_code _builder_version=\u00bb4.16&#8243; global_colors_info=\u00bb{}\u00bb]<script><!-- [et_pb_line_break_holder] -->jQuery(function(){<!-- [et_pb_line_break_holder] -->  jQuery(\"#inversion\").click(function(){<!-- [et_pb_line_break_holder] -->    jQuery(\"#popup\").css(\"display\", \"block\");<!-- [et_pb_line_break_holder] -->  });<!-- [et_pb_line_break_holder] -->  <!-- [et_pb_line_break_holder] -->  jQuery(\"#close\").click(function(){<!-- [et_pb_line_break_holder] -->    jQuery(\"#popup\").css(\"display\", \"none\");<!-- [et_pb_line_break_holder] -->  });<!-- [et_pb_line_break_holder] -->  <!-- [et_pb_line_break_holder] -->});<!-- [et_pb_line_break_holder] --><\/script>[\/et_pb_code][\/et_pb_column][et_pb_column type=\u00bb1_4&#8243; _builder_version=\u00bb4.16&#8243; custom_padding=\u00bb|||\u00bb global_colors_info=\u00bb{}\u00bb custom_padding__hover=\u00bb|||\u00bb][et_pb_button button_url=\u00bbhttps:\/\/youtu.be\/kYkDcHjZRXg\u00bb url_new_window=\u00bbon\u00bb button_text=\u00bbVideo\u00bb _builder_version=\u00bb4.21.0&#8243; custom_button=\u00bbon\u00bb button_text_size=\u00bb16px\u00bb button_text_color=\u00bb#005794&#8243; button_bg_use_color_gradient=\u00bbon\u00bb button_bg_color_gradient_stops=\u00bbrgba(229,22,0,0) 0%|rgba(221,144,0,0) 100%\u00bb button_bg_color_gradient_start=\u00bbrgba(229,22,0,0)\u00bb button_bg_color_gradient_end=\u00bbrgba(221,144,0,0)\u00bb button_border_radius=\u00bb8px\u00bb button_font=\u00bb||||||||\u00bb button_icon=\u00bb&#x22;||divi||400&#8243; button_on_hover=\u00bboff\u00bb box_shadow_style=\u00bbpreset3&#8243; global_colors_info=\u00bb{}\u00bb][\/et_pb_button][\/et_pb_column][\/et_pb_row][et_pb_row column_structure=\u00bb3_4,1_4&#8243; use_custom_gutter=\u00bbon\u00bb gutter_width=\u00bb2&#8243; _builder_version=\u00bb4.19.4&#8243; module_alignment=\u00bbcenter\u00bb custom_padding=\u00bb|0px|0|0px|false|false\u00bb global_colors_info=\u00bb{}\u00bb][et_pb_column type=\u00bb3_4&#8243; _builder_version=\u00bb4.16&#8243; custom_padding=\u00bb|||\u00bb global_colors_info=\u00bb{}\u00bb custom_padding__hover=\u00bb|||\u00bb][et_pb_blurb use_icon=\u00bbon\u00bb font_icon=\u00bb&#x45;||divi||400&#8243; icon_placement=\u00bbleft\u00bb image_icon_width=\u00bb54px\u00bb _builder_version=\u00bb4.21.0&#8243; header_font_size=\u00bb19px\u00bb body_font_size=\u00bb15px\u00bb custom_padding=\u00bb||43px|||\u00bb icon_font_size=\u00bb54px\u00bb global_colors_info=\u00bb{}\u00bb]<\/p>\n<p><span style=\"color: #660000;\"><strong><\/strong><\/span><\/p>\n<p><span style=\"color: #660000;\"><strong>&#8211; John Quemba<\/strong>, Country Manager Colombia Fastco<\/span><\/p>\n<p>[\/et_pb_blurb][et_pb_code _builder_version=\u00bb4.16&#8243; global_colors_info=\u00bb{}\u00bb]<script><!-- [et_pb_line_break_holder] -->jQuery(function(){<!-- [et_pb_line_break_holder] -->  jQuery(\"#inversion\").click(function(){<!-- [et_pb_line_break_holder] -->    jQuery(\"#popup\").css(\"display\", \"block\");<!-- [et_pb_line_break_holder] -->  });<!-- [et_pb_line_break_holder] -->  <!-- [et_pb_line_break_holder] -->  jQuery(\"#close\").click(function(){<!-- [et_pb_line_break_holder] -->    jQuery(\"#popup\").css(\"display\", \"none\");<!-- [et_pb_line_break_holder] -->  });<!-- [et_pb_line_break_holder] -->  <!-- [et_pb_line_break_holder] -->});<!-- [et_pb_line_break_holder] --><\/script>[\/et_pb_code][\/et_pb_column][et_pb_column type=\u00bb1_4&#8243; _builder_version=\u00bb4.16&#8243; custom_padding=\u00bb|||\u00bb global_colors_info=\u00bb{}\u00bb custom_padding__hover=\u00bb|||\u00bb][et_pb_button button_url=\u00bbhttps:\/\/youtu.be\/tIq2qbj7fog\u00bb url_new_window=\u00bbon\u00bb button_text=\u00bbVideo\u00bb _builder_version=\u00bb4.21.0&#8243; custom_button=\u00bbon\u00bb button_text_size=\u00bb16px\u00bb button_text_color=\u00bb#005794&#8243; button_bg_use_color_gradient=\u00bbon\u00bb button_bg_color_gradient_stops=\u00bbrgba(229,22,0,0) 0%|rgba(221,144,0,0) 100%\u00bb button_bg_color_gradient_start=\u00bbrgba(229,22,0,0)\u00bb button_bg_color_gradient_end=\u00bbrgba(221,144,0,0)\u00bb button_border_radius=\u00bb8px\u00bb button_font=\u00bb||||||||\u00bb button_icon=\u00bb&#x22;||divi||400&#8243; button_on_hover=\u00bboff\u00bb box_shadow_style=\u00bbpreset3&#8243; global_colors_info=\u00bb{}\u00bb][\/et_pb_button][\/et_pb_column][\/et_pb_row][et_pb_row column_structure=\u00bb3_4,1_4&#8243; use_custom_gutter=\u00bbon\u00bb gutter_width=\u00bb2&#8243; _builder_version=\u00bb4.16&#8243; module_alignment=\u00bbcenter\u00bb custom_padding=\u00bb0px|0px|0|0px|false|false\u00bb global_colors_info=\u00bb{}\u00bb][et_pb_column type=\u00bb3_4&#8243; _builder_version=\u00bb4.16&#8243; custom_padding=\u00bb|||\u00bb global_colors_info=\u00bb{}\u00bb custom_padding__hover=\u00bb|||\u00bb][et_pb_code _builder_version=\u00bb4.16&#8243; global_colors_info=\u00bb{}\u00bb]<script><!-- [et_pb_line_break_holder] -->jQuery(function(){<!-- [et_pb_line_break_holder] -->  jQuery(\"#inversion\").click(function(){<!-- [et_pb_line_break_holder] -->    jQuery(\"#popup\").css(\"display\", \"block\");<!-- [et_pb_line_break_holder] -->  });<!-- [et_pb_line_break_holder] -->  <!-- [et_pb_line_break_holder] -->  jQuery(\"#close\").click(function(){<!-- [et_pb_line_break_holder] -->    jQuery(\"#popup\").css(\"display\", \"none\");<!-- [et_pb_line_break_holder] -->  });<!-- [et_pb_line_break_holder] -->  <!-- [et_pb_line_break_holder] -->});<!-- [et_pb_line_break_holder] --><\/script>[\/et_pb_code][et_pb_blurb use_icon=\u00bbon\u00bb font_icon=\u00bb&#x45;||divi||400&#8243; icon_placement=\u00bbleft\u00bb image_icon_width=\u00bb54px\u00bb _builder_version=\u00bb4.16&#8243; header_font_size=\u00bb19px\u00bb body_font_size=\u00bb15px\u00bb custom_padding=\u00bb||30px\u00bb icon_font_size=\u00bb54px\u00bb global_colors_info=\u00bb{}\u00bb]<\/p>\n<p><span style=\"color: #660000;\"><strong>TED Style Conference:<\/strong><\/span><br \/>\u201cAplicaciones de las condiciones laborales y de capacidad de pago, en el ciclo de vida del cliente\u201d.<\/p>\n<p><span style=\"color: #660000;\"><strong>Diego Corzo<\/strong> &#8211; Director de Anal\u00edtica de Datos Mareigua<\/span><\/p>\n<p><span style=\"color: #993300;\"><\/span><\/p>\n<p>[\/et_pb_blurb][\/et_pb_column][et_pb_column type=\u00bb1_4&#8243; _builder_version=\u00bb4.16&#8243; custom_padding=\u00bb|||\u00bb global_colors_info=\u00bb{}\u00bb custom_padding__hover=\u00bb|||\u00bb][et_pb_button button_url=\u00bbhttps:\/\/youtu.be\/VJqzohZr_74&#8243; url_new_window=\u00bbon\u00bb button_text=\u00bbVideo\u00bb _builder_version=\u00bb4.21.0&#8243; custom_button=\u00bbon\u00bb button_text_size=\u00bb16px\u00bb button_text_color=\u00bb#005794&#8243; button_bg_use_color_gradient=\u00bbon\u00bb button_bg_color_gradient_stops=\u00bbrgba(229,22,0,0) 0%|rgba(221,144,0,0) 100%\u00bb button_bg_color_gradient_start=\u00bbrgba(229,22,0,0)\u00bb button_bg_color_gradient_end=\u00bbrgba(221,144,0,0)\u00bb button_border_radius=\u00bb8px\u00bb button_font=\u00bb||||||||\u00bb button_icon=\u00bb&#x22;||divi||400&#8243; button_on_hover=\u00bboff\u00bb box_shadow_style=\u00bbpreset3&#8243; global_colors_info=\u00bb{}\u00bb][\/et_pb_button][et_pb_button button_url=\u00bbhttps:\/\/eventoscicloderiesgo.com\/old\/wp-content\/uploads\/2023\/04\/Diego-Corzo-Presentacion-Summit-widescreen.pdf\u00bb url_new_window=\u00bbon\u00bb button_text=\u00bbPresentaci\u00f3n\u00bb _builder_version=\u00bb4.19.4&#8243; custom_button=\u00bbon\u00bb button_text_size=\u00bb16px\u00bb button_text_color=\u00bb#005794&#8243; button_bg_use_color_gradient=\u00bbon\u00bb button_bg_color_gradient_stops=\u00bbrgba(229,22,0,0) 0%|rgba(221,144,0,0) 100%\u00bb button_bg_color_gradient_start=\u00bbrgba(229,22,0,0)\u00bb button_bg_color_gradient_end=\u00bbrgba(221,144,0,0)\u00bb button_border_radius=\u00bb8px\u00bb button_font=\u00bb||||||||\u00bb button_icon=\u00bb&#x22;||divi||400&#8243; button_on_hover=\u00bboff\u00bb box_shadow_style=\u00bbpreset3&#8243; global_colors_info=\u00bb{}\u00bb][\/et_pb_button][\/et_pb_column][\/et_pb_row][et_pb_row column_structure=\u00bb3_4,1_4&#8243; use_custom_gutter=\u00bbon\u00bb gutter_width=\u00bb2&#8243; _builder_version=\u00bb4.16&#8243; module_alignment=\u00bbcenter\u00bb custom_padding=\u00bb|0px|0|0px|false|false\u00bb global_colors_info=\u00bb{}\u00bb][et_pb_column type=\u00bb3_4&#8243; _builder_version=\u00bb4.16&#8243; custom_padding=\u00bb|||\u00bb global_colors_info=\u00bb{}\u00bb custom_padding__hover=\u00bb|||\u00bb][et_pb_code _builder_version=\u00bb4.16&#8243; global_colors_info=\u00bb{}\u00bb]<script><!-- [et_pb_line_break_holder] -->jQuery(function(){<!-- [et_pb_line_break_holder] -->  jQuery(\"#inversion\").click(function(){<!-- [et_pb_line_break_holder] -->    jQuery(\"#popup\").css(\"display\", \"block\");<!-- [et_pb_line_break_holder] -->  });<!-- [et_pb_line_break_holder] -->  <!-- [et_pb_line_break_holder] -->  jQuery(\"#close\").click(function(){<!-- [et_pb_line_break_holder] -->    jQuery(\"#popup\").css(\"display\", \"none\");<!-- [et_pb_line_break_holder] -->  });<!-- [et_pb_line_break_holder] -->  <!-- [et_pb_line_break_holder] -->});<!-- [et_pb_line_break_holder] --><\/script>[\/et_pb_code][et_pb_blurb use_icon=\u00bbon\u00bb font_icon=\u00bb&#x45;||divi||400&#8243; icon_placement=\u00bbleft\u00bb image_icon_width=\u00bb54px\u00bb _builder_version=\u00bb4.16&#8243; header_font_size=\u00bb19px\u00bb body_font_size=\u00bb15px\u00bb custom_padding=\u00bb||30px\u00bb icon_font_size=\u00bb54px\u00bb global_colors_info=\u00bb{}\u00bb]<\/p>\n<p>Retos y Desaf\u00edos de la industria de cartera castigada frente a las nuevas din\u00e1micas del mercado, el entorno pais y el marco regulatorio<\/p>\n<p><span style=\"color: #660101;\"><strong>&#8211; Mauricio Angulo<\/strong> &#8211; CEO de QNT<\/span><\/p>\n<p><span style=\"color: #993300;\"><\/span><\/p>\n<p>[\/et_pb_blurb][\/et_pb_column][et_pb_column type=\u00bb1_4&#8243; _builder_version=\u00bb4.16&#8243; custom_padding=\u00bb|||\u00bb global_colors_info=\u00bb{}\u00bb custom_padding__hover=\u00bb|||\u00bb][et_pb_button button_url=\u00bbhttps:\/\/youtu.be\/1t8XPUo7CYM\u00bb url_new_window=\u00bbon\u00bb button_text=\u00bbVideo\u00bb _builder_version=\u00bb4.21.0&#8243; custom_button=\u00bbon\u00bb button_text_size=\u00bb16px\u00bb button_text_color=\u00bb#005794&#8243; button_bg_use_color_gradient=\u00bbon\u00bb button_bg_color_gradient_stops=\u00bbrgba(229,22,0,0) 0%|rgba(221,144,0,0) 100%\u00bb button_bg_color_gradient_start=\u00bbrgba(229,22,0,0)\u00bb button_bg_color_gradient_end=\u00bbrgba(221,144,0,0)\u00bb button_border_radius=\u00bb8px\u00bb button_font=\u00bb||||||||\u00bb button_icon=\u00bb&#x22;||divi||400&#8243; button_on_hover=\u00bboff\u00bb box_shadow_style=\u00bbpreset3&#8243; global_colors_info=\u00bb{}\u00bb][\/et_pb_button][\/et_pb_column][\/et_pb_row][et_pb_row column_structure=\u00bb3_4,1_4&#8243; use_custom_gutter=\u00bbon\u00bb gutter_width=\u00bb2&#8243; _builder_version=\u00bb4.16&#8243; module_alignment=\u00bbcenter\u00bb custom_padding=\u00bb|0px|0|0px|false|false\u00bb global_colors_info=\u00bb{}\u00bb][et_pb_column type=\u00bb3_4&#8243; _builder_version=\u00bb4.16&#8243; custom_padding=\u00bb|||\u00bb global_colors_info=\u00bb{}\u00bb custom_padding__hover=\u00bb|||\u00bb][et_pb_blurb use_icon=\u00bbon\u00bb font_icon=\u00bb&#x45;||divi||400&#8243; icon_placement=\u00bbleft\u00bb image_icon_width=\u00bb54px\u00bb _builder_version=\u00bb4.16&#8243; header_font_size=\u00bb19px\u00bb body_font_size=\u00bb15px\u00bb custom_padding=\u00bb0px||30px|||\u00bb icon_font_size=\u00bb54px\u00bb global_colors_info=\u00bb{}\u00bb]<\/p>\n<p><span style=\"color: #660000;\"><strong>Ted Style Conference<\/strong><\/span><br \/>\u00abEstrategia de inclusi\u00f3n \ufb01nanciera de la econom\u00eda popular -Recomendaciones sobre Modelos de Cali\ufb01caci\u00f3n Crediticia usando datos alternativos\u00bb<\/p>\n<p><span style=\"color: #660000;\"><strong>&#8211; Rodrigo Rocha<\/strong>, Advisory &amp; Business Head | Latam Begini<\/span><\/p>\n<p><span style=\"color: #993300;\"><\/span><\/p>\n<p>[\/et_pb_blurb][et_pb_code _builder_version=\u00bb4.16&#8243; global_colors_info=\u00bb{}\u00bb]<script><!-- [et_pb_line_break_holder] -->jQuery(function(){<!-- [et_pb_line_break_holder] -->  jQuery(\"#inversion\").click(function(){<!-- [et_pb_line_break_holder] -->    jQuery(\"#popup\").css(\"display\", \"block\");<!-- [et_pb_line_break_holder] -->  });<!-- [et_pb_line_break_holder] -->  <!-- [et_pb_line_break_holder] -->  jQuery(\"#close\").click(function(){<!-- [et_pb_line_break_holder] -->    jQuery(\"#popup\").css(\"display\", \"none\");<!-- [et_pb_line_break_holder] -->  });<!-- [et_pb_line_break_holder] -->  <!-- [et_pb_line_break_holder] -->});<!-- [et_pb_line_break_holder] --><\/script>[\/et_pb_code][\/et_pb_column][et_pb_column type=\u00bb1_4&#8243; _builder_version=\u00bb4.16&#8243; custom_padding=\u00bb|||\u00bb global_colors_info=\u00bb{}\u00bb custom_padding__hover=\u00bb|||\u00bb][et_pb_button button_url=\u00bbhttps:\/\/youtu.be\/BqGdgQLKZcA\u00bb url_new_window=\u00bbon\u00bb button_text=\u00bbVideo\u00bb _builder_version=\u00bb4.21.0&#8243; custom_button=\u00bbon\u00bb button_text_size=\u00bb16px\u00bb button_text_color=\u00bb#005794&#8243; button_bg_use_color_gradient=\u00bbon\u00bb button_bg_color_gradient_stops=\u00bbrgba(229,22,0,0) 0%|rgba(221,144,0,0) 100%\u00bb button_bg_color_gradient_start=\u00bbrgba(229,22,0,0)\u00bb button_bg_color_gradient_end=\u00bbrgba(221,144,0,0)\u00bb button_border_radius=\u00bb8px\u00bb button_font=\u00bb||||||||\u00bb button_icon=\u00bb&#x22;||divi||400&#8243; button_on_hover=\u00bboff\u00bb box_shadow_style=\u00bbpreset3&#8243; global_colors_info=\u00bb{}\u00bb][\/et_pb_button][et_pb_button button_url=\u00bbhttps:\/\/eventoscicloderiesgo.com\/old\/wp-content\/uploads\/2023\/07\/Resumen_Modelos_Data_Alternativa_EPC_v4_CDR.pdf\u00bb url_new_window=\u00bbon\u00bb button_text=\u00bbPresentaci\u00f3n\u00bb _builder_version=\u00bb4.21.0&#8243; custom_button=\u00bbon\u00bb button_text_size=\u00bb16px\u00bb button_text_color=\u00bb#005794&#8243; button_bg_use_color_gradient=\u00bbon\u00bb button_bg_color_gradient_stops=\u00bbrgba(229,22,0,0) 0%|rgba(221,144,0,0) 100%\u00bb button_bg_color_gradient_start=\u00bbrgba(229,22,0,0)\u00bb button_bg_color_gradient_end=\u00bbrgba(221,144,0,0)\u00bb button_border_radius=\u00bb8px\u00bb button_font=\u00bb||||||||\u00bb button_icon=\u00bb&#x22;||divi||400&#8243; button_on_hover=\u00bboff\u00bb box_shadow_style=\u00bbpreset3&#8243; global_colors_info=\u00bb{}\u00bb][\/et_pb_button][\/et_pb_column][\/et_pb_row][et_pb_row column_structure=\u00bb3_4,1_4&#8243; use_custom_gutter=\u00bbon\u00bb gutter_width=\u00bb2&#8243; _builder_version=\u00bb4.16&#8243; module_alignment=\u00bbcenter\u00bb custom_padding=\u00bb|0px|0|0px|false|false\u00bb global_colors_info=\u00bb{}\u00bb][et_pb_column type=\u00bb3_4&#8243; _builder_version=\u00bb4.16&#8243; custom_padding=\u00bb|||\u00bb global_colors_info=\u00bb{}\u00bb custom_padding__hover=\u00bb|||\u00bb][et_pb_code _builder_version=\u00bb4.16&#8243; global_colors_info=\u00bb{}\u00bb]<script><!-- [et_pb_line_break_holder] -->jQuery(function(){<!-- [et_pb_line_break_holder] -->  jQuery(\"#inversion\").click(function(){<!-- [et_pb_line_break_holder] -->    jQuery(\"#popup\").css(\"display\", \"block\");<!-- [et_pb_line_break_holder] -->  });<!-- [et_pb_line_break_holder] -->  <!-- [et_pb_line_break_holder] -->  jQuery(\"#close\").click(function(){<!-- [et_pb_line_break_holder] -->    jQuery(\"#popup\").css(\"display\", \"none\");<!-- [et_pb_line_break_holder] -->  });<!-- [et_pb_line_break_holder] -->  <!-- [et_pb_line_break_holder] -->});<!-- [et_pb_line_break_holder] --><\/script>[\/et_pb_code][et_pb_blurb use_icon=\u00bbon\u00bb font_icon=\u00bb&#x45;||divi||400&#8243; icon_placement=\u00bbleft\u00bb image_icon_width=\u00bb54px\u00bb _builder_version=\u00bb4.19.4&#8243; header_font_size=\u00bb19px\u00bb body_font_size=\u00bb15px\u00bb custom_padding=\u00bb||30px\u00bb icon_font_size=\u00bb54px\u00bb global_colors_info=\u00bb{}\u00bb]<\/p>\n<p>Enfoc\u00e1ndonos en las personas que impulsan el Ciclo de Riesgo -Cultura, Prop\u00f3sito e Innovaci\u00f3n<\/p>\n<p><span style=\"color: #660000;\"><strong>&#8211; Jaime Eduardo Santos<\/strong>, Vicepresidente de Riesgo y Sostenibilidad del Grupo Colpatria<\/span><br \/><span style=\"color: #660000;\"><strong>&#8211; Jos\u00e9 Fernando Dur\u00e1n<\/strong>, Gerente General Form\u00e1ndonos<\/span><\/p>\n<p><span style=\"color: #993300;\"><\/span><\/p>\n<p>[\/et_pb_blurb][\/et_pb_column][et_pb_column type=\u00bb1_4&#8243; _builder_version=\u00bb4.16&#8243; custom_padding=\u00bb|||\u00bb global_colors_info=\u00bb{}\u00bb custom_padding__hover=\u00bb|||\u00bb][et_pb_button button_url=\u00bbhttps:\/\/youtu.be\/QCobp98PX5w\u00bb url_new_window=\u00bbon\u00bb button_text=\u00bbVideo\u00bb _builder_version=\u00bb4.21.0&#8243; custom_button=\u00bbon\u00bb button_text_size=\u00bb16px\u00bb button_text_color=\u00bb#005794&#8243; button_bg_use_color_gradient=\u00bbon\u00bb button_bg_color_gradient_stops=\u00bbrgba(229,22,0,0) 0%|rgba(221,144,0,0) 100%\u00bb button_bg_color_gradient_start=\u00bbrgba(229,22,0,0)\u00bb button_bg_color_gradient_end=\u00bbrgba(221,144,0,0)\u00bb button_border_radius=\u00bb8px\u00bb button_font=\u00bb||||||||\u00bb button_icon=\u00bb&#x22;||divi||400&#8243; button_on_hover=\u00bboff\u00bb box_shadow_style=\u00bbpreset3&#8243; global_colors_info=\u00bb{}\u00bb][\/et_pb_button][\/et_pb_column][\/et_pb_row][et_pb_row column_structure=\u00bb3_4,1_4&#8243; use_custom_gutter=\u00bbon\u00bb gutter_width=\u00bb2&#8243; _builder_version=\u00bb4.16&#8243; module_alignment=\u00bbcenter\u00bb custom_padding=\u00bb|0px|0|0px|false|false\u00bb global_colors_info=\u00bb{}\u00bb][et_pb_column type=\u00bb3_4&#8243; _builder_version=\u00bb4.16&#8243; custom_padding=\u00bb|||\u00bb global_colors_info=\u00bb{}\u00bb custom_padding__hover=\u00bb|||\u00bb][et_pb_code _builder_version=\u00bb4.16&#8243; global_colors_info=\u00bb{}\u00bb]<script><!-- [et_pb_line_break_holder] -->jQuery(function(){<!-- [et_pb_line_break_holder] -->  jQuery(\"#inversion\").click(function(){<!-- [et_pb_line_break_holder] -->    jQuery(\"#popup\").css(\"display\", \"block\");<!-- [et_pb_line_break_holder] -->  });<!-- [et_pb_line_break_holder] -->  <!-- [et_pb_line_break_holder] -->  jQuery(\"#close\").click(function(){<!-- [et_pb_line_break_holder] -->    jQuery(\"#popup\").css(\"display\", \"none\");<!-- [et_pb_line_break_holder] -->  });<!-- [et_pb_line_break_holder] -->  <!-- [et_pb_line_break_holder] -->});<!-- [et_pb_line_break_holder] --><\/script>[\/et_pb_code][et_pb_blurb use_icon=\u00bbon\u00bb font_icon=\u00bb&#x45;||divi||400&#8243; icon_placement=\u00bbleft\u00bb image_icon_width=\u00bb54px\u00bb _builder_version=\u00bb4.19.4&#8243; header_font_size=\u00bb19px\u00bb body_font_size=\u00bb15px\u00bb custom_padding=\u00bb||30px\u00bb icon_font_size=\u00bb54px\u00bb global_colors_info=\u00bb{}\u00bb]<\/p>\n<p>&nbsp;<\/p>\n<p><strong><span style=\"color: #006ac1;\">FOTOGRAFIAS CREDIT &amp; COLLECTION BUSINESS COFFEE 2023<\/span><\/strong><\/p>\n<p><span style=\"color: #993300;\"><\/span><\/p>\n<p>[\/et_pb_blurb][\/et_pb_column][et_pb_column type=\u00bb1_4&#8243; _builder_version=\u00bb4.16&#8243; custom_padding=\u00bb|||\u00bb global_colors_info=\u00bb{}\u00bb custom_padding__hover=\u00bb|||\u00bb][et_pb_button button_url=\u00bbhttps:\/\/drive.google.com\/drive\/folders\/1N9taeinIRBdFIWZ51aUlFUnlMdVxDJrh?usp=sharing\u00bb url_new_window=\u00bbon\u00bb button_text=\u00bbDescargar Fotos \u00bb _builder_version=\u00bb4.21.0&#8243; custom_button=\u00bbon\u00bb button_text_size=\u00bb16px\u00bb button_text_color=\u00bb#005794&#8243; button_bg_use_color_gradient=\u00bbon\u00bb button_bg_color_gradient_stops=\u00bbrgba(229,22,0,0) 0%|rgba(221,144,0,0) 100%\u00bb button_bg_color_gradient_start=\u00bbrgba(229,22,0,0)\u00bb button_bg_color_gradient_end=\u00bbrgba(221,144,0,0)\u00bb button_border_radius=\u00bb8px\u00bb button_font=\u00bb||||||||\u00bb button_icon=\u00bb&#x22;||divi||400&#8243; button_on_hover=\u00bboff\u00bb box_shadow_style=\u00bbpreset3&#8243; global_colors_info=\u00bb{}\u00bb][\/et_pb_button][\/et_pb_column][\/et_pb_row][\/et_pb_section]<\/p>\n","protected":false},"excerpt":{"rendered":"<p>DISFRUTE DE NUESTRO SET DE ENTREVISTAS EN VIVOVisi\u00f3n de entorno social y econ\u00f3mico; Riesgo Pa\u00eds y las \ufb01nanzas de hogares y empresas frente a las Reformas del Gobierno. &#8211; Diego Palencia, Socio de la firma Solidus -banca de inversion.- Brayan Rojas, Director Financial Risk Management &amp; Actuarial Services de KPMG- Sergio Cifuentes, Banquero de Inversi\u00f3n [&hellip;]<\/p>\n","protected":false},"author":4,"featured_media":0,"parent":0,"menu_order":0,"comment_status":"closed","ping_status":"closed","template":"","meta":{"_et_pb_use_builder":"on","_et_pb_old_content":"","_et_gb_content_width":"","footnotes":""},"class_list":["post-7620","page","type-page","status-publish","hentry"],"_links":{"self":[{"href":"https:\/\/eventoscicloderiesgo.com\/old\/wp-json\/wp\/v2\/pages\/7620","targetHints":{"allow":["GET"]}}],"collection":[{"href":"https:\/\/eventoscicloderiesgo.com\/old\/wp-json\/wp\/v2\/pages"}],"about":[{"href":"https:\/\/eventoscicloderiesgo.com\/old\/wp-json\/wp\/v2\/types\/page"}],"author":[{"embeddable":true,"href":"https:\/\/eventoscicloderiesgo.com\/old\/wp-json\/wp\/v2\/users\/4"}],"replies":[{"embeddable":true,"href":"https:\/\/eventoscicloderiesgo.com\/old\/wp-json\/wp\/v2\/comments?post=7620"}],"version-history":[{"count":0,"href":"https:\/\/eventoscicloderiesgo.com\/old\/wp-json\/wp\/v2\/pages\/7620\/revisions"}],"wp:attachment":[{"href":"https:\/\/eventoscicloderiesgo.com\/old\/wp-json\/wp\/v2\/media?parent=7620"}],"curies":[{"name":"wp","href":"https:\/\/api.w.org\/{rel}","templated":true}]}}